{"id":13935,"date":"2015-01-14T10:28:00","date_gmt":"2015-01-14T08:28:00","guid":{"rendered":"https:\/\/ra-juedemann.de\/team-ra-juedemann\/"},"modified":"2023-10-06T15:05:20","modified_gmt":"2023-10-06T14:05:20","slug":"team-ra-juedemann","status":"publish","type":"page","link":"https:\/\/ra-juedemann.de\/en\/team-ra-juedemann\/","title":{"rendered":"Team"},"content":{"rendered":"<p>[et_pb_section fb_built=&#8221;1&#8243; fullwidth=&#8221;on&#8221; _builder_version=&#8221;4.16&#8243; _module_preset=&#8221;default&#8221; global_colors_info=&#8221;{}&#8221;][et_pb_fullwidth_header title=&#8221;Unser Team&#8221; _builder_version=&#8221;4.16&#8243; _module_preset=&#8221;default&#8221; title_font_size=&#8221;40px&#8221; title_letter_spacing=&#8221;2px&#8221; background_image=&#8221;https:\/\/ra-juedemann.de\/wp-content\/uploads\/2019\/04\/ANWALT_URHEBERRECHT_BERLIN-1.jpg&#8221; global_colors_info=&#8221;{}&#8221;][\/et_pb_fullwidth_header][\/et_pb_section][et_pb_section fb_built=&#8221;1&#8243; _builder_version=&#8221;4.16&#8243; _module_preset=&#8221;default&#8221; custom_padding=&#8221;0px||0px||false|false&#8221; global_colors_info=&#8221;{}&#8221;][et_pb_row _builder_version=&#8221;4.16&#8243; _module_preset=&#8221;default&#8221; custom_padding=&#8221;||0px||false|false&#8221; global_colors_info=&#8221;{}&#8221;][et_pb_column type=&#8221;4_4&#8243; _builder_version=&#8221;4.16&#8243; _module_preset=&#8221;default&#8221; global_colors_info=&#8221;{}&#8221;][et_pb_text _builder_version=&#8221;4.16&#8243; _module_preset=&#8221;default&#8221; header_2_text_color=&#8221;#80bc02 &#8221; global_colors_info=&#8221;{}&#8221;]<\/p>\n<h2>Rechtsanwalt Kai J\u00fcdemann<\/h2>\n<h3><strong>Fachanwalt f\u00fcr Urheber- und Medienrecht<\/strong><\/h3>\n<h3><strong>Fachanwalt f\u00fcr Strafrecht<\/strong><\/h3>\n<h3><strong>Gewerblicher Rechtsschutz, Urheber- und Medienrecht, Strafrecht<\/strong><\/h3>\n<p>[\/et_pb_text][\/et_pb_column][\/et_pb_row][et_pb_row column_structure=&#8221;2_5,3_5&#8243; use_custom_gutter=&#8221;on&#8221; gutter_width=&#8221;2&#8243; _builder_version=&#8221;4.16&#8243; _module_preset=&#8221;default&#8221; global_colors_info=&#8221;{}&#8221;][et_pb_column type=&#8221;2_5&#8243; _builder_version=&#8221;4.16&#8243; _module_preset=&#8221;default&#8221; global_colors_info=&#8221;{}&#8221;][et_pb_image src=&#8221;https:\/\/ra-juedemann.de\/wp-content\/uploads\/2019\/05\/IMG_7727.jpg&#8221; alt=&#8221;Rechtsanwaltskanzlei J\u00fcdemann &#8211; Wir sind eine schwerpunktm\u00e4\u00dfig auf Urheberrecht, Medienrecht, IT-Recht, gewerblichen Rechtsschutz (Markenrecht, Wettbewerbsrecht und Designrecht) sowie ausgew\u00e4hlte Bereiche des Strafrechts (insb. Wirtschaftsstrafrecht) spezialisierte Rechtsanwaltskanzlei &#8221; title_text=&#8221;IMG_7727&#8243; _builder_version=&#8221;4.16&#8243; _module_preset=&#8221;default&#8221; global_colors_info=&#8221;{}&#8221;][\/et_pb_image][\/et_pb_column][et_pb_column type=&#8221;3_5&#8243; _builder_version=&#8221;4.16&#8243; _module_preset=&#8221;default&#8221; global_colors_info=&#8221;{}&#8221;][et_pb_text _builder_version=&#8221;4.16&#8243; _module_preset=&#8221;default&#8221; global_colors_info=&#8221;{}&#8221;]<\/p>\n<p>Ich berate u.a. im Gewerblichen Rechtsschutz und im Urheber- und Medienrecht sowie im Gesellschaftsrecht. Ich bin zudem Fachanwalt f\u00fcr Strafrecht und Fachanwalt f\u00fcr Urheber- und Medienrecht und zertifizierter Datenschutzbeauftragter. Ich bin Musiker und Mitglied der GEMA. Mein Studium habe ich Frankfurt am Main absolviert, wo ich als Anwalt in einer renommierten Kanzlei im Bereich des Kapital-<br \/>marktrechts und des Gewerblichen Rechtsschutzes besch\u00e4ftigt war.<\/p>\n<p>Mitglied der Deutschen Landesgruppe der internationalen Vereinigung f\u00fcr den Schutz des geistigen Eigentums e.V.<br \/>Mitglied der Deutschen Vereinigung f\u00fcr gewerblichen Rechtsschutz und Urheberrecht e.V<br \/>Mitglied der Vereinigung Berliner Strafverteidiger e.V.<\/p>\n<p>[\/et_pb_text][\/et_pb_column][\/et_pb_row][et_pb_row _builder_version=&#8221;4.16&#8243; _module_preset=&#8221;default&#8221; global_colors_info=&#8221;{}&#8221;][et_pb_column type=&#8221;4_4&#8243; _builder_version=&#8221;4.16&#8243; _module_preset=&#8221;default&#8221; global_colors_info=&#8221;{}&#8221;][et_pb_divider _builder_version=&#8221;4.16&#8243; _module_preset=&#8221;default&#8221; global_colors_info=&#8221;{}&#8221;][\/et_pb_divider][et_pb_text admin_label=&#8221;Text&#8221; _builder_version=&#8221;4.16&#8243; _module_preset=&#8221;default&#8221; global_colors_info=&#8221;{}&#8221;][\/et_pb_text][et_pb_divider _builder_version=&#8221;4.16&#8243; _module_preset=&#8221;default&#8221; global_colors_info=&#8221;{}&#8221;][\/et_pb_divider][\/et_pb_column][\/et_pb_row][\/et_pb_section][et_pb_section fb_built=&#8221;1&#8243; _builder_version=&#8221;4.16&#8243; _module_preset=&#8221;default&#8221; custom_padding=&#8221;0px||0px||false|false&#8221; global_colors_info=&#8221;{}&#8221;][et_pb_row _builder_version=&#8221;4.16&#8243; _module_preset=&#8221;default&#8221; custom_padding=&#8221;0px||0px||false|false&#8221; global_colors_info=&#8221;{}&#8221;][et_pb_column type=&#8221;4_4&#8243; _builder_version=&#8221;4.16&#8243; _module_preset=&#8221;default&#8221; global_colors_info=&#8221;{}&#8221;][et_pb_text _builder_version=&#8221;4.16&#8243; _module_preset=&#8221;default&#8221; header_2_text_color=&#8221;#80bc02 &#8221; global_colors_info=&#8221;{}&#8221;]<\/p>\n<h2>Rechtsanwalt Dr. Moritz Ott<\/h2>\n<h3><strong>Fachanwalt f\u00fcr Urheber- und Medienrecht<\/strong><\/h3>\n<p>&nbsp;<\/p>\n<p>[\/et_pb_text][\/et_pb_column][\/et_pb_row][et_pb_row column_structure=&#8221;2_5,3_5&#8243; use_custom_gutter=&#8221;on&#8221; gutter_width=&#8221;2&#8243; _builder_version=&#8221;4.16&#8243; _module_preset=&#8221;default&#8221; global_colors_info=&#8221;{}&#8221;][et_pb_column type=&#8221;2_5&#8243; _builder_version=&#8221;4.16&#8243; _module_preset=&#8221;default&#8221; global_colors_info=&#8221;{}&#8221;][et_pb_image src=&#8221;https:\/\/ra-juedemann.de\/wp-content\/uploads\/2015\/01\/Moritz_Ott.jpg&#8221; alt=&#8221;Moritz Ott&#8221; title_text=&#8221;Moritz_Ott&#8221; _builder_version=&#8221;4.16&#8243; _module_preset=&#8221;default&#8221; global_colors_info=&#8221;{}&#8221;][\/et_pb_image][\/et_pb_column][et_pb_column type=&#8221;3_5&#8243; _builder_version=&#8221;4.16&#8243; _module_preset=&#8221;default&#8221; global_colors_info=&#8221;{}&#8221;][et_pb_text _builder_version=&#8221;4.16&#8243; _module_preset=&#8221;default&#8221; global_colors_info=&#8221;{}&#8221;]<\/p>\n<p>Moritz Ott ber\u00e4t auf dem Gebiet des Urheberrechts, Medienrechts, Markenrechts und Gewerblichen Rechtsschutzes. Seine T\u00e4tigkeit umfasst insbesondere aber nicht nur die Rechtsberatung sowie die gerichtliche und au\u00dfergerichtliche Vertretung der Kunst- und Kreativbranchen. Dar\u00fcber hinaus ber\u00e4t er Mandanten bei der rechtssicheren Gestaltung und der Umsetzung von Projekten im Hinblick auf lizenzrechtliche Fragestellungen.<\/p>\n<p>Moritz Ott ist Fachanwalt f\u00fcr Urheber- und Medienrecht und zertifizierter Datenschutzbeauftragter. Seit 2020 ist er Lehrbeauftragter an der Hochschule Bochum. Sein Studium absolvierte er an der Freien Universit\u00e4t zu Berlin und promoviert zum Thema \u201eDer urheberrechtliche Schutz performativer Kunst unter besonderer Ber\u00fccksichtigung von Auff\u00fchrungen des Theaters, der Aktions- und Performancekunst\u201c.<\/p>\n<p>Moritz Ott ist Mitglied der Deutschen Vereinigung f\u00fcr gewerblichen Rechtsschutz und Urheberrecht e.V., Mitglied im Werkbund Berlin e.V. und Gr\u00fcndungsmitglied vom Schauwerk Berlin e.V..<\/p>\n<p>[\/et_pb_text][\/et_pb_column][\/et_pb_row][et_pb_row _builder_version=&#8221;4.16&#8243; _module_preset=&#8221;default&#8221; global_colors_info=&#8221;{}&#8221;][et_pb_column type=&#8221;4_4&#8243; _builder_version=&#8221;4.16&#8243; _module_preset=&#8221;default&#8221; global_colors_info=&#8221;{}&#8221;][et_pb_divider _builder_version=&#8221;4.16&#8243; _module_preset=&#8221;default&#8221; global_colors_info=&#8221;{}&#8221;][\/et_pb_divider][\/et_pb_column][\/et_pb_row][\/et_pb_section][et_pb_section fb_built=&#8221;1&#8243; disabled_on=&#8221;on|on|on&#8221; _builder_version=&#8221;4.16&#8243; _module_preset=&#8221;default&#8221; custom_padding=&#8221;0px||0px||false|false&#8221; disabled=&#8221;on&#8221; global_colors_info=&#8221;{}&#8221;][et_pb_row _builder_version=&#8221;4.16&#8243; _module_preset=&#8221;default&#8221; global_colors_info=&#8221;{}&#8221;][et_pb_column type=&#8221;4_4&#8243; _builder_version=&#8221;4.16&#8243; _module_preset=&#8221;default&#8221; global_colors_info=&#8221;{}&#8221;][et_pb_divider _builder_version=&#8221;4.16&#8243; _module_preset=&#8221;default&#8221; global_colors_info=&#8221;{}&#8221;][\/et_pb_divider][\/et_pb_column][\/et_pb_row][\/et_pb_section][et_pb_section fb_built=&#8221;1&#8243; _builder_version=&#8221;4.16&#8243; _module_preset=&#8221;default&#8221; custom_padding=&#8221;0px||0px||false|false&#8221; global_colors_info=&#8221;{}&#8221;][et_pb_row _builder_version=&#8221;4.16&#8243; _module_preset=&#8221;default&#8221; custom_padding=&#8221;0px||0px||false|false&#8221; global_colors_info=&#8221;{}&#8221;][et_pb_column type=&#8221;4_4&#8243; _builder_version=&#8221;4.16&#8243; _module_preset=&#8221;default&#8221; global_colors_info=&#8221;{}&#8221;][et_pb_text _builder_version=&#8221;4.16&#8243; _module_preset=&#8221;default&#8221; header_2_text_color=&#8221;#80bc02 &#8221; global_colors_info=&#8221;{}&#8221;]<\/p>\n<h2>Hanin Elias<strong><br \/><\/strong><\/h2>\n<h3><strong>Musikerin und B\u00fcrovorsteherin<\/strong><\/h3>\n<p>[\/et_pb_text][\/et_pb_column][\/et_pb_row][et_pb_row column_structure=&#8221;2_5,3_5&#8243; use_custom_gutter=&#8221;on&#8221; gutter_width=&#8221;2&#8243; _builder_version=&#8221;4.16&#8243; _module_preset=&#8221;default&#8221; global_colors_info=&#8221;{}&#8221;][et_pb_column type=&#8221;2_5&#8243; _builder_version=&#8221;4.16&#8243; _module_preset=&#8221;default&#8221; global_colors_info=&#8221;{}&#8221;][et_pb_image src=&#8221;https:\/\/ra-juedemann.de\/wp-content\/uploads\/2020\/10\/Hanin_Elias_f.jpg&#8221; alt=&#8221;Hanin Elias&#8221; title_text=&#8221;Hanin_Elias_f&#8221; _builder_version=&#8221;4.16&#8243; _module_preset=&#8221;default&#8221; global_colors_info=&#8221;{}&#8221;][\/et_pb_image][\/et_pb_column][et_pb_column type=&#8221;3_5&#8243; _builder_version=&#8221;4.16&#8243; _module_preset=&#8221;default&#8221; global_colors_info=&#8221;{}&#8221;][et_pb_text _builder_version=&#8221;4.16&#8243; _module_preset=&#8221;default&#8221; global_colors_info=&#8221;{}&#8221;]<\/p>\n<p>Gr\u00fcndungsmitglied und S\u00e4ngerin bei Atari Teenage Riot von 1992-2003<\/p>\n<p>Solo K\u00fcnstlerin und diverse Kollaborationen von 1992-2020<\/p>\n<p>Labelchefin von Fatal-Recordings von 2001-2015<\/p>\n<p>Durch ihre Arbeit als Musikerin, S\u00e4ngerin, Labelchefin und als K\u00fcnstlerin hat Frau Elias viel Erfahrung und Einf\u00fchlungsverm\u00f6gen f\u00fcr K\u00fcnstler und Musiker.<\/p>\n<p><a href=\"https:\/\/de.wikipedia.org\/wiki\/Hanin_Elias\">https:\/\/de.wikipedia.org\/wiki\/Hanin_Elias<\/a><br \/><a href=\"https:\/\/www.discogs.com\/de\/artist\/8472-Hanin-Elias\">https:\/\/www.discogs.com\/de\/artist\/8472-Hanin-Elias<\/a><\/p>\n<p>Seit 2015 -2020 B\u00fcrovorsteherin bei J\u00fcdemann Rechtsanw\u00e4lte<\/p>\n<p>[\/et_pb_text][\/et_pb_column][\/et_pb_row][et_pb_row _builder_version=&#8221;4.16&#8243; _module_preset=&#8221;default&#8221; global_colors_info=&#8221;{}&#8221;][et_pb_column type=&#8221;4_4&#8243; _builder_version=&#8221;4.16&#8243; _module_preset=&#8221;default&#8221; global_colors_info=&#8221;{}&#8221;][et_pb_divider _builder_version=&#8221;4.16&#8243; _module_preset=&#8221;default&#8221; global_colors_info=&#8221;{}&#8221;][\/et_pb_divider][\/et_pb_column][\/et_pb_row][\/et_pb_section][et_pb_section fb_built=&#8221;1&#8243; _builder_version=&#8221;4.16&#8243; _module_preset=&#8221;default&#8221; custom_padding=&#8221;0px||0px||false|false&#8221; global_colors_info=&#8221;{}&#8221;][\/et_pb_section][et_pb_section fb_built=&#8221;1&#8243; _builder_version=&#8221;4.16&#8243; _module_preset=&#8221;default&#8221; custom_padding=&#8221;0px||0px||false|false&#8221; global_colors_info=&#8221;{}&#8221;][et_pb_row _builder_version=&#8221;4.16&#8243; _module_preset=&#8221;default&#8221; custom_padding=&#8221;||||false|false&#8221; global_colors_info=&#8221;{}&#8221;][et_pb_column type=&#8221;4_4&#8243; _builder_version=&#8221;4.16&#8243; _module_preset=&#8221;default&#8221; global_colors_info=&#8221;{}&#8221;][et_pb_divider _builder_version=&#8221;4.16&#8243; _module_preset=&#8221;default&#8221; global_colors_info=&#8221;{}&#8221;][\/et_pb_divider][\/et_pb_column][\/et_pb_row][\/et_pb_section][et_pb_section fb_built=&#8221;1&#8243; _builder_version=&#8221;4.16&#8243; _module_preset=&#8221;default&#8221; custom_padding=&#8221;0px||50px||false|false&#8221; global_colors_info=&#8221;{}&#8221;][et_pb_row _builder_version=&#8221;4.16&#8243; _module_preset=&#8221;default&#8221; custom_padding=&#8221;0px||0px||false|false&#8221; global_colors_info=&#8221;{}&#8221;][et_pb_column type=&#8221;4_4&#8243; _builder_version=&#8221;4.16&#8243; _module_preset=&#8221;default&#8221; global_colors_info=&#8221;{}&#8221;][et_pb_text _builder_version=&#8221;4.16&#8243; _module_preset=&#8221;default&#8221; header_2_text_color=&#8221;#80bc02 &#8221; global_colors_info=&#8221;{}&#8221;]<\/p>\n<h2>Shara Atashi (London)<\/h2>\n<p>[\/et_pb_text][\/et_pb_column][\/et_pb_row][et_pb_row use_custom_gutter=&#8221;on&#8221; gutter_width=&#8221;2&#8243; _builder_version=&#8221;4.16&#8243; _module_preset=&#8221;default&#8221; global_colors_info=&#8221;{}&#8221;][et_pb_column type=&#8221;4_4&#8243; _builder_version=&#8221;4.16&#8243; _module_preset=&#8221;default&#8221; global_colors_info=&#8221;{}&#8221;][et_pb_text _builder_version=&#8221;4.16&#8243; _module_preset=&#8221;default&#8221; global_colors_info=&#8221;{}&#8221;]<\/p>\n<p>Shara Atashi ist Juristin und freie wissenschaftliche Mitarbeiterin der Kanzlei. Sie absolvierte ihr Rechtsstudium in Frankfurt am Main.<\/p>\n<p>Durch ihre langj\u00e4hrige Arbeit beim Europ\u00e4ischen Patentamt hat sie umfassende Kenntnisse u.a. der europ\u00e4ischen und internationalen Patentverfahren erlangt, die unser Wissen im Bereich des Geistigen Eigentums erg\u00e4nzen.<\/p>\n<p>Sie ist zudem in der Kanzlei im Bereich des Marken- und des Urheberrechts t\u00e4tig. Frau Atashi spricht Deutsch, Englisch, Persisch und Niederl\u00e4ndisch und hat Grundkenntnisse des Spanischen und Franz\u00f6sischen.<\/p>\n<p>Sie bildet den internationalen Pol der Kanzlei.<\/p>\n<p>[\/et_pb_text][\/et_pb_column][\/et_pb_row][\/et_pb_section]<\/p>\n","protected":false},"excerpt":{"rendered":"<p>Rechtsanwalt Kai J\u00fcdemann Fachanwalt f\u00fcr Urheber- und Medienrecht Fachanwalt f\u00fcr Strafrecht Gewerblicher Rechtsschutz, Urheber- und Medienrecht, StrafrechtIch berate u.a. im Gewerblichen Rechtsschutz und im Urheber- und Medienrecht sowie im Gesellschaftsrecht. Ich bin zudem Fachanwalt f\u00fcr Strafrecht und Fachanwalt f\u00fcr Urheber- und Medienrecht und zertifizierter Datenschutzbeauftragter. Ich bin Musiker und Mitglied der GEMA. Mein Studium habe [&hellip;]<\/p>\n","protected":false},"author":3,"featured_media":14078,"parent":0,"menu_order":2,"comment_status":"closed","ping_status":"closed","template":"","meta":{"_et_pb_use_builder":"on","_et_pb_old_content":"<p><strong>Gewerblicher Rechtsschutz, Urheber- und Medienrecht, Strafrecht<\/strong><\/p><h3><strong>Rechtsanwalt Kai J\u00fcdemann<\/strong><\/h3><p><a href=\"https:\/\/ra-juedemann.de\/urheberrecht-markenrecht-wettbewerbsrecht-medienrecht-presserecht\/img_7727\/\" rel=\"attachment wp-att-9402\"><img class=\"alignnone wp-image-13853\" src=\"https:\/\/ra-juedemann.de\/wp-content\/uploads\/2019\/05\/IMG_7727.jpg\" alt=\"anwalt medienrecht berlin\" width=\"474\" height=\"367\" \/><\/a><\/p><p style=\"text-align: justify;\">Ich berate u.a.\u00a0 im Gewerblichen Rechtsschutz und im Urheber- und Medienrecht sowie im Gesellschaftsrecht.<br \/>Ich bin zudem Fachanwalt f\u00fcr Strafrecht und Fachanwalt f\u00fcr Urheber- und Medienrecht und zertifizierter Datenschutzbeauftragter. Ich bin Musiker und Mitglied der GEMA.<\/p><p style=\"text-align: justify;\">Mein Studium habe ich Frankfurt am Main absolviert, wo ich als Anwalt in einer renommierten Kanzlei im Bereich des Kapital-<br \/>marktrechts und des Gewerblichen Rechtsschutzes besch\u00e4ftigt war.<\/p><p>Mitglied der Deutschen Landesgruppe der internationalen Vereinigung f\u00fcr den Schutz des geistigen Eigentums e.V.<br \/>Mitglied der Deutschen Vereinigung f\u00fcr gewerblichen Rechtsschutz und Urheberrecht e.V<\/p><p>Mitglied der Vereinigung Berliner Strafverteidiger e.V.<\/p><hr \/><p><span style=\"font-size: 12pt;\">F\u00fcr unsere Kanzlei sind zwei weitere <span class=\"st\">Anw\u00e4ltinnen und Anw\u00e4lte <\/span> als freie Mitarbeiterinnen \/ Mitarbeiter im Bereich des Urheber- und Medienrechts t\u00e4tig.<\/span><\/p><hr \/><h3><strong>Shara Atashi (London)<\/strong><\/h3><p>Shara Atashi ist Juristin und freie wissenschaftliche Mitarbeiterin der Kanzlei. Sie absolvierte ihr Rechtsstudium in Frankfurt am Main.<\/p><p>Durch ihre langj\u00e4hrige Arbeit beim Europ\u00e4ischen Patentamt hat sie umfassende Kenntnisse u.a. der europ\u00e4ischen und internationalen Patentverfahren erlangt, die unser Wissen im Bereich des Geistigen Eigentums erg\u00e4nzen.<\/p><p>Sie ist zudem in der Kanzlei im Bereich des Marken- und des Urheberrechts t\u00e4tig. Frau Atashi spricht Deutsch, Englisch, Persisch und Niederl\u00e4ndisch und hat Grundkenntnisse des Spanischen und Franz\u00f6sischen.<\/p><p>Sie bildet den internationalen Pol der Kanzlei.<\/p><hr \/><h3><strong>Rechtsanwalt Moritz Ott<\/strong><\/h3><p><a href=\"https:\/\/ra-juedemann.de\/team-ra-juedemann\/moritz_ott\/\" rel=\"attachment wp-att-7806\"><img class=\"alignnone wp-image-13938\" src=\"https:\/\/ra-juedemann.de\/wp-content\/uploads\/2015\/01\/Moritz_Ott.jpg\" alt=\"Moritz Ott\" width=\"343\" height=\"229\" \/><\/a><\/p><p>Moritz Ott ber\u00e4t auf dem Gebiet des Urheberrechts, Medienrechts, Markenrechts und Gewerblichen Rechtsschutzes. Seine T\u00e4tigkeit umfasst insbesondere die Rechtsberatung sowie die gerichtliche und au\u00dfergerichtliche Vertretung der Kreativbranchen. Dar\u00fcber hinaus ber\u00e4t er Mandanten bei der rechtssicheren Gestaltung und der Umsetzung von Projekten im Hinblick auf markenrechtliche Fragestellungen.<\/p><p>Seine Promotion an der Freien Universit\u00e4t Berlin zum Thema \u201eDer urheberrechtliche Schutz performativer Kunst unter besonderer Ber\u00fccksichtigung von Auff\u00fchrungen des Theaters, der Aktions- und Performancekunst\u201c liegt seinem Doktorvater, Herrn Prof. Dr. Dr. Dres. h.c. Franz J\u00fcrgen S\u00e4cker, zur Er\u00f6ffnung des Promotionsverfahrens vor.<\/p><hr \/><h3><strong>Rechtsanwalt <\/strong><strong>Marc Fa\u00dfbender<br \/><\/strong><\/h3><p><a href=\"https:\/\/ra-juedemann.de\/wp-content\/uploads\/2020\/10\/Marc_Fassbender.jpg\"><img class=\"alignnone wp-image-13943\" src=\"https:\/\/ra-juedemann.de\/wp-content\/uploads\/2020\/10\/Marc_Fassbender-300x200.jpg\" alt=\"Rechtsanwalt Marc Fa\u00dfbender\" width=\"343\" height=\"229\" \/><\/a><\/p><p>Rechtsanwalt Fa\u00dfbender studierte Rechtswissenschaften an der Humboldt Universit\u00e4t zu Berlin und legte seine erste juristische Pr\u00fcfung 2017 ab. Daraufhin folgte sein Referendariat mit Stationen in Berlin und Tokyo. Die Anwaltsstation absolvierte er bei einer renommierten, insbesondere auf Presserecht spezialisierten Berliner Kanzlei. Im Jahr 2020 bestand er die zweite juristische Staatspr\u00fcfung und wurde als Rechtsanwalt zugelassen. Er strebt eine Spezialisierung in den Bereichen des Medien- und Urheberrechts sowie im gewerblichen Rechtsschutz an. Er ber\u00e4t diesbez\u00fcglich als auch allgemein im Zivilrecht.<\/p><hr \/><h3><strong>Hanin Elias<br \/><\/strong><\/h3><p><a href=\"https:\/\/ra-juedemann.de\/wp-content\/uploads\/2020\/10\/Hanin_Elias_f.jpg\"><img class=\"alignnone wp-image-13940 size-medium\" src=\"https:\/\/ra-juedemann.de\/wp-content\/uploads\/2020\/10\/Hanin_Elias_f-300x200.jpg\" alt=\"Hanin Elias\" width=\"343\" height=\"229\" \/><\/a><\/p><p><strong>Musikerin und B\u00fcrovorsteherin<\/strong><\/p><p>Geb. 31.05.1972<\/p><p>Gr\u00fcndungsmitglied und S\u00e4ngerin bei Atari Teenage Riot von 1992-2003<\/p><p>Solo K\u00fcnstlerin und diverse Kollaborationen von 1992-2020<\/p><p>Labelchefin von Fatal-Recordings von 2001-2015<\/p><p>Durch ihre Arbeit als Musikerin, S\u00e4ngerin, Labelchefin und als K\u00fcnstlerin hat Frau Elias viel Erfahrung und Einf\u00fchlungsverm\u00f6gen f\u00fcr K\u00fcnstler und Musiker.<\/p><p><a href=\"https:\/\/de.wikipedia.org\/wiki\/Hanin_Elias\">https:\/\/de.wikipedia.org\/wiki\/Hanin_Elias<\/a><br \/><a href=\"https:\/\/www.discogs.com\/de\/artist\/8472-Hanin-Elias\">https:\/\/www.discogs.com\/de\/artist\/8472-Hanin-Elias<\/a><\/p><p>Seit 2015 -2020 B\u00fcrovorsteherin bei J\u00fcdemann Rechtsanw\u00e4lte<\/p><hr \/><h3><strong>Antonia Perkovic<br \/><\/strong><\/h3><p><a href=\"https:\/\/ra-juedemann.de\/wp-content\/uploads\/2020\/10\/Antonia_Perkovic.jpg\"><img class=\"alignnone size-medium wp-image-13941\" src=\"https:\/\/ra-juedemann.de\/wp-content\/uploads\/2020\/10\/Antonia_Perkovic-300x200.jpg\" alt=\"Antonia Perkovic\" width=\"343\" height=\"229\" \/><\/a><\/p><p><strong>Rechtsanwaltsfachangestellte<\/strong><\/p><p>Geb. 12.06.1995<\/p><p>Muttersprache kroatisch<\/p><p>Seit Juli 2017 ausgebildete Rechtsanwaltsfachangestellte<\/p><p>Studentin an der Hochschule f\u00fcr Wirtschaft und Recht Berlin<\/p><p>Seit 2016 \u2013 2020 Rechtsanwaltsfachangestellte bei J\u00fcdemann Rechtsanw\u00e4lte<\/p><hr \/><h3><strong>Natalie Neu <\/strong><\/h3><p><a href=\"https:\/\/ra-juedemann.de\/wp-content\/uploads\/2020\/10\/Natalie_Neu-.jpg\"><img class=\"alignnone size-medium wp-image-13942\" src=\"https:\/\/ra-juedemann.de\/wp-content\/uploads\/2020\/10\/Natalie_Neu--300x200.jpg\" alt=\"Natalie Neu\" width=\"343\" height=\"229\" \/><\/a><\/p><p><strong>Auszubildende<\/strong><\/p><p>Geb. 10.11.1997<\/p><p>Muttersprache russisch<\/p><p>2017-2018 Wirtschaftsjahr am OSZ Banken, Immobilien und Versicherungen<\/p><p>Seit August 2019 Ausbildung zur Rechtsanwaltsfachangestellten<\/p><p>Ab M\u00e4rz 2019 \u2013 2020 Angestellte bei J\u00fcdemann Rechtsanw\u00e4lte<\/p>","_et_gb_content_width":"","footnotes":""},"class_list":["post-13935","page","type-page","status-publish","has-post-thumbnail","hentry"],"yoast_head":"<!-- This site is optimized with the Yoast SEO plugin v27.5 - https:\/\/yoast.com\/product\/yoast-seo-wordpress\/ -->\n<title>Rechtsanwalt Kai J\u00fcdemann<\/title>\n<meta name=\"description\" content=\"Rechtsanwalt J\u00fcdemann ber\u00e4t u.a im Gewerblichen Rechtsschutz (Markenrecht\/Wettbewerbsrecht) und im Urheber- und Medienrecht.\" \/>\n<meta name=\"robots\" content=\"index, follow, max-snippet:-1, max-image-preview:large, max-video-preview:-1\" \/>\n<link rel=\"canonical\" href=\"https:\/\/ra-juedemann.de\/en\/team-ra-juedemann\/\" \/>\n<meta property=\"og:locale\" content=\"en_US\" \/>\n<meta property=\"og:type\" content=\"article\" \/>\n<meta property=\"og:title\" content=\"Rechtsanwalt Kai J\u00fcdemann\" \/>\n<meta property=\"og:description\" content=\"Rechtsanwalt J\u00fcdemann ber\u00e4t u.a im Gewerblichen Rechtsschutz (Markenrecht\/Wettbewerbsrecht) und im Urheber- und Medienrecht.\" \/>\n<meta property=\"og:url\" content=\"https:\/\/ra-juedemann.de\/en\/team-ra-juedemann\/\" \/>\n<meta property=\"og:site_name\" content=\"J\u00fcdemann Rechtsanw\u00e4lte\" \/>\n<meta property=\"article:modified_time\" content=\"2023-10-06T14:05:20+00:00\" \/>\n<meta property=\"og:image\" content=\"https:\/\/ra-juedemann.de\/wp-content\/uploads\/2021\/02\/Kai_Juedemann_sidebar.jpg\" \/>\n\t<meta property=\"og:image:width\" content=\"646\" \/>\n\t<meta property=\"og:image:height\" content=\"694\" \/>\n\t<meta property=\"og:image:type\" content=\"image\/jpeg\" \/>\n<meta name=\"twitter:label1\" content=\"Est. reading time\" \/>\n\t<meta name=\"twitter:data1\" content=\"6 minutes\" \/>\n<script type=\"application\/ld+json\" class=\"yoast-schema-graph\">{\"@context\":\"https:\\\/\\\/schema.org\",\"@graph\":[{\"@type\":\"WebPage\",\"@id\":\"https:\\\/\\\/ra-juedemann.de\\\/en\\\/team-ra-juedemann\\\/\",\"url\":\"https:\\\/\\\/ra-juedemann.de\\\/en\\\/team-ra-juedemann\\\/\",\"name\":\"Rechtsanwalt Kai J\u00fcdemann\",\"isPartOf\":{\"@id\":\"https:\\\/\\\/ra-juedemann.de\\\/#website\"},\"primaryImageOfPage\":{\"@id\":\"https:\\\/\\\/ra-juedemann.de\\\/en\\\/team-ra-juedemann\\\/#primaryimage\"},\"image\":{\"@id\":\"https:\\\/\\\/ra-juedemann.de\\\/en\\\/team-ra-juedemann\\\/#primaryimage\"},\"thumbnailUrl\":\"https:\\\/\\\/ra-juedemann.de\\\/wp-content\\\/uploads\\\/2021\\\/02\\\/Kai_Juedemann_sidebar.jpg\",\"datePublished\":\"2015-01-14T08:28:00+00:00\",\"dateModified\":\"2023-10-06T14:05:20+00:00\",\"description\":\"Rechtsanwalt J\u00fcdemann ber\u00e4t u.a im Gewerblichen Rechtsschutz (Markenrecht\\\/Wettbewerbsrecht) und im Urheber- und Medienrecht.\",\"breadcrumb\":{\"@id\":\"https:\\\/\\\/ra-juedemann.de\\\/en\\\/team-ra-juedemann\\\/#breadcrumb\"},\"inLanguage\":\"en-US\",\"potentialAction\":[{\"@type\":\"ReadAction\",\"target\":[\"https:\\\/\\\/ra-juedemann.de\\\/en\\\/team-ra-juedemann\\\/\"]}]},{\"@type\":\"ImageObject\",\"inLanguage\":\"en-US\",\"@id\":\"https:\\\/\\\/ra-juedemann.de\\\/en\\\/team-ra-juedemann\\\/#primaryimage\",\"url\":\"https:\\\/\\\/ra-juedemann.de\\\/wp-content\\\/uploads\\\/2021\\\/02\\\/Kai_Juedemann_sidebar.jpg\",\"contentUrl\":\"https:\\\/\\\/ra-juedemann.de\\\/wp-content\\\/uploads\\\/2021\\\/02\\\/Kai_Juedemann_sidebar.jpg\",\"width\":646,\"height\":694},{\"@type\":\"BreadcrumbList\",\"@id\":\"https:\\\/\\\/ra-juedemann.de\\\/en\\\/team-ra-juedemann\\\/#breadcrumb\",\"itemListElement\":[{\"@type\":\"ListItem\",\"position\":1,\"name\":\"Home\",\"item\":\"https:\\\/\\\/ra-juedemann.de\\\/en\\\/\"},{\"@type\":\"ListItem\",\"position\":2,\"name\":\"Team\"}]},{\"@type\":\"WebSite\",\"@id\":\"https:\\\/\\\/ra-juedemann.de\\\/#website\",\"url\":\"https:\\\/\\\/ra-juedemann.de\\\/\",\"name\":\"J\u00fcdemann Rechtsanw\u00e4lte\",\"description\":\"Anwalt f\u00fcr Medien- und Urheberrecht in Berlin\",\"publisher\":{\"@id\":\"https:\\\/\\\/ra-juedemann.de\\\/#organization\"},\"potentialAction\":[{\"@type\":\"SearchAction\",\"target\":{\"@type\":\"EntryPoint\",\"urlTemplate\":\"https:\\\/\\\/ra-juedemann.de\\\/?s={search_term_string}\"},\"query-input\":{\"@type\":\"PropertyValueSpecification\",\"valueRequired\":true,\"valueName\":\"search_term_string\"}}],\"inLanguage\":\"en-US\"},{\"@type\":\"Organization\",\"@id\":\"https:\\\/\\\/ra-juedemann.de\\\/#organization\",\"name\":\"J\u00dcDEMANN RECHTSANW\u00c4LTE\",\"url\":\"https:\\\/\\\/ra-juedemann.de\\\/\",\"logo\":{\"@type\":\"ImageObject\",\"inLanguage\":\"en-US\",\"@id\":\"https:\\\/\\\/ra-juedemann.de\\\/#\\\/schema\\\/logo\\\/image\\\/\",\"url\":\"https:\\\/\\\/ra-juedemann.de\\\/wp-content\\\/uploads\\\/2019\\\/05\\\/IMG_7727.jpg\",\"contentUrl\":\"https:\\\/\\\/ra-juedemann.de\\\/wp-content\\\/uploads\\\/2019\\\/05\\\/IMG_7727.jpg\",\"width\":992,\"height\":768,\"caption\":\"J\u00dcDEMANN RECHTSANW\u00c4LTE\"},\"image\":{\"@id\":\"https:\\\/\\\/ra-juedemann.de\\\/#\\\/schema\\\/logo\\\/image\\\/\"}}]}<\/script>\n<!-- \/ Yoast SEO plugin. -->","yoast_head_json":{"title":"Rechtsanwalt Kai J\u00fcdemann","description":"Rechtsanwalt J\u00fcdemann ber\u00e4t u.a im Gewerblichen Rechtsschutz (Markenrecht\/Wettbewerbsrecht) und im Urheber- und Medienrecht.","robots":{"index":"index","follow":"follow","max-snippet":"max-snippet:-1","max-image-preview":"max-image-preview:large","max-video-preview":"max-video-preview:-1"},"canonical":"https:\/\/ra-juedemann.de\/en\/team-ra-juedemann\/","og_locale":"en_US","og_type":"article","og_title":"Rechtsanwalt Kai J\u00fcdemann","og_description":"Rechtsanwalt J\u00fcdemann ber\u00e4t u.a im Gewerblichen Rechtsschutz (Markenrecht\/Wettbewerbsrecht) und im Urheber- und Medienrecht.","og_url":"https:\/\/ra-juedemann.de\/en\/team-ra-juedemann\/","og_site_name":"J\u00fcdemann Rechtsanw\u00e4lte","article_modified_time":"2023-10-06T14:05:20+00:00","og_image":[{"width":646,"height":694,"url":"https:\/\/ra-juedemann.de\/wp-content\/uploads\/2021\/02\/Kai_Juedemann_sidebar.jpg","type":"image\/jpeg"}],"twitter_misc":{"Est. reading time":"6 minutes"},"schema":{"@context":"https:\/\/schema.org","@graph":[{"@type":"WebPage","@id":"https:\/\/ra-juedemann.de\/en\/team-ra-juedemann\/","url":"https:\/\/ra-juedemann.de\/en\/team-ra-juedemann\/","name":"Rechtsanwalt Kai J\u00fcdemann","isPartOf":{"@id":"https:\/\/ra-juedemann.de\/#website"},"primaryImageOfPage":{"@id":"https:\/\/ra-juedemann.de\/en\/team-ra-juedemann\/#primaryimage"},"image":{"@id":"https:\/\/ra-juedemann.de\/en\/team-ra-juedemann\/#primaryimage"},"thumbnailUrl":"https:\/\/ra-juedemann.de\/wp-content\/uploads\/2021\/02\/Kai_Juedemann_sidebar.jpg","datePublished":"2015-01-14T08:28:00+00:00","dateModified":"2023-10-06T14:05:20+00:00","description":"Rechtsanwalt J\u00fcdemann ber\u00e4t u.a im Gewerblichen Rechtsschutz (Markenrecht\/Wettbewerbsrecht) und im Urheber- und Medienrecht.","breadcrumb":{"@id":"https:\/\/ra-juedemann.de\/en\/team-ra-juedemann\/#breadcrumb"},"inLanguage":"en-US","potentialAction":[{"@type":"ReadAction","target":["https:\/\/ra-juedemann.de\/en\/team-ra-juedemann\/"]}]},{"@type":"ImageObject","inLanguage":"en-US","@id":"https:\/\/ra-juedemann.de\/en\/team-ra-juedemann\/#primaryimage","url":"https:\/\/ra-juedemann.de\/wp-content\/uploads\/2021\/02\/Kai_Juedemann_sidebar.jpg","contentUrl":"https:\/\/ra-juedemann.de\/wp-content\/uploads\/2021\/02\/Kai_Juedemann_sidebar.jpg","width":646,"height":694},{"@type":"BreadcrumbList","@id":"https:\/\/ra-juedemann.de\/en\/team-ra-juedemann\/#breadcrumb","itemListElement":[{"@type":"ListItem","position":1,"name":"Home","item":"https:\/\/ra-juedemann.de\/en\/"},{"@type":"ListItem","position":2,"name":"Team"}]},{"@type":"WebSite","@id":"https:\/\/ra-juedemann.de\/#website","url":"https:\/\/ra-juedemann.de\/","name":"J\u00fcdemann Rechtsanw\u00e4lte","description":"Anwalt f\u00fcr Medien- und Urheberrecht in Berlin","publisher":{"@id":"https:\/\/ra-juedemann.de\/#organization"},"potentialAction":[{"@type":"SearchAction","target":{"@type":"EntryPoint","urlTemplate":"https:\/\/ra-juedemann.de\/?s={search_term_string}"},"query-input":{"@type":"PropertyValueSpecification","valueRequired":true,"valueName":"search_term_string"}}],"inLanguage":"en-US"},{"@type":"Organization","@id":"https:\/\/ra-juedemann.de\/#organization","name":"J\u00dcDEMANN RECHTSANW\u00c4LTE","url":"https:\/\/ra-juedemann.de\/","logo":{"@type":"ImageObject","inLanguage":"en-US","@id":"https:\/\/ra-juedemann.de\/#\/schema\/logo\/image\/","url":"https:\/\/ra-juedemann.de\/wp-content\/uploads\/2019\/05\/IMG_7727.jpg","contentUrl":"https:\/\/ra-juedemann.de\/wp-content\/uploads\/2019\/05\/IMG_7727.jpg","width":992,"height":768,"caption":"J\u00dcDEMANN RECHTSANW\u00c4LTE"},"image":{"@id":"https:\/\/ra-juedemann.de\/#\/schema\/logo\/image\/"}}]}},"_links":{"self":[{"href":"https:\/\/ra-juedemann.de\/en\/wp-json\/wp\/v2\/pages\/13935","targetHints":{"allow":["GET"]}}],"collection":[{"href":"https:\/\/ra-juedemann.de\/en\/wp-json\/wp\/v2\/pages"}],"about":[{"href":"https:\/\/ra-juedemann.de\/en\/wp-json\/wp\/v2\/types\/page"}],"author":[{"embeddable":true,"href":"https:\/\/ra-juedemann.de\/en\/wp-json\/wp\/v2\/users\/3"}],"replies":[{"embeddable":true,"href":"https:\/\/ra-juedemann.de\/en\/wp-json\/wp\/v2\/comments?post=13935"}],"version-history":[{"count":0,"href":"https:\/\/ra-juedemann.de\/en\/wp-json\/wp\/v2\/pages\/13935\/revisions"}],"wp:featuredmedia":[{"embeddable":true,"href":"https:\/\/ra-juedemann.de\/en\/wp-json\/wp\/v2\/media\/14078"}],"wp:attachment":[{"href":"https:\/\/ra-juedemann.de\/en\/wp-json\/wp\/v2\/media?parent=13935"}],"curies":[{"name":"wp","href":"https:\/\/api.w.org\/{rel}","templated":true}]}}