{"id":13924,"date":"2017-09-11T15:39:24","date_gmt":"2017-09-11T13:39:24","guid":{"rendered":"https:\/\/ra-juedemann.de\/anwalt-medienrecht-berlin\/"},"modified":"2021-08-27T11:46:02","modified_gmt":"2021-08-27T09:46:02","slug":"anwalt-medienrecht-berlin","status":"publish","type":"page","link":"https:\/\/ra-juedemann.de\/en\/anwalt-medienrecht-berlin\/","title":{"rendered":"Anwalt Medienrecht Berlin"},"content":{"rendered":"<p>[et_pb_section fb_built=&#8221;1&#8243; fullwidth=&#8221;on&#8221; _builder_version=&#8221;4.6.6&#8243; _module_preset=&#8221;default&#8221; global_colors_info=&#8221;{}&#8221;][et_pb_fullwidth_header subhead=&#8221;Anwalt Medienrecht Berlin&#8221; button_one_text=&#8221;KONTAKT&#8221; button_one_url=&#8221;\/kontakt&#8221; button_two_text=&#8221;TEAM&#8221; button_two_url=&#8221;\/team&#8221; background_overlay_color=&#8221;rgba(0,0,0,0.76)&#8221; logo_image_url=&#8221;https:\/\/ra-juedemann.de\/wp-content\/uploads\/2021\/01\/RA_JUEDEMANN_logo-white.png&#8221; logo_alt_text=&#8221;Anwalt f\u00fcr Medienrecht in Berlin &#8211; Wir helfen Ihnen bei medienrechtlichen und damit zusammenh\u00e4ngenden strafrechtlichen Fallgestaltungen.&#8221; logo_title=&#8221;Anwalt f\u00fcr Medienrecht in Berlin &#8211; Wir helfen Ihnen bei medienrechtlichen und damit zusammenh\u00e4ngenden strafrechtlichen Fallgestaltungen.&#8221; _builder_version=&#8221;4.9.1&#8243; _module_preset=&#8221;default&#8221; title_font_size=&#8221;40px&#8221; title_letter_spacing=&#8221;2px&#8221; subhead_font_size=&#8221;22px&#8221; subhead_letter_spacing=&#8221;1px&#8221; background_enable_color=&#8221;off&#8221; background_image=&#8221;https:\/\/ra-juedemann.de\/wp-content\/uploads\/2021\/01\/HEADER_ra_juedemann_medienrecht.jpg&#8221; background_position=&#8221;top_center&#8221; custom_button_one=&#8221;on&#8221; button_one_text_color=&#8221;#80bc02 &#8221; button_one_bg_color=&#8221;#ffffff&#8221; button_one_custom_margin=&#8221;50px||||false|false&#8221; custom_padding=&#8221;12%||10%||false|false&#8221; box_shadow_style_button_one=&#8221;preset3&#8243; global_colors_info=&#8221;{}&#8221;][\/et_pb_fullwidth_header][\/et_pb_section][et_pb_section fb_built=&#8221;1&#8243; _builder_version=&#8221;4.6.6&#8243; _module_preset=&#8221;default&#8221; custom_padding=&#8221;1px||18px|||&#8221; global_colors_info=&#8221;{}&#8221;][et_pb_row column_structure=&#8221;2_3,1_3&#8243; _builder_version=&#8221;4.8.1&#8243; _module_preset=&#8221;default&#8221; custom_margin=&#8221;30px||||false|false&#8221; custom_padding=&#8221;||30px||false|false&#8221; global_colors_info=&#8221;{}&#8221;][et_pb_column type=&#8221;2_3&#8243; _builder_version=&#8221;4.6.6&#8243; _module_preset=&#8221;default&#8221; global_colors_info=&#8221;{}&#8221;][et_pb_text _builder_version=&#8221;4.9.1&#8243; _module_preset=&#8221;default&#8221; header_text_color=&#8221;#80BC02&#8243; header_2_text_color=&#8221;#80bc02 &#8221; global_colors_info=&#8221;{}&#8221;]<\/p>\n<h1>Anwalt f\u00fcr Medienrecht in Berlin<\/h1>\n<p>Unsere Fachanw\u00e4lte helfen Ihnen bei allen medienrechtlichen Fallgestaltungen.\u00a0 Wir unterst\u00fctzen Sie sowohl als Betroffene bei Rechtsverletzungen durch bzw. in den Medien, als auch als Akteure bei der Wahrnehmung und Durchsetzung ihrer Rechte auf Meinungs- und Kunstfreiheit durch Medien. Unsere Expertise bezieht sich hierbei nicht nur auf zivilrechtliche, sondern auch strafrechtliche Aspekte.<\/p>\n<p>Rechtsanwalt Kai J\u00fcdemann ist Fachanwalt f\u00fcr Urheber &#8211; und\u00a0 Medienrecht und Fachanwalt f\u00fcr Strafrecht und verf\u00fcgt \u00fcber eine langj\u00e4hrige Erfahrung in der Bearbeitung diesbez\u00fcglicher Mandate.<\/p>\n<p>Unser Leistungsspektrum umfasst sowohl die<strong> \u201eklassischen\u201c Medien<\/strong>, wie z.B. Printmedien (Presse), TV oder Radio (Rundfunk), als auch die<strong> \u201eneuen\u201c digitalen und interaktiven Medien<\/strong> wie z.B. Facebook, Twitter oder Youtube.<\/p>\n<p>[\/et_pb_text][\/et_pb_column][et_pb_column type=&#8221;1_3&#8243; _builder_version=&#8221;4.8.1&#8243; _module_preset=&#8221;default&#8221; background_color=&#8221;RGBA(0,0,0,0)&#8221; global_colors_info=&#8221;{}&#8221;][et_pb_image src=&#8221;https:\/\/ra-juedemann.de\/wp-content\/uploads\/2019\/05\/portrait-sw.jpg&#8221; alt=&#8221;Anwalt f\u00fcr Medienrecht in Berlin &#8211; Wir helfen Ihnen bei medienrechtlichen und damit zusammenh\u00e4ngenden strafrechtlichen Fallgestaltungen.&#8221; title_text=&#8221;Anwalt f\u00fcr Medienrecht in Berlin &#8211; Wir helfen Ihnen bei medienrechtlichen und damit zusammenh\u00e4ngenden strafrechtlichen Fallgestaltungen.&#8221; _builder_version=&#8221;4.8.2&#8243; _module_preset=&#8221;default&#8221; custom_margin=&#8221;25px|||||&#8221; global_colors_info=&#8221;{}&#8221;][\/et_pb_image][\/et_pb_column][\/et_pb_row][et_pb_row column_structure=&#8221;3_5,2_5&#8243; _builder_version=&#8221;4.7.7&#8243; _module_preset=&#8221;default&#8221; background_color=&#8221;#eeeeee&#8221; custom_padding=&#8221;30px|30px|30px|30px|false|false&#8221; global_colors_info=&#8221;{}&#8221;][et_pb_column type=&#8221;3_5&#8243; _builder_version=&#8221;4.7.7&#8243; _module_preset=&#8221;default&#8221; global_colors_info=&#8221;{}&#8221;][et_pb_image src=&#8221;https:\/\/ra-juedemann.de\/wp-content\/uploads\/2021\/01\/RA_JUEDEMANN_logo-1-2.png&#8221; alt=&#8221;Anwalt f\u00fcr Medienrecht in Berlin &#8211; Wir helfen Ihnen bei medienrechtlichen und damit zusammenh\u00e4ngenden strafrechtlichen Fallgestaltungen.&#8221; title_text=&#8221;Anwalt f\u00fcr Medienrecht in Berlin &#8211; Wir helfen Ihnen bei medienrechtlichen und damit zusammenh\u00e4ngenden strafrechtlichen Fallgestaltungen.&#8221; show_bottom_space=&#8221;off&#8221; _builder_version=&#8221;4.9.0&#8243; _module_preset=&#8221;default&#8221; max_width=&#8221;71%&#8221; custom_margin=&#8221;|-6px||-11px|false|false&#8221; custom_padding=&#8221;||||false|false&#8221; global_colors_info=&#8221;{}&#8221;][\/et_pb_image][et_pb_text admin_label=&#8221;Text&#8221; _builder_version=&#8221;4.9.0&#8243; _module_preset=&#8221;default&#8221; global_colors_info=&#8221;{}&#8221;]<\/p>\n<p>Schl\u00fcterstra\u00dfe 37, D-10629 Berlin, (direkt am Kurf\u00fcrstendamm)<br \/><strong>Tel:<\/strong>\u00a0 030 88 70 23 80 | <strong>Fax:<\/strong> 030 88 70 23 85<\/p>\n<p><span id=\"et-info-email\"> <a href=\"mailto:kanzlei@ra-juedemann.de\">kanzlei@ra-juedemann.de<\/a><\/span><\/p>\n<p>[\/et_pb_text][\/et_pb_column][et_pb_column type=&#8221;2_5&#8243; _builder_version=&#8221;4.7.7&#8243; _module_preset=&#8221;default&#8221; global_colors_info=&#8221;{}&#8221;][et_pb_image src=&#8221;https:\/\/ra-juedemann.de\/wp-content\/uploads\/2020\/11\/provenexpert-logo.png&#8221; alt=&#8221;Proven Expert RA J\u00fcdemann &#8211; Anwalt f\u00fcr Medienrecht in Berlin&#8221; title_text=&#8221;provenexpert-logo&#8221; show_bottom_space=&#8221;off&#8221; align=&#8221;center&#8221; _builder_version=&#8221;4.7.7&#8243; _module_preset=&#8221;default&#8221; width=&#8221;75%&#8221; custom_margin=&#8221;|||20px|false|false&#8221; custom_padding=&#8221;30px||||false|false&#8221; global_colors_info=&#8221;{}&#8221;][\/et_pb_image][et_pb_code _builder_version=&#8221;4.7.7&#8243; _module_preset=&#8221;default&#8221; text_orientation=&#8221;center&#8221; module_alignment=&#8221;center&#8221; global_colors_info=&#8221;{}&#8221;]<!-- ProvenExpert Bewertungssiegel --><!-- [et_pb_line_break_holder] --><\/p>\n<div class=\"pe-richsnippets\"><!-- 3600\/3600 --><a id=\"pe_rating\" class=\"pe_g pe_b\" title=\"Kundenbewertungen &#038; Erfahrungen zu J\u00fcdemann Rechtsanw\u00e4lte. Mehr Infos anzeigen.\" href=\"https:\/\/www.provenexpert.com\/juedemann-rechtsanwaelte\/\" target=\"_blank\" rel=\"noopener noreferrer\"> <span id=\"pe_name\"> J\u00fcdemann Rechtsanw\u00e4lte Fachanwalt Urheberrecht Medienrecht Markenrecht Wettbewerbsrecht <\/span> <span id=\"pe_stars\"> <span style=\"width: 100%;\"> hat 4,92 von 5 Sternen <\/span> <\/span> <span class=\"pe_u\"> 369 Bewertungen auf ProvenExpert.com <\/span> <\/a><\/div>\n<p><!-- [et_pb_line_break_holder] --><script type=\"text\/javascript\" src=\"https:\/\/www.provenexpert.com\/widget\/richsnippet.js?u=18zpjRQBlVwplWUA3pGpmRQA48TA1LQB&#038;v=2\" async=\"\"><\/script>[\/et_pb_code][\/et_pb_column][\/et_pb_row][et_pb_row _builder_version=&#8221;4.6.6&#8243; _module_preset=&#8221;default&#8221; custom_padding=&#8221;||1px|||&#8221; global_colors_info=&#8221;{}&#8221;][et_pb_column type=&#8221;4_4&#8243; _builder_version=&#8221;4.6.6&#8243; _module_preset=&#8221;default&#8221; global_colors_info=&#8221;{}&#8221;][et_pb_text _builder_version=&#8221;4.9.0&#8243; _module_preset=&#8221;default&#8221; header_2_text_color=&#8221;#80bc02 &#8221; header_3_text_color=&#8221;#80bc02 &#8221; global_colors_info=&#8221;{}&#8221;]<\/p>\n<h2>Was ist Medienrecht?<\/h2>\n<p>Medienrecht umfasst zun\u00e4chst das klassische <strong>Presserecht<\/strong>, welches sich mit den rechtlichen Rahmenbedingungen der Presse befasst. Der Begriff der Presse umfasst alle Printmedien, vor allem Zeitungen und Zeitschriften. Presseerzeugnisse dienen traditionell dazu, die Meinungsbildung in einer Gesellschaft zu erm\u00f6glichen sowie Kultur und Wissen bereit zu stellen. Dazu sollen sie vielf\u00e4ltig, unabh\u00e4ngig und m\u00f6glichst frei von staatlichem Einfluss sein. Deswegen sind die Meinungs- und Pressefreiheit im Grundgesetz verankert. Diese Freiheiten der Presse stehen jedoch im Spannungsverh\u00e4ltnis insbesondere zu den ebenfalls grundgesetzlich gesch\u00fctzten sog. <strong>Pers\u00f6nlichkeitsrechten<\/strong> derjenigen Personen, \u00fcber die eine Berichterstattung stattfindet. Das Presserecht dient dazu, ein Gleichgewicht herzustellen in diesem Spannungsverh\u00e4ltnis, in dem es z.B. bestimmte Anforderungen an die journalistische und publizistische Sorgfalt f\u00fcr eine rechtm\u00e4\u00dfige Berichterstattung stellt. Dabei bewegt es sich in juristischen Teilbereichen des Zivil-, Straf- und \u00f6ffentlichen Rechts.<\/p>\n<p>Dar\u00fcber hinaus umfasst das Medienrecht auch das Rundfunkrecht (Radio, TV) sowie das Recht der Telemedien. Vor allem die rasante Verbreitung der Telemedien, d.h. von elektronischen Informations- und Kommunikationsdiensten und insbesondere Internetdiensten, wie die der sozialen Netzwerke (Facebook &amp; Co), hat dazu gef\u00fchrt, dass medienrechtliche Problemstellungen im Alltag der Menschen angekommen sind. Die rechtswidrige Verbreitung, unwahrer Tatsachen, ehrverletzender \u00c4u\u00dferungen oder von Geheimnissen der Privat- und Intimsph\u00e4re (z.B. Fotos, Videos) findet nun wesentlich h\u00e4ufiger statt, gerade auch in F\u00e4llen der sog.<a href=\"https:\/\/ra-juedemann.de\/verdachtsberichterstattung-was-duerfen-presse-und-blogger\/\"> Verdachtsberichterstattung.<\/a><\/p>\n<p>[\/et_pb_text][et_pb_text _builder_version=&#8221;4.9.2&#8243; _module_preset=&#8221;default&#8221; header_2_text_color=&#8221;#80bc02 &#8221; header_3_text_color=&#8221;#80bc02 &#8221; global_colors_info=&#8221;{}&#8221;]<\/p>\n<h2>Unsere Leistungen<\/h2>\n<p>Als <strong>Kanzlei f\u00fcr Medienrecht<\/strong> verstehen wir uns als K\u00e4mpfer f\u00fcr Ihre Rechte, aber auch als Vermittler zwischen den Konfliktparteien. Unsere Leistungen stehen sowohl Privatpersonen, als auch Unternehmen offen. Wir haben mehr als 20 Jahre Erfahrung. Unsere Geb\u00fchren sind transparent gestaltet und werden mit unseren Mandanten ausf\u00fchrlich besprochen, ebenso wie die Risiken des Falles.<\/p>\n<p>Wir beraten und vertreten Sie bei der Verletzung Ihres Pers\u00f6nlichkeitsrechts durch die Ver\u00f6ffentlichung von Unwahrheiten oder der rechtswidrigen Preisgabe von Geheimnissen Ihrer Privat- und Intimsph\u00e4re \u00fcber Print-, Rundfunk und Telemedien (soziale Netzwerke). Als Betroffene k\u00f6nnen Ihnen im Falle rechtswidriger Ver\u00f6ffentlichungen z.B. Unterlassungs-, Gegendarstellungs- und Entsch\u00e4digungsanspr\u00fcche zustehen. Zur effektiven und schnellen Durchsetzung Ihrer Anspr\u00fcche gehen wir sowohl au\u00dfergerichtlich als auch gerichtlich gegen die Verantwortlichen vor.<\/p>\n<p>Umgekehrt beraten und vertreten wir Sie auch, falls gegen Sie rechtlich aufgrund vermeintlicher Pers\u00f6nlichkeitsrechtsverletzungen vorgegangen wird. Durch unsere langj\u00e4hrigen Erfahrungen bieten wir Ihnen eine z\u00fcgige rechtliche Bewertung des Falles, f\u00fchren Verhandlungen mit der Gegenseite und vertreten sie im Falle unberechtigter Forderungen vor Gericht.\u00a0<\/p>\n<p>&nbsp;<\/p>\n<h2>Themen:<\/h2>\n<p>[\/et_pb_text][\/et_pb_column][\/et_pb_row][et_pb_row column_structure=&#8221;1_2,1_2&#8243; _builder_version=&#8221;4.9.2&#8243; _module_preset=&#8221;default&#8221; custom_padding=&#8221;0px|||||&#8221; global_colors_info=&#8221;{}&#8221;][et_pb_column type=&#8221;1_2&#8243; _builder_version=&#8221;4.9.2&#8243; _module_preset=&#8221;default&#8221; background_color=&#8221;#eeeeee&#8221; box_shadow_style=&#8221;preset3&#8243; global_colors_info=&#8221;{}&#8221;][et_pb_image src=&#8221;https:\/\/ra-juedemann.de\/wp-content\/uploads\/2021\/03\/negative-bewertungen-im-internet-loeschen.jpg&#8221; alt=&#8221;Negative Bewertungen im Internet l\u00f6schen \u2013 Jameda, Google,Yelp etc&#8221; title_text=&#8221;negative-bewertungen-im-internet-loeschen&#8221; url=&#8221;https:\/\/ra-juedemann.de\/negative-bewertungen-im-internet-loeschen-jameda-google-yelp\/&#8221; force_fullwidth=&#8221;on&#8221; _builder_version=&#8221;4.9.2&#8243; _module_preset=&#8221;default&#8221; custom_margin=&#8221;||25px|||&#8221; global_colors_info=&#8221;{}&#8221;][\/et_pb_image][et_pb_text _builder_version=&#8221;4.9.2&#8243; _module_preset=&#8221;default&#8221; header_3_font=&#8221;|600||on|||||&#8221; header_3_text_color=&#8221;#333333&#8243; header_3_font_size=&#8221;20px&#8221; header_3_line_height=&#8221;1.3em&#8221; custom_margin=&#8221;|||0px|false|false&#8221; custom_padding=&#8221;|0px||0px|false|false&#8221; global_colors_info=&#8221;{}&#8221;]<\/p>\n<h3 class=\"entry-title main_title\" style=\"text-align: center;\"><a href=\"\/negative-bewertungen-im-internet-loeschen-jameda-google-yelp\/\" title=\"Negative Bewertungen im Internet\">Negative Bewertungen<\/a><\/h3>\n<p>[\/et_pb_text][\/et_pb_column][et_pb_column type=&#8221;1_2&#8243; _builder_version=&#8221;4.9.2&#8243; _module_preset=&#8221;default&#8221; background_color=&#8221;#eeeeee&#8221; box_shadow_style=&#8221;preset3&#8243; global_colors_info=&#8221;{}&#8221;][et_pb_image src=&#8221;https:\/\/ra-juedemann.de\/wp-content\/uploads\/2021\/03\/HEADER_ra_juedemann_persoenlichkeitsrecht_2.jpg&#8221; alt=&#8221;Abmahnung Filesharing&#8221; title_text=&#8221;HEADER_ra_juedemann_persoenlichkeitsrecht_2&#8243; url=&#8221;https:\/\/ra-juedemann.de\/anwalt-persoenlichkeitsrecht-berlin\/&#8221; force_fullwidth=&#8221;on&#8221; _builder_version=&#8221;4.9.2&#8243; _module_preset=&#8221;default&#8221; custom_margin=&#8221;||25px|||&#8221; locked=&#8221;off&#8221; global_colors_info=&#8221;{}&#8221;][\/et_pb_image][et_pb_text _builder_version=&#8221;4.9.2&#8243; _module_preset=&#8221;default&#8221; header_3_font=&#8221;|600||on|||||&#8221; header_3_text_color=&#8221;#333333&#8243; header_3_font_size=&#8221;20px&#8221; header_3_line_height=&#8221;1.3em&#8221; custom_margin=&#8221;|||0px|false|false&#8221; custom_padding=&#8221;|0px||0px|false|false&#8221; link_option_url=&#8221;https:\/\/ra-juedemann.de\/anwalt-persoenlichkeitsrecht-berlin\/&#8221; locked=&#8221;off&#8221; global_colors_info=&#8221;{}&#8221;]<\/p>\n<h3 class=\"entry-title main_title\" style=\"text-align: center;\"><a href=\"https:\/\/ra-juedemann.de\/anwalt-persoenlichkeitsrecht-berlin\/\" title=\"So reagieren Sie richtig, wenn Sie eine Filesharing Abmahnung erhalten haben!\">Pers\u00f6nlichkeitsrecht<\/a><\/h3>\n<p>[\/et_pb_text][\/et_pb_column][\/et_pb_row][et_pb_row column_structure=&#8221;1_2,1_2&#8243; use_custom_gutter=&#8221;on&#8221; gutter_width=&#8221;2&#8243; make_equal=&#8221;on&#8221; _builder_version=&#8221;4.9.1&#8243; _module_preset=&#8221;default&#8221; locked=&#8221;off&#8221; global_colors_info=&#8221;{}&#8221;][et_pb_column type=&#8221;1_2&#8243; _builder_version=&#8221;4.9.0&#8243; _module_preset=&#8221;default&#8221; global_colors_info=&#8221;{}&#8221;][et_pb_blurb url=&#8221;\/art-5-gg-meinungs-und-pressefreiheit&#8221; _builder_version=&#8221;4.9.2&#8243; _module_preset=&#8221;default&#8221; header_level=&#8221;h3&#8243; header_font=&#8221;|600||on|||||&#8221; body_font=&#8221;|600||on|||||&#8221; body_font_size=&#8221;20px&#8221; background_color=&#8221;#eeeeee&#8221; min_height=&#8221;90px&#8221; height=&#8221;90px&#8221; max_height=&#8221;90px&#8221; custom_padding=&#8221;20px|8px|20px|7px|false|false&#8221; link_option_url=&#8221;\/art-5-gg-meinungs-und-pressefreiheit&#8221; box_shadow_style=&#8221;preset3&#8243; global_colors_info=&#8221;{}&#8221; background_color__hover=&#8221;#666666&#8243; background_enable_color__hover=&#8221;on&#8221; background_layout__hover_enabled=&#8221;on|hover&#8221; body_text_color__hover_enabled=&#8221;on|hover&#8221; body_text_color__hover=&#8221;#ffffff&#8221; background__hover_enabled=&#8221;on|hover&#8221;]<\/p>\n<p style=\"text-align: center;\"><a href=\"https:\/\/dejure.org\/gesetze\/GG\/5.html\" title=\"Art. 5 GG\">Artikel 5<\/a> im Grundgesetz<br \/>Meinungs- und Pressefreiheit<\/p>\n<p>[\/et_pb_blurb][\/et_pb_column][et_pb_column type=&#8221;1_2&#8243; _builder_version=&#8221;4.9.0&#8243; _module_preset=&#8221;default&#8221; global_colors_info=&#8221;{}&#8221;][et_pb_blurb url=&#8221;\/berliner-pressegesetz&#8221; _builder_version=&#8221;4.9.2&#8243; _module_preset=&#8221;default&#8221; header_level=&#8221;h3&#8243; header_font=&#8221;|600||on|||||&#8221; body_font=&#8221;|600||on|||||&#8221; body_font_size=&#8221;20px&#8221; background_color=&#8221;#eeeeee&#8221; min_height=&#8221;90px&#8221; height=&#8221;90px&#8221; max_height=&#8221;90px&#8221; custom_padding=&#8221;20px|20px|20px|20px|false|false&#8221; link_option_url=&#8221;\/berliner-pressegesetz&#8221; box_shadow_style=&#8221;preset3&#8243; global_colors_info=&#8221;{}&#8221; background_color__hover=&#8221;#666666&#8243; background_enable_color__hover=&#8221;on&#8221; background_layout__hover_enabled=&#8221;on|hover&#8221; body_text_color__hover_enabled=&#8221;on|hover&#8221; body_text_color__hover=&#8221;#ffffff&#8221; background__hover_enabled=&#8221;on|hover&#8221;]<\/p>\n<p style=\"text-align: center;\">Berliner<br \/>Pressegesetz<\/p>\n<p>[\/et_pb_blurb][\/et_pb_column][\/et_pb_row][et_pb_row column_structure=&#8221;1_2,1_2&#8243; use_custom_gutter=&#8221;on&#8221; gutter_width=&#8221;2&#8243; make_equal=&#8221;on&#8221; _builder_version=&#8221;4.9.1&#8243; _module_preset=&#8221;default&#8221; locked=&#8221;off&#8221; global_colors_info=&#8221;{}&#8221;][et_pb_column type=&#8221;1_2&#8243; _builder_version=&#8221;4.9.0&#8243; _module_preset=&#8221;default&#8221; global_colors_info=&#8221;{}&#8221;][et_pb_blurb url=&#8221;\/\u201eder-glaserne-staat-oder-\u201edas-auskunftsrecht-eines-journalisten-gegenuber-staatlichen-stellen&#8221; _builder_version=&#8221;4.9.2&#8243; _module_preset=&#8221;default&#8221; header_level=&#8221;h3&#8243; header_font=&#8221;|600||on|||||&#8221; body_font=&#8221;|600||on|||||&#8221; body_font_size=&#8221;20px&#8221; background_color=&#8221;#eeeeee&#8221; min_height=&#8221;90px&#8221; height=&#8221;90px&#8221; max_height=&#8221;90px&#8221; custom_padding=&#8221;20px|20px|20px|20px|false|false&#8221; link_option_url=&#8221;\/\u201eder-glaserne-staat-oder-\u201edas-auskunftsrecht-eines-journalisten-gegenuber-staatlichen-stellen&#8221; box_shadow_style=&#8221;preset3&#8243; global_colors_info=&#8221;{}&#8221; background__hover_enabled=&#8221;on|hover&#8221; background_color__hover=&#8221;#666666&#8243; background_enable_color__hover=&#8221;on&#8221; background_layout__hover_enabled=&#8221;on|hover&#8221; body_text_color__hover_enabled=&#8221;on|hover&#8221; body_text_color__hover=&#8221;#ffffff&#8221;]<\/p>\n<p style=\"text-align: center;\">Informationsrecht<br \/>der Journalisten<\/p>\n<p>[\/et_pb_blurb][\/et_pb_column][et_pb_column type=&#8221;1_2&#8243; _builder_version=&#8221;4.9.0&#8243; _module_preset=&#8221;default&#8221; global_colors_info=&#8221;{}&#8221;][et_pb_blurb url=&#8221;\/verdachtsberichterstattung-was-duerfen-presse-und-blogger\/&#8221; _builder_version=&#8221;4.9.11&#8243; _module_preset=&#8221;default&#8221; header_level=&#8221;h3&#8243; header_font=&#8221;|600||on|||||&#8221; body_font=&#8221;|600||on|||||&#8221; body_font_size=&#8221;20px&#8221; background_color=&#8221;#eeeeee&#8221; min_height=&#8221;90px&#8221; height=&#8221;90px&#8221; max_height=&#8221;90px&#8221; custom_padding=&#8221;20px|20px|20px|20px|false|false&#8221; link_option_url=&#8221;\/verdachtsberichterstattung-was-duerfen-presse-und-blogger\/&#8221; box_shadow_style=&#8221;preset3&#8243; global_colors_info=&#8221;{}&#8221; background_color__hover=&#8221;#666666&#8243; background_enable_color__hover=&#8221;on&#8221; background_layout__hover_enabled=&#8221;on|hover&#8221; body_text_color__hover_enabled=&#8221;on|hover&#8221; body_text_color__hover=&#8221;#ffffff&#8221; background__hover_enabled=&#8221;on|hover&#8221;]<\/p>\n<p style=\"text-align: center;\">Verdachtsberichterstattung<br \/>Was d\u00fcrfen Presse &amp; Blogger?<\/p>\n<p>[\/et_pb_blurb][\/et_pb_column][\/et_pb_row][et_pb_row _builder_version=&#8221;4.6.6&#8243; _module_preset=&#8221;default&#8221; background_color=&#8221;rgba(0,0,0,0)&#8221; custom_margin=&#8221;||||false|false&#8221; custom_padding=&#8221;30px|0px|30px|0px|false|false&#8221; global_colors_info=&#8221;{}&#8221;][et_pb_column type=&#8221;4_4&#8243; _builder_version=&#8221;4.6.6&#8243; _module_preset=&#8221;default&#8221; global_colors_info=&#8221;{}&#8221;][et_pb_blurb image=&#8221;https:\/\/ra-juedemann.de\/wp-content\/uploads\/2021\/01\/MEDIENRECHT.png&#8221; alt=&#8221;Anwalt f\u00fcr Medienrecht in Berlin &#8211; Wir helfen Ihnen bei medienrechtlichen und damit zusammenh\u00e4ngenden strafrechtlichen Fallgestaltungen.&#8221; icon_placement=&#8221;left&#8221; content_max_width=&#8221;80%&#8221; disabled_on=&#8221;on|off|off&#8221; module_class=&#8221;abmahnung&#8221; _builder_version=&#8221;4.9.1&#8243; _module_preset=&#8221;default&#8221; header_level=&#8221;h1&#8243; header_font=&#8221;|600||on|||||&#8221; header_font_size=&#8221;20px&#8221; header_line_height=&#8221;1.3em&#8221; body_font=&#8221;|600||on|||||&#8221; body_font_size=&#8221;20px&#8221; background_color=&#8221;#80bc02 &#8221; background_layout=&#8221;dark&#8221; custom_margin=&#8221;|0px||0px|false|false&#8221; custom_padding=&#8221;20px||30px||false|false&#8221; box_shadow_style=&#8221;preset3&#8243; global_colors_info=&#8221;{}&#8221;]<\/p>\n<div class=\"et_pb_blurb_container\">\n<div class=\"et_pb_blurb_description\">\n<p style=\"margin-top: 16px;\">Sollten Sie rechtliche Beratung zum MEDIENrecht ben\u00f6tigen, bieten wir eine erste kostenlose telefonische Einsch\u00e4tzung an.<\/p>\n<p>Rufen Sie uns an: <strong>030 88 70 23 80<\/strong><\/p>\n<\/div>\n<\/div>\n<p>[\/et_pb_blurb][et_pb_blurb image=&#8221;https:\/\/ra-juedemann.de\/wp-content\/uploads\/2021\/01\/MEDIENRECHT.png&#8221; alt=&#8221;Anwalt f\u00fcr Medienrecht in Berlin &#8211; Wir helfen Ihnen bei medienrechtlichen und damit zusammenh\u00e4ngenden strafrechtlichen Fallgestaltungen.&#8221; content_max_width=&#8221;80%&#8221; disabled_on=&#8221;off|on|on&#8221; module_class=&#8221;abmahnung&#8221; _builder_version=&#8221;4.9.1&#8243; _module_preset=&#8221;default&#8221; header_level=&#8221;h1&#8243; header_font=&#8221;|600||on|||||&#8221; header_font_size=&#8221;20px&#8221; header_line_height=&#8221;1.3em&#8221; body_font=&#8221;|600||on|||||&#8221; body_font_size=&#8221;18px&#8221; body_link_text_color=&#8221;#000000&#8243; background_color=&#8221;#80bc02 &#8221; background_layout=&#8221;dark&#8221; custom_margin=&#8221;|0px||0px|false|false&#8221; custom_padding=&#8221;20px||30px||false|false&#8221; box_shadow_style=&#8221;preset3&#8243; global_colors_info=&#8221;{}&#8221;]<\/p>\n<p style=\"margin-top: 16px; text-align: center;\">Sollten Sie rechtliche Beratung <br \/>zum MEDIENrecht ben\u00f6tigen, <br \/>bieten wir eine erste kostenlose <br \/>telefonische Einsch\u00e4tzung an.<\/p>\n<p><strong>\u00a0<\/strong><\/p>\n<p style=\"text-align: center;\">Rufen Sie uns an:<br \/><span style=\"color: #000000;\"><strong>030 88 70 23 80<\/strong><\/span><\/p>\n<p>[\/et_pb_blurb][\/et_pb_column][\/et_pb_row][et_pb_row _builder_version=&#8221;4.8.1&#8243; _module_preset=&#8221;default&#8221; global_colors_info=&#8221;{}&#8221;][et_pb_column type=&#8221;4_4&#8243; _builder_version=&#8221;4.8.1&#8243; _module_preset=&#8221;default&#8221; global_colors_info=&#8221;{}&#8221;][et_pb_text _builder_version=&#8221;4.8.1&#8243; _module_preset=&#8221;default&#8221; header_2_text_color=&#8221;#80bc02 &#8221; header_3_text_color=&#8221;#80bc02 &#8221; global_colors_info=&#8221;{}&#8221;]F\u00fcr K\u00fcnstler*innen, kleine Start-Ups, Organisationen und Privatpersonen ohne ausreichende Mittel bieten wir bis zur Wiederer\u00f6ffnung des Holzmarkts unsere kostenlose Rechtsberatung \u00fcbergangsweise <strong>jeden Freitag von 14 bis 17 Uhr<\/strong> in unseren Kanzleir\u00e4umen an.<\/p>\n<p>Bitte per <a href=\"mailto: kanzlei@ra-juedemann\">E-Mail<\/a> oder telefonisch bei uns anmelden.[\/et_pb_text][\/et_pb_column][\/et_pb_row][\/et_pb_section][et_pb_section fb_built=&#8221;1&#8243; _builder_version=&#8221;4.6.6&#8243; _module_preset=&#8221;default&#8221; custom_margin=&#8221;-2px||||false|false&#8221; custom_padding=&#8221;30px||||false|false&#8221; global_colors_info=&#8221;{}&#8221;][et_pb_row _builder_version=&#8221;4.6.6&#8243; _module_preset=&#8221;default&#8221; custom_padding=&#8221;3px||||false|false&#8221; global_colors_info=&#8221;{}&#8221;][et_pb_column type=&#8221;4_4&#8243; _builder_version=&#8221;4.6.6&#8243; _module_preset=&#8221;default&#8221; global_colors_info=&#8221;{}&#8221;][et_pb_text admin_label=&#8221;H2&#8243; _builder_version=&#8221;4.7.7&#8243; _module_preset=&#8221;default&#8221; header_2_text_color=&#8221;#80bc02 &#8221; custom_margin=&#8221;||0px||false|false&#8221; custom_padding=&#8221;||0px||false|false&#8221; global_colors_info=&#8221;{}&#8221;]<\/p>\n<h2>Aktuelle Beitr\u00e4ge zum Medienrecht<\/h2>\n<p>[\/et_pb_text][et_pb_blog posts_number=&#8221;12&#8243; include_categories=&#8221;185&#8243; show_more=&#8221;on&#8221; show_author=&#8221;off&#8221; module_class=&#8221;dt-blog&#8221; _builder_version=&#8221;4.7.7&#8243; _module_preset=&#8221;default&#8221; header_text_color=&#8221;#80bc02 &#8221; global_colors_info=&#8221;{}&#8221;][\/et_pb_blog][\/et_pb_column][\/et_pb_row][\/et_pb_section][et_pb_section fb_built=&#8221;1&#8243; fullwidth=&#8221;on&#8221; _builder_version=&#8221;4.6.6&#8243; _module_preset=&#8221;default&#8221; global_colors_info=&#8221;{}&#8221;][et_pb_fullwidth_map address=&#8221;Schl\u00fcterstra\u00dfe 37, 10629 Berlin, Deutschland&#8221; address_lat=&#8221;52.5022408&#8243; address_lng=&#8221;13.3165718&#8243; mouse_wheel=&#8221;off&#8221; _builder_version=&#8221;4.6.6&#8243; _module_preset=&#8221;default&#8221; child_filter_saturate=&#8221;0%&#8221; global_colors_info=&#8221;{}&#8221;][et_pb_map_pin title=&#8221;J\u00fcdemann Rechtsanw\u00e4lte&#8221; pin_address=&#8221;Schl\u00fcterstra\u00dfe 37, 10629 Berlin, Deutschland&#8221; zoom_level=&#8221;14&#8243; pin_address_lat=&#8221;52.5022408&#8243; pin_address_lng=&#8221;13.3165718&#8243; _builder_version=&#8221;4.6.6&#8243; _module_preset=&#8221;default&#8221; global_colors_info=&#8221;{}&#8221;][\/et_pb_map_pin][\/et_pb_fullwidth_map][\/et_pb_section]<\/p>\n","protected":false},"excerpt":{"rendered":"<p>Anwalt f\u00fcr Medienrecht in Berlin Unsere Fachanw\u00e4lte helfen Ihnen bei allen medienrechtlichen Fallgestaltungen.\u00a0 Wir unterst\u00fctzen Sie sowohl als Betroffene bei Rechtsverletzungen durch bzw. in den Medien, als auch als Akteure bei der Wahrnehmung und Durchsetzung ihrer Rechte auf Meinungs- und Kunstfreiheit durch Medien. Unsere Expertise bezieht sich hierbei nicht nur auf zivilrechtliche, sondern auch strafrechtliche [&hellip;]<\/p>\n","protected":false},"author":3,"featured_media":13853,"parent":0,"menu_order":2,"comment_status":"closed","ping_status":"closed","template":"","meta":{"_et_pb_use_builder":"on","_et_pb_old_content":"<p><span style=\"font-family: arial, helvetica, sans-serif; font-size: 12pt;\">A<span style=\"font-family: helvetica, arial, sans-serif; font-size: 14pt;\">nwalt Medienrecht Berlin<\/span><\/span><\/p><p style=\"text-align: justify;\"><span style=\"font-size: 14pt; font-family: helvetica, arial, sans-serif;\">Als Fachanwalt f\u00fcr Medienrecht und Strafrecht hilft Rechtsanwalt Kai J\u00fcdemann Ihnen bei einer Vielzahl von presse- und medienrechtlichen Fallgestaltungen. Wir helfen bei Rechtsgutverletzungen durch bzw. in den Medien, unterst\u00fctzen Sie aber auch dabei, Ihre Rechte auf Meinungs- oder Kunstfreiheit wahrzunehmen. Wir vertreten Akteure und Betroffene, sowohl im medienrechtlichen, als auch im strafrechtlichen Bereich.\u00a0<\/span><\/p><h2 style=\"text-align: justify;\"><span style=\"font-family: helvetica, arial, sans-serif; font-size: 14pt;\">Was ist Medienrecht? Was sind Medien?<\/span><\/h2><p style=\"text-align: justify;\"><span style=\"font-family: helvetica, arial, sans-serif; font-size: 14pt;\"> Medien sind Kommunikationsmittel, seien es klassische Medien wie Printmedien, zu denen Zeitungen, Zeitschriften, Werbezettel und auch Plakate geh\u00f6ren, seien es elektronische Medien wir Fernsehen, Radio oder Onlinedienste wie Twitter und Facebook. Die drei klassischen Bereiche sind das <strong>Presserecht, das Rundfunkrecht und die Telemedien.\u00a0<\/strong>Das Presserecht ist sowohl von delikts- als auch von strafrechtlichen Inhalten gepr\u00e4gt. Es hat privat- sowie \u00f6ffentlich-rechtliche Inhalte.<\/span><\/p><p><span style=\"font-family: helvetica, arial, sans-serif; font-size: 14pt;\">Medien sollen u.a\u00a0 Inhalte vermitteln, Meinungsbildung erm\u00f6glichen, Kultur und Wissen bereit stellen. Sie sollen vielf\u00e4ltig, unabh\u00e4ngig von staatlichem Einfluss und frei sein.<\/span><\/p><p><span style=\"font-size: 14pt; font-family: helvetica, arial, sans-serif;\">Medienrecht ist im Wesentlichen daher auch \u00c4usserungsrecht.<\/span><\/p><p style=\"text-align: justify;\"><span style=\"font-size: 14pt; font-family: helvetica, arial, sans-serif;\">Die Meinungsfreiheit umfasst den Schutz von Meinungen und das Recht, wahren Tatsachen zu verbreiten, die Informationsfreiheit das Recht, sich aus allgemein zug\u00e4nglichen Quellen zu informieren. Hinzu kommen Medienfreiheiten und die Kunstfreiheit. <\/span><\/p><p style=\"text-align: justify;\"><span style=\"font-size: 14pt; font-family: helvetica, arial, sans-serif;\">Zum Medienrecht geh\u00f6rt das Presserecht, das Veranstaltungsrecht, zu dem\u00a0 u.a. auch Sportrecht und Theaterrecht geh\u00f6ren und der Schutz der Pers\u00f6nlichkeit. Hierunter fallen das allgemeine Pers\u00f6nlichkeitsrecht, kommerzielle Pers\u00f6nlichkeitsrechte, Bildnisschutz, Jugendmedienschutz und strafrechtliche Konflikte, die in den geschilderten Bereichen entstehen k\u00f6nnen. <\/span><\/p><p style=\"text-align: justify;\"><span style=\"font-size: 14pt; font-family: helvetica, arial, sans-serif;\">Als Kanzlei f\u00fcr Medienrecht verstehen wir uns als K\u00e4mpfer f\u00fcr Ihre Rechte, aber auch als Vermittler zwischen Partner. Wir haben mehr als 20 Jahre Erfahrung. Unsere Geb\u00fchren sind transparent gestaltet und werden mit unseren Mandanten ausf\u00fchrlich besprochen, ebenso wie die Risiken des Falles. <\/span><\/p><p style=\"text-align: justify;\"><span style=\"font-size: 14pt; font-family: helvetica, arial, sans-serif;\">F\u00fcr Kreative, K\u00fcnstler, kleine Start-Ups, Organisationen und Privatpersonen ohne ausreichende Mittel biete ich fast jeden Freitag auf dem Gel\u00e4nde des Holzmarkts ab 15:00 Uhr eine kostenlosen Beratung zu den Rechtsgebieten der Kanzlei an, da gute Rechtsberatung allen offen stehen sollte.\u00a0<\/span><\/p><p>\u00a0<\/p><p>\u00a0<\/p><p>\u00a0<\/p><p style=\"text-align: justify;\"><span style=\"font-size: 14pt; font-family: helvetica, arial, sans-serif;\">Hierzu einfach per Email unter kanzlei@ra-juedemann.de unter Angabe des Themas anmelden. <\/span><\/p><p style=\"text-align: justify;\"><span style=\"font-size: 14pt; font-family: helvetica, arial, sans-serif;\">Wir freuen uns auf Sie.<\/span><\/p><p>\u00a0<\/p><p>\u00a0<\/p><p><a href=\"https:\/\/www.ra-juedemann.de\">J\u00fcdemann Rechtsanw\u00e4lte<\/a><\/p><div class=\"pe-richsnippets\">\u00a0<\/div><p><br \/><script type=\"text\/javascript\" src=\"https:\/\/www.provenexpert.com\/widget\/richsnippet.js?u=18zpjRQBlVwplWUA3pGpmRQA48TA1LQB&v=2\" async><\/script><\/p>","_et_gb_content_width":"","footnotes":""},"class_list":["post-13924","page","type-page","status-publish","has-post-thumbnail","hentry"],"yoast_head":"<!-- This site is optimized with the Yoast SEO plugin v27.5 - https:\/\/yoast.com\/product\/yoast-seo-wordpress\/ -->\n<title>Anwalt Medienrecht Berlin - Medien- und Presserecht<\/title>\n<meta name=\"description\" content=\"Anwalt f\u00fcr Medienrecht in Berlin -Fachanw\u00e4lte Medienrecht, Urheberrecht, Anw\u00e4lte f\u00fcr Markenrecht, Wettbewerbsrecht - 20 Jahre Erfahrung.\" \/>\n<meta name=\"robots\" content=\"index, follow, max-snippet:-1, max-image-preview:large, max-video-preview:-1\" \/>\n<link rel=\"canonical\" href=\"https:\/\/ra-juedemann.de\/en\/anwalt-medienrecht-berlin\/\" \/>\n<meta property=\"og:locale\" content=\"en_US\" \/>\n<meta property=\"og:type\" content=\"article\" \/>\n<meta property=\"og:title\" content=\"Anwalt Medienrecht Berlin - Medien- und Presserecht\" \/>\n<meta property=\"og:description\" content=\"Anwalt f\u00fcr Medienrecht in Berlin -Fachanw\u00e4lte Medienrecht, Urheberrecht, Anw\u00e4lte f\u00fcr Markenrecht, Wettbewerbsrecht - 20 Jahre Erfahrung.\" \/>\n<meta property=\"og:url\" content=\"https:\/\/ra-juedemann.de\/en\/anwalt-medienrecht-berlin\/\" \/>\n<meta property=\"og:site_name\" content=\"J\u00fcdemann Rechtsanw\u00e4lte\" \/>\n<meta property=\"article:modified_time\" content=\"2021-08-27T09:46:02+00:00\" \/>\n<meta property=\"og:image\" content=\"https:\/\/ra-juedemann.de\/wp-content\/uploads\/2019\/05\/IMG_7727.jpg\" \/>\n\t<meta property=\"og:image:width\" content=\"992\" \/>\n\t<meta property=\"og:image:height\" content=\"768\" \/>\n\t<meta property=\"og:image:type\" content=\"image\/jpeg\" \/>\n<meta name=\"twitter:label1\" content=\"Est. reading time\" \/>\n\t<meta name=\"twitter:data1\" content=\"13 minutes\" \/>\n<script type=\"application\/ld+json\" class=\"yoast-schema-graph\">{\"@context\":\"https:\\\/\\\/schema.org\",\"@graph\":[{\"@type\":\"WebPage\",\"@id\":\"https:\\\/\\\/ra-juedemann.de\\\/en\\\/anwalt-medienrecht-berlin\\\/\",\"url\":\"https:\\\/\\\/ra-juedemann.de\\\/en\\\/anwalt-medienrecht-berlin\\\/\",\"name\":\"Anwalt Medienrecht Berlin - Medien- und Presserecht\",\"isPartOf\":{\"@id\":\"https:\\\/\\\/ra-juedemann.de\\\/#website\"},\"primaryImageOfPage\":{\"@id\":\"https:\\\/\\\/ra-juedemann.de\\\/en\\\/anwalt-medienrecht-berlin\\\/#primaryimage\"},\"image\":{\"@id\":\"https:\\\/\\\/ra-juedemann.de\\\/en\\\/anwalt-medienrecht-berlin\\\/#primaryimage\"},\"thumbnailUrl\":\"https:\\\/\\\/ra-juedemann.de\\\/wp-content\\\/uploads\\\/2019\\\/05\\\/IMG_7727.jpg\",\"datePublished\":\"2017-09-11T13:39:24+00:00\",\"dateModified\":\"2021-08-27T09:46:02+00:00\",\"description\":\"Anwalt f\u00fcr Medienrecht in Berlin -Fachanw\u00e4lte Medienrecht, Urheberrecht, Anw\u00e4lte f\u00fcr Markenrecht, Wettbewerbsrecht - 20 Jahre Erfahrung.\",\"breadcrumb\":{\"@id\":\"https:\\\/\\\/ra-juedemann.de\\\/en\\\/anwalt-medienrecht-berlin\\\/#breadcrumb\"},\"inLanguage\":\"en-US\",\"potentialAction\":[{\"@type\":\"ReadAction\",\"target\":[\"https:\\\/\\\/ra-juedemann.de\\\/en\\\/anwalt-medienrecht-berlin\\\/\"]}]},{\"@type\":\"ImageObject\",\"inLanguage\":\"en-US\",\"@id\":\"https:\\\/\\\/ra-juedemann.de\\\/en\\\/anwalt-medienrecht-berlin\\\/#primaryimage\",\"url\":\"https:\\\/\\\/ra-juedemann.de\\\/wp-content\\\/uploads\\\/2019\\\/05\\\/IMG_7727.jpg\",\"contentUrl\":\"https:\\\/\\\/ra-juedemann.de\\\/wp-content\\\/uploads\\\/2019\\\/05\\\/IMG_7727.jpg\",\"width\":992,\"height\":768},{\"@type\":\"BreadcrumbList\",\"@id\":\"https:\\\/\\\/ra-juedemann.de\\\/en\\\/anwalt-medienrecht-berlin\\\/#breadcrumb\",\"itemListElement\":[{\"@type\":\"ListItem\",\"position\":1,\"name\":\"Home\",\"item\":\"https:\\\/\\\/ra-juedemann.de\\\/en\\\/\"},{\"@type\":\"ListItem\",\"position\":2,\"name\":\"Anwalt Medienrecht Berlin\"}]},{\"@type\":\"WebSite\",\"@id\":\"https:\\\/\\\/ra-juedemann.de\\\/#website\",\"url\":\"https:\\\/\\\/ra-juedemann.de\\\/\",\"name\":\"J\u00fcdemann Rechtsanw\u00e4lte\",\"description\":\"Anwalt f\u00fcr Medien- und Urheberrecht in Berlin\",\"publisher\":{\"@id\":\"https:\\\/\\\/ra-juedemann.de\\\/#organization\"},\"potentialAction\":[{\"@type\":\"SearchAction\",\"target\":{\"@type\":\"EntryPoint\",\"urlTemplate\":\"https:\\\/\\\/ra-juedemann.de\\\/?s={search_term_string}\"},\"query-input\":{\"@type\":\"PropertyValueSpecification\",\"valueRequired\":true,\"valueName\":\"search_term_string\"}}],\"inLanguage\":\"en-US\"},{\"@type\":\"Organization\",\"@id\":\"https:\\\/\\\/ra-juedemann.de\\\/#organization\",\"name\":\"J\u00dcDEMANN RECHTSANW\u00c4LTE\",\"url\":\"https:\\\/\\\/ra-juedemann.de\\\/\",\"logo\":{\"@type\":\"ImageObject\",\"inLanguage\":\"en-US\",\"@id\":\"https:\\\/\\\/ra-juedemann.de\\\/#\\\/schema\\\/logo\\\/image\\\/\",\"url\":\"https:\\\/\\\/ra-juedemann.de\\\/wp-content\\\/uploads\\\/2019\\\/05\\\/IMG_7727.jpg\",\"contentUrl\":\"https:\\\/\\\/ra-juedemann.de\\\/wp-content\\\/uploads\\\/2019\\\/05\\\/IMG_7727.jpg\",\"width\":992,\"height\":768,\"caption\":\"J\u00dcDEMANN RECHTSANW\u00c4LTE\"},\"image\":{\"@id\":\"https:\\\/\\\/ra-juedemann.de\\\/#\\\/schema\\\/logo\\\/image\\\/\"}}]}<\/script>\n<!-- \/ Yoast SEO plugin. -->","yoast_head_json":{"title":"Anwalt Medienrecht Berlin - Medien- und Presserecht","description":"Anwalt f\u00fcr Medienrecht in Berlin -Fachanw\u00e4lte Medienrecht, Urheberrecht, Anw\u00e4lte f\u00fcr Markenrecht, Wettbewerbsrecht - 20 Jahre Erfahrung.","robots":{"index":"index","follow":"follow","max-snippet":"max-snippet:-1","max-image-preview":"max-image-preview:large","max-video-preview":"max-video-preview:-1"},"canonical":"https:\/\/ra-juedemann.de\/en\/anwalt-medienrecht-berlin\/","og_locale":"en_US","og_type":"article","og_title":"Anwalt Medienrecht Berlin - Medien- und Presserecht","og_description":"Anwalt f\u00fcr Medienrecht in Berlin -Fachanw\u00e4lte Medienrecht, Urheberrecht, Anw\u00e4lte f\u00fcr Markenrecht, Wettbewerbsrecht - 20 Jahre Erfahrung.","og_url":"https:\/\/ra-juedemann.de\/en\/anwalt-medienrecht-berlin\/","og_site_name":"J\u00fcdemann Rechtsanw\u00e4lte","article_modified_time":"2021-08-27T09:46:02+00:00","og_image":[{"width":992,"height":768,"url":"https:\/\/ra-juedemann.de\/wp-content\/uploads\/2019\/05\/IMG_7727.jpg","type":"image\/jpeg"}],"twitter_misc":{"Est. reading time":"13 minutes"},"schema":{"@context":"https:\/\/schema.org","@graph":[{"@type":"WebPage","@id":"https:\/\/ra-juedemann.de\/en\/anwalt-medienrecht-berlin\/","url":"https:\/\/ra-juedemann.de\/en\/anwalt-medienrecht-berlin\/","name":"Anwalt Medienrecht Berlin - Medien- und Presserecht","isPartOf":{"@id":"https:\/\/ra-juedemann.de\/#website"},"primaryImageOfPage":{"@id":"https:\/\/ra-juedemann.de\/en\/anwalt-medienrecht-berlin\/#primaryimage"},"image":{"@id":"https:\/\/ra-juedemann.de\/en\/anwalt-medienrecht-berlin\/#primaryimage"},"thumbnailUrl":"https:\/\/ra-juedemann.de\/wp-content\/uploads\/2019\/05\/IMG_7727.jpg","datePublished":"2017-09-11T13:39:24+00:00","dateModified":"2021-08-27T09:46:02+00:00","description":"Anwalt f\u00fcr Medienrecht in Berlin -Fachanw\u00e4lte Medienrecht, Urheberrecht, Anw\u00e4lte f\u00fcr Markenrecht, Wettbewerbsrecht - 20 Jahre Erfahrung.","breadcrumb":{"@id":"https:\/\/ra-juedemann.de\/en\/anwalt-medienrecht-berlin\/#breadcrumb"},"inLanguage":"en-US","potentialAction":[{"@type":"ReadAction","target":["https:\/\/ra-juedemann.de\/en\/anwalt-medienrecht-berlin\/"]}]},{"@type":"ImageObject","inLanguage":"en-US","@id":"https:\/\/ra-juedemann.de\/en\/anwalt-medienrecht-berlin\/#primaryimage","url":"https:\/\/ra-juedemann.de\/wp-content\/uploads\/2019\/05\/IMG_7727.jpg","contentUrl":"https:\/\/ra-juedemann.de\/wp-content\/uploads\/2019\/05\/IMG_7727.jpg","width":992,"height":768},{"@type":"BreadcrumbList","@id":"https:\/\/ra-juedemann.de\/en\/anwalt-medienrecht-berlin\/#breadcrumb","itemListElement":[{"@type":"ListItem","position":1,"name":"Home","item":"https:\/\/ra-juedemann.de\/en\/"},{"@type":"ListItem","position":2,"name":"Anwalt Medienrecht Berlin"}]},{"@type":"WebSite","@id":"https:\/\/ra-juedemann.de\/#website","url":"https:\/\/ra-juedemann.de\/","name":"J\u00fcdemann Rechtsanw\u00e4lte","description":"Anwalt f\u00fcr Medien- und Urheberrecht in Berlin","publisher":{"@id":"https:\/\/ra-juedemann.de\/#organization"},"potentialAction":[{"@type":"SearchAction","target":{"@type":"EntryPoint","urlTemplate":"https:\/\/ra-juedemann.de\/?s={search_term_string}"},"query-input":{"@type":"PropertyValueSpecification","valueRequired":true,"valueName":"search_term_string"}}],"inLanguage":"en-US"},{"@type":"Organization","@id":"https:\/\/ra-juedemann.de\/#organization","name":"J\u00dcDEMANN RECHTSANW\u00c4LTE","url":"https:\/\/ra-juedemann.de\/","logo":{"@type":"ImageObject","inLanguage":"en-US","@id":"https:\/\/ra-juedemann.de\/#\/schema\/logo\/image\/","url":"https:\/\/ra-juedemann.de\/wp-content\/uploads\/2019\/05\/IMG_7727.jpg","contentUrl":"https:\/\/ra-juedemann.de\/wp-content\/uploads\/2019\/05\/IMG_7727.jpg","width":992,"height":768,"caption":"J\u00dcDEMANN RECHTSANW\u00c4LTE"},"image":{"@id":"https:\/\/ra-juedemann.de\/#\/schema\/logo\/image\/"}}]}},"_links":{"self":[{"href":"https:\/\/ra-juedemann.de\/en\/wp-json\/wp\/v2\/pages\/13924","targetHints":{"allow":["GET"]}}],"collection":[{"href":"https:\/\/ra-juedemann.de\/en\/wp-json\/wp\/v2\/pages"}],"about":[{"href":"https:\/\/ra-juedemann.de\/en\/wp-json\/wp\/v2\/types\/page"}],"author":[{"embeddable":true,"href":"https:\/\/ra-juedemann.de\/en\/wp-json\/wp\/v2\/users\/3"}],"replies":[{"embeddable":true,"href":"https:\/\/ra-juedemann.de\/en\/wp-json\/wp\/v2\/comments?post=13924"}],"version-history":[{"count":0,"href":"https:\/\/ra-juedemann.de\/en\/wp-json\/wp\/v2\/pages\/13924\/revisions"}],"wp:featuredmedia":[{"embeddable":true,"href":"https:\/\/ra-juedemann.de\/en\/wp-json\/wp\/v2\/media\/13853"}],"wp:attachment":[{"href":"https:\/\/ra-juedemann.de\/en\/wp-json\/wp\/v2\/media?parent=13924"}],"curies":[{"name":"wp","href":"https:\/\/api.w.org\/{rel}","templated":true}]}}