{"id":13917,"date":"2016-02-29T16:00:36","date_gmt":"2016-02-29T14:00:36","guid":{"rendered":"https:\/\/ra-juedemann.de\/anwalt-datenschutzrecht-berlin\/"},"modified":"2024-10-10T16:10:40","modified_gmt":"2024-10-10T15:10:40","slug":"anwalt-datenschutzrecht-berlin","status":"publish","type":"page","link":"https:\/\/ra-juedemann.de\/en\/anwalt-datenschutzrecht-berlin\/","title":{"rendered":"Anwalt f\u00fcr Datenschutzrecht"},"content":{"rendered":"<p>[et_pb_section fb_built=&#8221;1&#8243; fullwidth=&#8221;on&#8221; _builder_version=&#8221;4.16&#8243; _module_preset=&#8221;default&#8221; global_colors_info=&#8221;{}&#8221;][et_pb_fullwidth_header subhead=&#8221;Anwalt Datenschutzrecht Berlin&#8221; button_one_text=&#8221;KONTAKT&#8221; button_one_url=&#8221;\/kontakt&#8221; button_two_text=&#8221;TEAM&#8221; button_two_url=&#8221;\/team&#8221; background_overlay_color=&#8221;rgba(0,0,0,0.48)&#8221; logo_image_url=&#8221;https:\/\/ra-juedemann.de\/wp-content\/uploads\/2021\/01\/RA_JUEDEMANN_logo-white.png&#8221; logo_alt_text=&#8221;Anwalt f\u00fcr Datenschutzrecht &#8211; Wir sind f\u00fcr Sie da in allen Fragen des Datenschutzrechts. Unsere Leistungen stehen sowohl Unternehmen als auch Einzelpersonen offen.&#8221; logo_title=&#8221;Anwalt f\u00fcr Datenschutzrecht &#8211; Wir sind f\u00fcr Sie da in allen Fragen des Datenschutzrechts. Unsere Leistungen stehen sowohl Unternehmen als auch Einzelpersonen offen.&#8221; _builder_version=&#8221;4.16&#8243; _module_preset=&#8221;default&#8221; title_font=&#8221;||||||||&#8221; title_font_size=&#8221;40px&#8221; title_letter_spacing=&#8221;2px&#8221; subhead_font=&#8221;||||||||&#8221; subhead_font_size=&#8221;22px&#8221; subhead_letter_spacing=&#8221;1px&#8221; background_enable_color=&#8221;off&#8221; background_image=&#8221;https:\/\/ra-juedemann.de\/wp-content\/uploads\/2021\/01\/HEADER_ra_juedemann_datenschutzrecht.jpg&#8221; background_position=&#8221;top_center&#8221; custom_button_one=&#8221;on&#8221; button_one_text_color=&#8221;#80bc02 &#8221; button_one_bg_color=&#8221;#ffffff&#8221; button_one_custom_margin=&#8221;50px||||false|false&#8221; custom_padding=&#8221;12%||10%||false|false&#8221; box_shadow_style_button_one=&#8221;preset3&#8243; global_colors_info=&#8221;{}&#8221;][\/et_pb_fullwidth_header][\/et_pb_section][et_pb_section fb_built=&#8221;1&#8243; _builder_version=&#8221;4.16&#8243; _module_preset=&#8221;default&#8221; custom_padding=&#8221;1px||2px|||&#8221; global_colors_info=&#8221;{}&#8221;][et_pb_row _builder_version=&#8221;4.16&#8243; _module_preset=&#8221;default&#8221; custom_padding=&#8221;||30px||false|false&#8221; global_colors_info=&#8221;{}&#8221;][et_pb_column type=&#8221;4_4&#8243; _builder_version=&#8221;4.16&#8243; _module_preset=&#8221;default&#8221; global_colors_info=&#8221;{}&#8221;][et_pb_text admin_label=&#8221;Text&#8221; _builder_version=&#8221;4.16&#8243; _module_preset=&#8221;default&#8221; header_2_font=&#8221;|||on|||||&#8221; header_2_text_color=&#8221;#80bc02 &#8221; header_3_font=&#8221;||||||||&#8221; header_3_text_color=&#8221;666&#8243; global_colors_info=&#8221;{}&#8221;]<\/p>\n<h2>Wir sind f\u00fcr Ihr UNTERNEHMEN\u00a0 in allen Fragen des Datenschutzrechts DA. <\/h2>\n<p>Unser Leistungsspektrum reicht von der au\u00dfergerichtlichen Beratung und Gestaltung (u.a. Datenschutzerkl\u00e4rung, Datenschutzaudit) bis hin zu der gerichtlichen Vertretung im gesamten Bundesgebiet.<\/p>\n<p>[\/et_pb_text][\/et_pb_column][\/et_pb_row][et_pb_row column_structure=&#8221;3_5,2_5&#8243; _builder_version=&#8221;4.16&#8243; _module_preset=&#8221;default&#8221; background_color=&#8221;#eeeeee&#8221; custom_padding=&#8221;30px|30px|30px|30px|false|false&#8221; global_colors_info=&#8221;{}&#8221;][et_pb_column type=&#8221;3_5&#8243; _builder_version=&#8221;4.16&#8243; _module_preset=&#8221;default&#8221; global_colors_info=&#8221;{}&#8221;][et_pb_image src=&#8221;https:\/\/ra-juedemann.de\/wp-content\/uploads\/2021\/01\/RA_JUEDEMANN_logo-1-2.png&#8221; alt=&#8221;Anwalt f\u00fcr Datenschutzrecht &#8211; Wir sind f\u00fcr Sie da in allen Fragen des Datenschutzrechts. Unsere Leistungen stehen sowohl Unternehmen als auch Einzelpersonen offen.&#8221; title_text=&#8221;Anwalt f\u00fcr Datenschutzrecht &#8211; Wir sind f\u00fcr Sie da in allen Fragen des Datenschutzrechts. Unsere Leistungen stehen sowohl Unternehmen als auch Einzelpersonen offen.&#8221; show_bottom_space=&#8221;off&#8221; _builder_version=&#8221;4.16&#8243; _module_preset=&#8221;default&#8221; max_width=&#8221;71%&#8221; custom_margin=&#8221;|-6px||-11px|false|false&#8221; custom_padding=&#8221;||||false|false&#8221; global_colors_info=&#8221;{}&#8221;][\/et_pb_image][et_pb_text admin_label=&#8221;Text&#8221; _builder_version=&#8221;4.16&#8243; _module_preset=&#8221;default&#8221; global_colors_info=&#8221;{}&#8221;]Schl\u00fcterstra\u00dfe 37, D-10629 Berlin, (direkt am Kurf\u00fcrstendamm)<br \/>\n<strong>Tel:<\/strong>\u00a0 030 88 70 23 80 | <strong>Fax:<\/strong> 030 88 70 23 85<\/p>\n<p><span id=\"et-info-email\"> <a href=\"mailto:kanzlei@ra-juedemann.de\">kanzlei@ra-juedemann.de<\/a><\/span><br \/>\n[\/et_pb_text][\/et_pb_column][et_pb_column type=&#8221;2_5&#8243; _builder_version=&#8221;4.16&#8243; _module_preset=&#8221;default&#8221; global_colors_info=&#8221;{}&#8221;][et_pb_image src=&#8221;https:\/\/ra-juedemann.de\/wp-content\/uploads\/2020\/11\/provenexpert-logo.png&#8221; alt=&#8221;Anwalt f\u00fcr Datenschutzrecht &#8211; Wir sind f\u00fcr Sie da in allen Fragen des Datenschutzrechts. Unsere Leistungen stehen sowohl Unternehmen als auch Einzelpersonen offen.&#8221; title_text=&#8221;Anwalt f\u00fcr Datenschutzrecht &#8211; Wir sind f\u00fcr Sie da in allen Fragen des Datenschutzrechts. Unsere Leistungen stehen sowohl Unternehmen als auch Einzelpersonen offen.&#8221; show_bottom_space=&#8221;off&#8221; align=&#8221;center&#8221; _builder_version=&#8221;4.16&#8243; _module_preset=&#8221;default&#8221; width=&#8221;75%&#8221; custom_margin=&#8221;|||20px|false|false&#8221; custom_padding=&#8221;30px||||false|false&#8221; global_colors_info=&#8221;{}&#8221;][\/et_pb_image][et_pb_code _builder_version=&#8221;4.16&#8243; _module_preset=&#8221;default&#8221; text_orientation=&#8221;center&#8221; module_alignment=&#8221;center&#8221; global_colors_info=&#8221;{}&#8221;]<!-- ProvenExpert Bewertungssiegel --><!-- [et_pb_line_break_holder] --><!-- [et_pb_line_break_holder] --><\/p>\n<div class=\"pe-richsnippets\"><!-- 3600\/3600 --><a id=\"pe_rating\" class=\"pe_g pe_b\" title=\"Kundenbewertungen &#038; Erfahrungen zu J\u00fcdemann Rechtsanw\u00e4lte. Mehr Infos anzeigen.\" href=\"https:\/\/www.provenexpert.com\/juedemann-rechtsanwaelte\/\" target=\"_blank\" rel=\"noopener noreferrer\"> <span id=\"pe_name\"> J\u00fcdemann Rechtsanw\u00e4lte Fachanwalt Urheberrecht Medienrecht Markenrecht Wettbewerbsrecht <\/span> <span id=\"pe_stars\"> <span style=\"width: 100%;\"> hat 4,92 von 5 Sternen <\/span> <\/span> <span class=\"pe_u\"> 369 Bewertungen auf ProvenExpert.com <\/span> <\/a><\/div>\n<p><!-- [et_pb_line_break_holder] --><!-- [et_pb_line_break_holder] --><script type=\"text\/javascript\" src=\"https:\/\/www.provenexpert.com\/widget\/richsnippet.js?u=18zpjRQBlVwplWUA3pGpmRQA48TA1LQB&#038;v=2\" async=\"\"><\/script>[\/et_pb_code][\/et_pb_column][\/et_pb_row][et_pb_row column_structure=&#8221;2_3,1_3&#8243; _builder_version=&#8221;4.16&#8243; _module_preset=&#8221;default&#8221; custom_margin=&#8221;|auto||auto|false|false&#8221; custom_padding=&#8221;30px||0px||false|false&#8221; global_colors_info=&#8221;{}&#8221;][et_pb_column type=&#8221;2_3&#8243; _builder_version=&#8221;4.16&#8243; _module_preset=&#8221;default&#8221; global_colors_info=&#8221;{}&#8221;][et_pb_text _builder_version=&#8221;4.16&#8243; _module_preset=&#8221;default&#8221; header_2_text_color=&#8221;#80bc02 &#8221; global_colors_info=&#8221;{}&#8221;]<\/p>\n<h2>Datenschutz als Fundament der informationellen Selbstbestimmung<\/h2>\n<p>Das Datenschutzrecht in das Fundament einer modernen, digitalen Gesellschaft zum Schutz der informationellen Selbstbestimmung des Einzelnen. Das Individuum soll die M\u00f6glichkeit haben frei zu entscheiden, ob es seine Daten mit anderen teilt oder sie f\u00fcr sich beh\u00e4lt und f\u00fcr welche Zwecke seine Daten verwendet werden d\u00fcrfen.<\/p>\n<p>Angesichts der un\u00fcberschaubaren Masse an Datenverarbeitungsprozessen gerade im Internet, w\u00e4re es ohne gesetzliche Regelungen zum Datenschutz schier unm\u00f6glich, die Verteilung und Nutzung der eigenen Daten durch staatliche Institutionen oder private Unternehmen zu kontrollieren.<br \/>\n[\/et_pb_text][\/et_pb_column][et_pb_column type=&#8221;1_3&#8243; _builder_version=&#8221;4.16&#8243; _module_preset=&#8221;default&#8221; background_color=&#8221;#ffffff&#8221; global_colors_info=&#8221;{}&#8221;][et_pb_image src=&#8221;https:\/\/ra-juedemann.de\/wp-content\/uploads\/2019\/05\/portrait-sw.jpg&#8221; alt=&#8221;Anwalt f\u00fcr Datenschutzrecht &#8211; Wir sind f\u00fcr Sie da in allen Fragen des Datenschutzrechts. Unsere Leistungen stehen sowohl Unternehmen als auch Einzelpersonen offen.&#8221; title_text=&#8221;Anwalt f\u00fcr Datenschutzrecht &#8211; Wir sind f\u00fcr Sie da in allen Fragen des Datenschutzrechts. Unsere Leistungen stehen sowohl Unternehmen als auch Einzelpersonen offen.&#8221; align=&#8221;right&#8221; _builder_version=&#8221;4.16&#8243; _module_preset=&#8221;default&#8221; custom_margin=&#8221;|||-18px||&#8221; global_colors_info=&#8221;{}&#8221;][\/et_pb_image][\/et_pb_column][\/et_pb_row][et_pb_row _builder_version=&#8221;4.16&#8243; _module_preset=&#8221;default&#8221; custom_padding=&#8221;||0px||false|false&#8221; global_colors_info=&#8221;{}&#8221;][et_pb_column type=&#8221;4_4&#8243; _builder_version=&#8221;4.16&#8243; _module_preset=&#8221;default&#8221; global_colors_info=&#8221;{}&#8221;][et_pb_text _builder_version=&#8221;4.16&#8243; _module_preset=&#8221;default&#8221; header_2_text_color=&#8221;#80bc02 &#8221; custom_padding=&#8221;||30px||false|false&#8221; global_colors_info=&#8221;{}&#8221;]Die informationelle Selbstbestimmung ist nach der Rechtsprechung des Bundesverfassungsgerichts Teil des grundgesetzlich verankerten allgemeinen Pers\u00f6nlichkeitsrechts. Sie ist keine Innovation des digitalen Zeitalters, sondern gr\u00fcndet auf einer jahrzehntelangen Rechtstradition, welche in Deutschland ma\u00dfgeblich durch das sog. \u201eVolksz\u00e4hlungsurteil\u201c des Bundesverfassungsgerichts von 1983 gepr\u00e4gt wurde.<\/p>\n<h2>Neuregelung des Datenschutzrechts durch die DSGVO<\/h2>\n<p>Das Datenschutzrecht wurde auf EU-Ebene durch die am 25.05.2016 in Kraft getretene und seit dem 25.05.2018 anwendbare Datenschutzgrundverordnung (DSGVO) grundlegend neu geregelt. Durch sie gelten nunmehr die Grunds\u00e4tze der Datensparsamkeit und der Datenvermeidung. Sie sollen einerseits durch \u201eprivacy by design\u201c (= Datenschutz durch Technik), d.h. die datenschutzkonforme Entwicklung von Soft- und Hardware und andererseits durch \u201eprivacy by default\u201c (= Datenschutz durch Voreinstellungen), d.h. die datenschutzfreundliche Voreinstellung von Software, Hardware und Services bei Auslieferung, verwirklicht werden.<\/p>\n<p>Angesichts von Bu\u00dfgeldern bis zu <strong>20 Mio. Euro<\/strong> bzw.<strong> 4 % des weltweiten Jahresumsatzes<\/strong> sowie m\u00f6glichen Unterlassungs- und Schadensersatzanspr\u00fcchen von durch Datenschutzverst\u00f6\u00dfe Betroffenen, ist es f\u00fcr Unternehmen von immenser Bedeutung, sich datenschutzkonform zu verhalten. Dazu sind geeignete Datenschutzkonzepte zu entwickeln, effektiv umzusetzen und an neue Entwicklungen des Datenschutzrechts dynamisch anzupassen.<br \/>\n[\/et_pb_text][\/et_pb_column][\/et_pb_row][et_pb_row _builder_version=&#8221;4.16&#8243; _module_preset=&#8221;default&#8221; custom_padding=&#8221;||0px||false|false&#8221; global_colors_info=&#8221;{}&#8221;][et_pb_column type=&#8221;4_4&#8243; _builder_version=&#8221;4.16&#8243; _module_preset=&#8221;default&#8221; global_colors_info=&#8221;{}&#8221;][et_pb_text ul_type=&#8221;square&#8221; _builder_version=&#8221;4.16&#8243; _module_preset=&#8221;default&#8221; ul_font_size=&#8221;16px&#8221; ul_line_height=&#8221;1.7em&#8221; header_2_font=&#8221;|||on|||||&#8221; header_2_text_color=&#8221;#80bc02 &#8221; header_3_font=&#8221;||||||||&#8221; header_3_text_color=&#8221;#80bc02&#8243; background_color=&#8221;#eeeeee&#8221; custom_margin=&#8221;||||false|false&#8221; custom_padding=&#8221;30px||30px|30px|false|false&#8221; custom_padding_tablet=&#8221;&#8221; custom_padding_phone=&#8221;|10px||10px|false|false&#8221; custom_padding_last_edited=&#8221;on|phone&#8221; global_colors_info=&#8221;{}&#8221;]<\/p>\n<h2><strong>Unsere Leistungen<\/strong><\/h2>\n<p>Rechtsanwalt Kai J\u00fcdemann ist zertifizierter Datenschutzbeauftragter und verf\u00fcgt \u00fcber eine langj\u00e4hrige Erfahrung in der Bearbeitung datenschutzrechtlicher Mandate.<\/p>\n<p><strong>Wir bieten Ihnen ein breites Spektrum an Leistungen im Datenschutzrecht:<\/strong><\/p>\n<ul>\n<li>Beratung zu allen Fragen der DSGVO (insbesondere Beratung und Vertretung bei Abmahnungen und<br \/>\nDurchsetzung von Anspr\u00fcchen aufgrund der DSGVO)<\/li>\n<li>Datenschutzaudit (Analyse bestehender technischer- und organisatorischer Ma\u00dfnahmen zum<br \/>\nDatenschutz in Unternehmen, Planung und Umsetzung erforderlicher Ma\u00dfnahmen)<\/li>\n<li>Gestaltung (z.B. Datenschutzerkl\u00e4rungen, Vertr\u00e4gen zur Auftragsdatenverarbeitung)<\/li>\n<\/ul>\n<p>[\/et_pb_text][\/et_pb_column][\/et_pb_row][et_pb_row _builder_version=&#8221;4.16&#8243; _module_preset=&#8221;default&#8221; custom_padding=&#8221;||30px||false|false&#8221; global_colors_info=&#8221;{}&#8221;][et_pb_column type=&#8221;4_4&#8243; _builder_version=&#8221;4.16&#8243; _module_preset=&#8221;default&#8221; global_colors_info=&#8221;{}&#8221;][et_pb_text admin_label=&#8221;Text&#8221; _builder_version=&#8221;4.16&#8243; _module_preset=&#8221;default&#8221; header_2_font=&#8221;|||on|||||&#8221; header_2_text_color=&#8221;#80bc02 &#8221; header_3_font=&#8221;||||||||&#8221; header_3_text_color=&#8221;666&#8243; global_colors_info=&#8221;{}&#8221;]F\u00fcr K\u00fcnstler*innen, kleine Start-Ups, Organisationen und Privatpersonen ohne ausreichende Mittel bieten wir bis zur Wiederer\u00f6ffnung des Holzmarkts unsere kostenlose Rechtsberatung \u00fcbergangsweise <strong>jeden Freitag von 14 bis 17 Uhr<\/strong> in unseren Kanzleir\u00e4umen an.<\/p>\n<p>Bitte per <a href=\"mailto: kanzlei@ra-juedemann\">E-Mail<\/a> oder telefonisch bei uns anmelden.<br \/>\n[\/et_pb_text][\/et_pb_column][\/et_pb_row][et_pb_row _builder_version=&#8221;4.16&#8243; _module_preset=&#8221;default&#8221; background_color=&#8221;rgba(0,0,0,0)&#8221; custom_margin=&#8221;||||false|false&#8221; custom_padding=&#8221;30px|0px|30px|0px|false|false&#8221; global_colors_info=&#8221;{}&#8221;][et_pb_column type=&#8221;4_4&#8243; _builder_version=&#8221;4.16&#8243; _module_preset=&#8221;default&#8221; global_colors_info=&#8221;{}&#8221;][et_pb_blurb image=&#8221;https:\/\/ra-juedemann.de\/wp-content\/uploads\/2020\/11\/Datenschutz.png&#8221; alt=&#8221;Anwalt f\u00fcr Datenschutzrecht &#8211; Wir sind f\u00fcr Sie da in allen Fragen des Datenschutzrechts. Unsere Leistungen stehen sowohl Unternehmen als auch Einzelpersonen offen.&#8221; icon_placement=&#8221;left&#8221; content_max_width=&#8221;80%&#8221; disabled_on=&#8221;on|off|off&#8221; admin_label=&#8221;Informationstext&#8221; module_class=&#8221;abmahnung&#8221; _builder_version=&#8221;4.16&#8243; _module_preset=&#8221;default&#8221; header_level=&#8221;h1&#8243; header_font=&#8221;|600||on|||||&#8221; header_font_size=&#8221;20px&#8221; header_line_height=&#8221;1.3em&#8221; body_font=&#8221;|600||on|||||&#8221; body_font_size=&#8221;20px&#8221; background_color=&#8221;#80bc02 &#8221; background_layout=&#8221;dark&#8221; custom_margin=&#8221;|0px||0px|false|false&#8221; custom_padding=&#8221;20px||30px||false|false&#8221; box_shadow_style=&#8221;preset3&#8243; global_colors_info=&#8221;{}&#8221;]<\/p>\n<p style=\"margin-top: 16px;\">\u00a0Sollten Sie rechtliche Beratung zum Thema Datenschutzrecht ben\u00f6tigen, stehen wir Ihnen hierf\u00fcr gerne zur Verf\u00fcgung<\/p>\n<p>Rufen Sie uns an: <strong>030 88 70 23 80<\/strong><br \/>\n[\/et_pb_blurb][et_pb_blurb image=&#8221;https:\/\/ra-juedemann.de\/wp-content\/uploads\/2020\/11\/Datenschutz.png&#8221; alt=&#8221;Anwalt f\u00fcr Datenschutzrecht &#8211; Wir sind f\u00fcr Sie da in allen Fragen des Datenschutzrechts. Unsere Leistungen stehen sowohl Unternehmen als auch Einzelpersonen offen.&#8221; content_max_width=&#8221;94%&#8221; disabled_on=&#8221;off|on|on&#8221; admin_label=&#8221;Informationstext&#8221; module_class=&#8221;abmahnung&#8221; _builder_version=&#8221;4.16&#8243; _module_preset=&#8221;default&#8221; header_level=&#8221;h1&#8243; header_font=&#8221;|600||on|||||&#8221; header_font_size=&#8221;20px&#8221; header_line_height=&#8221;1.3em&#8221; body_font=&#8221;|600||on|||||&#8221; body_font_size=&#8221;18px&#8221; body_link_text_color=&#8221;#000000&#8243; background_color=&#8221;#80bc02 &#8221; background_layout=&#8221;dark&#8221; custom_margin=&#8221;|0px||0px|false|false&#8221; custom_padding=&#8221;20px||30px||false|false&#8221; box_shadow_style=&#8221;preset3&#8243; global_colors_info=&#8221;{}&#8221;]<\/p>\n<p style=\"margin-top: 16px; text-align: center;\">\u00a0Sollten Sie rechtliche<br \/>\nBeratung zum Thema<br \/>\nDatenschutzrecht ben\u00f6tigen,<br \/>\nbieten wir eine erste<br \/>\nkostenlose telefonische<br \/>\nEinsch\u00e4tzung der<br \/>\nVerteidigungs-<br \/>\nm\u00f6glichkeiten an.<\/p>\n<p style=\"text-align: center;\">Rufen Sie uns an:<br \/>\n<span style=\"color: #000000;\"><strong>030 88 70 23 80<\/strong><\/span><\/p>\n<p>[\/et_pb_blurb][\/et_pb_column][\/et_pb_row][\/et_pb_section][et_pb_section fb_built=&#8221;1&#8243; _builder_version=&#8221;4.16&#8243; _module_preset=&#8221;default&#8221; custom_margin=&#8221;30px||||false|false&#8221; custom_padding=&#8221;30px||||false|false&#8221; global_colors_info=&#8221;{}&#8221;][et_pb_row _builder_version=&#8221;4.16&#8243; _module_preset=&#8221;default&#8221; custom_padding=&#8221;0px||||false|false&#8221; global_colors_info=&#8221;{}&#8221;][et_pb_column type=&#8221;4_4&#8243; _builder_version=&#8221;4.16&#8243; _module_preset=&#8221;default&#8221; global_colors_info=&#8221;{}&#8221;][et_pb_text admin_label=&#8221;H2&#8243; _builder_version=&#8221;4.16&#8243; _module_preset=&#8221;default&#8221; header_2_text_color=&#8221;#80bc02 &#8221; custom_margin=&#8221;||0px||false|false&#8221; custom_padding=&#8221;||0px||false|false&#8221; global_colors_info=&#8221;{}&#8221;]<\/p>\n<h2>Aktuelle Beitr\u00e4ge zum Datenschutzrecht<\/h2>\n<p>[\/et_pb_text][et_pb_blog posts_number=&#8221;12&#8243; include_categories=&#8221;1899,1900&#8243; show_more=&#8221;on&#8221; show_author=&#8221;off&#8221; module_class=&#8221;dt-blog&#8221; _builder_version=&#8221;4.16&#8243; _module_preset=&#8221;default&#8221; header_text_color=&#8221;#80bc02 &#8221; global_colors_info=&#8221;{}&#8221;][\/et_pb_blog][\/et_pb_column][\/et_pb_row][\/et_pb_section][et_pb_section fb_built=&#8221;1&#8243; fullwidth=&#8221;on&#8221; _builder_version=&#8221;4.16&#8243; _module_preset=&#8221;default&#8221; global_colors_info=&#8221;{}&#8221;][et_pb_fullwidth_map address=&#8221;Schl\u00fcterstra\u00dfe 37, 10629 Berlin, Deutschland&#8221; address_lat=&#8221;52.5022408&#8243; address_lng=&#8221;13.3165718&#8243; mouse_wheel=&#8221;off&#8221; _builder_version=&#8221;4.16&#8243; _module_preset=&#8221;default&#8221; child_filter_saturate=&#8221;0%&#8221; global_colors_info=&#8221;{}&#8221;][et_pb_map_pin title=&#8221;J\u00fcdemann Rechtsanw\u00e4lte&#8221; pin_address=&#8221;Schl\u00fcterstra\u00dfe 37, 10629 Berlin, Deutschland&#8221; zoom_level=&#8221;14&#8243; pin_address_lat=&#8221;52.5022408&#8243; pin_address_lng=&#8221;13.3165718&#8243; _builder_version=&#8221;4.6.6&#8243; _module_preset=&#8221;default&#8221; global_colors_info=&#8221;{}&#8221;][\/et_pb_map_pin][\/et_pb_fullwidth_map][\/et_pb_section]<\/p>\n","protected":false},"excerpt":{"rendered":"<p>Wir sind f\u00fcr Ihr UNTERNEHMEN\u00a0 in allen Fragen des Datenschutzrechts DA. Unser Leistungsspektrum reicht von der au\u00dfergerichtlichen Beratung und Gestaltung (u.a. Datenschutzerkl\u00e4rung, Datenschutzaudit) bis hin zu der gerichtlichen Vertretung im gesamten Bundesgebiet.Schl\u00fcterstra\u00dfe 37, D-10629 Berlin, (direkt am Kurf\u00fcrstendamm) Tel:\u00a0 030 88 70 23 80 | Fax: 030 88 70 23 85 kanzlei@ra-juedemann.de Datenschutz als Fundament [&hellip;]<\/p>\n","protected":false},"author":3,"featured_media":13853,"parent":0,"menu_order":2,"comment_status":"closed","ping_status":"closed","template":"","meta":{"_et_pb_use_builder":"on","_et_pb_old_content":"","_et_gb_content_width":"","footnotes":""},"class_list":["post-13917","page","type-page","status-publish","has-post-thumbnail","hentry"],"yoast_head":"<!-- This site is optimized with the Yoast SEO plugin v27.5 - https:\/\/yoast.com\/product\/yoast-seo-wordpress\/ -->\n<title>Anwalt f\u00fcr Datenschutzrecht<\/title>\n<meta name=\"description\" content=\"Anwalt f\u00fcr Datenschutzrecht - Wir sind f\u00fcr Sie da in allen Fragen des Datenschutzrechts. Unsere Leistungen stehen sowohl Unternehmen als auch Einzelpersonen offen.\" \/>\n<meta name=\"robots\" content=\"index, follow, max-snippet:-1, max-image-preview:large, max-video-preview:-1\" \/>\n<link rel=\"canonical\" href=\"https:\/\/ra-juedemann.de\/anwalt-datenschutzrecht-berlin\/\" \/>\n<meta property=\"og:locale\" content=\"en_US\" \/>\n<meta property=\"og:type\" content=\"article\" \/>\n<meta property=\"og:title\" content=\"Anwalt f\u00fcr Datenschutzrecht\" \/>\n<meta property=\"og:description\" content=\"Anwalt f\u00fcr Datenschutzrecht - Wir sind f\u00fcr Sie da in allen Fragen des Datenschutzrechts. Unsere Leistungen stehen sowohl Unternehmen als auch Einzelpersonen offen.\" \/>\n<meta property=\"og:url\" content=\"https:\/\/ra-juedemann.de\/anwalt-datenschutzrecht-berlin\/\" \/>\n<meta property=\"og:site_name\" content=\"J\u00fcdemann Rechtsanw\u00e4lte\" \/>\n<meta property=\"article:modified_time\" content=\"2024-10-10T15:10:40+00:00\" \/>\n<meta property=\"og:image\" content=\"https:\/\/ra-juedemann.de\/wp-content\/uploads\/2019\/05\/IMG_7727.jpg\" \/>\n\t<meta property=\"og:image:width\" content=\"992\" \/>\n\t<meta property=\"og:image:height\" content=\"768\" \/>\n\t<meta property=\"og:image:type\" content=\"image\/jpeg\" \/>\n<meta name=\"twitter:label1\" content=\"Est. reading time\" \/>\n\t<meta name=\"twitter:data1\" content=\"10 minutes\" \/>\n<script type=\"application\/ld+json\" class=\"yoast-schema-graph\">{\"@context\":\"https:\\\/\\\/schema.org\",\"@graph\":[{\"@type\":\"WebPage\",\"@id\":\"https:\\\/\\\/ra-juedemann.de\\\/anwalt-datenschutzrecht-berlin\\\/\",\"url\":\"https:\\\/\\\/ra-juedemann.de\\\/anwalt-datenschutzrecht-berlin\\\/\",\"name\":\"Anwalt f\u00fcr Datenschutzrecht\",\"isPartOf\":{\"@id\":\"https:\\\/\\\/ra-juedemann.de\\\/#website\"},\"primaryImageOfPage\":{\"@id\":\"https:\\\/\\\/ra-juedemann.de\\\/anwalt-datenschutzrecht-berlin\\\/#primaryimage\"},\"image\":{\"@id\":\"https:\\\/\\\/ra-juedemann.de\\\/anwalt-datenschutzrecht-berlin\\\/#primaryimage\"},\"thumbnailUrl\":\"https:\\\/\\\/ra-juedemann.de\\\/wp-content\\\/uploads\\\/2019\\\/05\\\/IMG_7727.jpg\",\"datePublished\":\"2016-02-29T14:00:36+00:00\",\"dateModified\":\"2024-10-10T15:10:40+00:00\",\"description\":\"Anwalt f\u00fcr Datenschutzrecht - Wir sind f\u00fcr Sie da in allen Fragen des Datenschutzrechts. Unsere Leistungen stehen sowohl Unternehmen als auch Einzelpersonen offen.\",\"breadcrumb\":{\"@id\":\"https:\\\/\\\/ra-juedemann.de\\\/anwalt-datenschutzrecht-berlin\\\/#breadcrumb\"},\"inLanguage\":\"en-US\",\"potentialAction\":[{\"@type\":\"ReadAction\",\"target\":[\"https:\\\/\\\/ra-juedemann.de\\\/anwalt-datenschutzrecht-berlin\\\/\"]}]},{\"@type\":\"ImageObject\",\"inLanguage\":\"en-US\",\"@id\":\"https:\\\/\\\/ra-juedemann.de\\\/anwalt-datenschutzrecht-berlin\\\/#primaryimage\",\"url\":\"https:\\\/\\\/ra-juedemann.de\\\/wp-content\\\/uploads\\\/2019\\\/05\\\/IMG_7727.jpg\",\"contentUrl\":\"https:\\\/\\\/ra-juedemann.de\\\/wp-content\\\/uploads\\\/2019\\\/05\\\/IMG_7727.jpg\",\"width\":992,\"height\":768},{\"@type\":\"BreadcrumbList\",\"@id\":\"https:\\\/\\\/ra-juedemann.de\\\/anwalt-datenschutzrecht-berlin\\\/#breadcrumb\",\"itemListElement\":[{\"@type\":\"ListItem\",\"position\":1,\"name\":\"Home\",\"item\":\"https:\\\/\\\/ra-juedemann.de\\\/en\\\/\"},{\"@type\":\"ListItem\",\"position\":2,\"name\":\"Anwalt f\u00fcr Datenschutzrecht\"}]},{\"@type\":\"WebSite\",\"@id\":\"https:\\\/\\\/ra-juedemann.de\\\/#website\",\"url\":\"https:\\\/\\\/ra-juedemann.de\\\/\",\"name\":\"J\u00fcdemann Rechtsanw\u00e4lte\",\"description\":\"Anwalt f\u00fcr Medien- und Urheberrecht in Berlin\",\"publisher\":{\"@id\":\"https:\\\/\\\/ra-juedemann.de\\\/#organization\"},\"potentialAction\":[{\"@type\":\"SearchAction\",\"target\":{\"@type\":\"EntryPoint\",\"urlTemplate\":\"https:\\\/\\\/ra-juedemann.de\\\/?s={search_term_string}\"},\"query-input\":{\"@type\":\"PropertyValueSpecification\",\"valueRequired\":true,\"valueName\":\"search_term_string\"}}],\"inLanguage\":\"en-US\"},{\"@type\":\"Organization\",\"@id\":\"https:\\\/\\\/ra-juedemann.de\\\/#organization\",\"name\":\"J\u00dcDEMANN RECHTSANW\u00c4LTE\",\"url\":\"https:\\\/\\\/ra-juedemann.de\\\/\",\"logo\":{\"@type\":\"ImageObject\",\"inLanguage\":\"en-US\",\"@id\":\"https:\\\/\\\/ra-juedemann.de\\\/#\\\/schema\\\/logo\\\/image\\\/\",\"url\":\"https:\\\/\\\/ra-juedemann.de\\\/wp-content\\\/uploads\\\/2019\\\/05\\\/IMG_7727.jpg\",\"contentUrl\":\"https:\\\/\\\/ra-juedemann.de\\\/wp-content\\\/uploads\\\/2019\\\/05\\\/IMG_7727.jpg\",\"width\":992,\"height\":768,\"caption\":\"J\u00dcDEMANN RECHTSANW\u00c4LTE\"},\"image\":{\"@id\":\"https:\\\/\\\/ra-juedemann.de\\\/#\\\/schema\\\/logo\\\/image\\\/\"}}]}<\/script>\n<!-- \/ Yoast SEO plugin. -->","yoast_head_json":{"title":"Anwalt f\u00fcr Datenschutzrecht","description":"Anwalt f\u00fcr Datenschutzrecht - Wir sind f\u00fcr Sie da in allen Fragen des Datenschutzrechts. Unsere Leistungen stehen sowohl Unternehmen als auch Einzelpersonen offen.","robots":{"index":"index","follow":"follow","max-snippet":"max-snippet:-1","max-image-preview":"max-image-preview:large","max-video-preview":"max-video-preview:-1"},"canonical":"https:\/\/ra-juedemann.de\/anwalt-datenschutzrecht-berlin\/","og_locale":"en_US","og_type":"article","og_title":"Anwalt f\u00fcr Datenschutzrecht","og_description":"Anwalt f\u00fcr Datenschutzrecht - Wir sind f\u00fcr Sie da in allen Fragen des Datenschutzrechts. Unsere Leistungen stehen sowohl Unternehmen als auch Einzelpersonen offen.","og_url":"https:\/\/ra-juedemann.de\/anwalt-datenschutzrecht-berlin\/","og_site_name":"J\u00fcdemann Rechtsanw\u00e4lte","article_modified_time":"2024-10-10T15:10:40+00:00","og_image":[{"width":992,"height":768,"url":"https:\/\/ra-juedemann.de\/wp-content\/uploads\/2019\/05\/IMG_7727.jpg","type":"image\/jpeg"}],"twitter_misc":{"Est. reading time":"10 minutes"},"schema":{"@context":"https:\/\/schema.org","@graph":[{"@type":"WebPage","@id":"https:\/\/ra-juedemann.de\/anwalt-datenschutzrecht-berlin\/","url":"https:\/\/ra-juedemann.de\/anwalt-datenschutzrecht-berlin\/","name":"Anwalt f\u00fcr Datenschutzrecht","isPartOf":{"@id":"https:\/\/ra-juedemann.de\/#website"},"primaryImageOfPage":{"@id":"https:\/\/ra-juedemann.de\/anwalt-datenschutzrecht-berlin\/#primaryimage"},"image":{"@id":"https:\/\/ra-juedemann.de\/anwalt-datenschutzrecht-berlin\/#primaryimage"},"thumbnailUrl":"https:\/\/ra-juedemann.de\/wp-content\/uploads\/2019\/05\/IMG_7727.jpg","datePublished":"2016-02-29T14:00:36+00:00","dateModified":"2024-10-10T15:10:40+00:00","description":"Anwalt f\u00fcr Datenschutzrecht - Wir sind f\u00fcr Sie da in allen Fragen des Datenschutzrechts. Unsere Leistungen stehen sowohl Unternehmen als auch Einzelpersonen offen.","breadcrumb":{"@id":"https:\/\/ra-juedemann.de\/anwalt-datenschutzrecht-berlin\/#breadcrumb"},"inLanguage":"en-US","potentialAction":[{"@type":"ReadAction","target":["https:\/\/ra-juedemann.de\/anwalt-datenschutzrecht-berlin\/"]}]},{"@type":"ImageObject","inLanguage":"en-US","@id":"https:\/\/ra-juedemann.de\/anwalt-datenschutzrecht-berlin\/#primaryimage","url":"https:\/\/ra-juedemann.de\/wp-content\/uploads\/2019\/05\/IMG_7727.jpg","contentUrl":"https:\/\/ra-juedemann.de\/wp-content\/uploads\/2019\/05\/IMG_7727.jpg","width":992,"height":768},{"@type":"BreadcrumbList","@id":"https:\/\/ra-juedemann.de\/anwalt-datenschutzrecht-berlin\/#breadcrumb","itemListElement":[{"@type":"ListItem","position":1,"name":"Home","item":"https:\/\/ra-juedemann.de\/en\/"},{"@type":"ListItem","position":2,"name":"Anwalt f\u00fcr Datenschutzrecht"}]},{"@type":"WebSite","@id":"https:\/\/ra-juedemann.de\/#website","url":"https:\/\/ra-juedemann.de\/","name":"J\u00fcdemann Rechtsanw\u00e4lte","description":"Anwalt f\u00fcr Medien- und Urheberrecht in Berlin","publisher":{"@id":"https:\/\/ra-juedemann.de\/#organization"},"potentialAction":[{"@type":"SearchAction","target":{"@type":"EntryPoint","urlTemplate":"https:\/\/ra-juedemann.de\/?s={search_term_string}"},"query-input":{"@type":"PropertyValueSpecification","valueRequired":true,"valueName":"search_term_string"}}],"inLanguage":"en-US"},{"@type":"Organization","@id":"https:\/\/ra-juedemann.de\/#organization","name":"J\u00dcDEMANN RECHTSANW\u00c4LTE","url":"https:\/\/ra-juedemann.de\/","logo":{"@type":"ImageObject","inLanguage":"en-US","@id":"https:\/\/ra-juedemann.de\/#\/schema\/logo\/image\/","url":"https:\/\/ra-juedemann.de\/wp-content\/uploads\/2019\/05\/IMG_7727.jpg","contentUrl":"https:\/\/ra-juedemann.de\/wp-content\/uploads\/2019\/05\/IMG_7727.jpg","width":992,"height":768,"caption":"J\u00dcDEMANN RECHTSANW\u00c4LTE"},"image":{"@id":"https:\/\/ra-juedemann.de\/#\/schema\/logo\/image\/"}}]}},"_links":{"self":[{"href":"https:\/\/ra-juedemann.de\/en\/wp-json\/wp\/v2\/pages\/13917","targetHints":{"allow":["GET"]}}],"collection":[{"href":"https:\/\/ra-juedemann.de\/en\/wp-json\/wp\/v2\/pages"}],"about":[{"href":"https:\/\/ra-juedemann.de\/en\/wp-json\/wp\/v2\/types\/page"}],"author":[{"embeddable":true,"href":"https:\/\/ra-juedemann.de\/en\/wp-json\/wp\/v2\/users\/3"}],"replies":[{"embeddable":true,"href":"https:\/\/ra-juedemann.de\/en\/wp-json\/wp\/v2\/comments?post=13917"}],"version-history":[{"count":0,"href":"https:\/\/ra-juedemann.de\/en\/wp-json\/wp\/v2\/pages\/13917\/revisions"}],"wp:featuredmedia":[{"embeddable":true,"href":"https:\/\/ra-juedemann.de\/en\/wp-json\/wp\/v2\/media\/13853"}],"wp:attachment":[{"href":"https:\/\/ra-juedemann.de\/en\/wp-json\/wp\/v2\/media?parent=13917"}],"curies":[{"name":"wp","href":"https:\/\/api.w.org\/{rel}","templated":true}]}}