{"id":13911,"date":"2019-07-17T11:10:20","date_gmt":"2019-07-17T09:10:20","guid":{"rendered":"https:\/\/ra-juedemann.de\/kanzlei-fotorecht-berlin\/"},"modified":"2021-08-27T11:41:16","modified_gmt":"2021-08-27T09:41:16","slug":"kanzlei-fotorecht-berlin","status":"publish","type":"page","link":"https:\/\/ra-juedemann.de\/en\/kanzlei-fotorecht-berlin\/","title":{"rendered":"Kanzlei Fotorecht Berlin"},"content":{"rendered":"<p>[et_pb_section fb_built=&#8221;1&#8243; fullwidth=&#8221;on&#8221; _builder_version=&#8221;4.6.6&#8243; _module_preset=&#8221;default&#8221;][et_pb_fullwidth_header subhead=&#8221;Kanzlei Fotorecht Berlin&#8221; button_one_text=&#8221;KONTAKT&#8221; button_one_url=&#8221;\/kontakt&#8221; button_two_text=&#8221;TEAM&#8221; button_two_url=&#8221;\/team&#8221; background_overlay_color=&#8221;rgba(0,0,0,0.37)&#8221; logo_image_url=&#8221;https:\/\/ra-juedemann.de\/wp-content\/uploads\/2021\/01\/RA_JUEDEMANN_logo-white.png&#8221; logo_alt_text=&#8221;Anwalt Pers\u00f6nlichkeitsrecht Berlin&#8221; logo_title=&#8221;Anwalt Pers\u00f6nlichkeitsrecht Berlin&#8221; _builder_version=&#8221;4.9.2&#8243; _module_preset=&#8221;default&#8221; title_font_size=&#8221;40px&#8221; title_letter_spacing=&#8221;2px&#8221; subhead_font_size=&#8221;22px&#8221; subhead_letter_spacing=&#8221;1px&#8221; background_enable_color=&#8221;off&#8221; background_image=&#8221;https:\/\/ra-juedemann.de\/wp-content\/uploads\/2021\/03\/HEADER_ra_juedemann_fotorecht.jpg&#8221; background_position=&#8221;top_center&#8221; custom_button_one=&#8221;on&#8221; button_one_text_color=&#8221;#80bc02 &#8221; button_one_bg_color=&#8221;#ffffff&#8221; button_one_custom_margin=&#8221;50px||||false|false&#8221; custom_padding=&#8221;12%||10%||false|false&#8221; box_shadow_style_button_one=&#8221;preset3&#8243;][\/et_pb_fullwidth_header][\/et_pb_section][et_pb_section fb_built=&#8221;1&#8243; _builder_version=&#8221;4.6.6&#8243; _module_preset=&#8221;default&#8221; custom_padding=&#8221;1px||18px|||&#8221;][et_pb_row column_structure=&#8221;2_3,1_3&#8243; _builder_version=&#8221;4.6.6&#8243; _module_preset=&#8221;default&#8221; custom_margin=&#8221;30px||||false|false&#8221; custom_padding=&#8221;||0px||false|false&#8221; locked=&#8221;off&#8221;][et_pb_column type=&#8221;2_3&#8243; _builder_version=&#8221;4.6.6&#8243; _module_preset=&#8221;default&#8221;][et_pb_text _builder_version=&#8221;4.9.2&#8243; _module_preset=&#8221;default&#8221; header_text_color=&#8221;#80BC02&#8243; header_2_text_color=&#8221;#80bc02 &#8220;]<\/p>\n<h2>Kanzlei Fotorecht Berlin<\/h2>\n<p>Bildrechte und Fotorechte \u2013 in Zeiten medialer Beschleunigung aller Lebensbereiche und zunehmender Transparenz aller Lebens- und Gesch\u00e4ftsbereiche stellt sich st\u00e4ndig die Frage nach der Zul\u00e4ssigkeit fremder und auch der eigenen Nutzung von Fotografien oder Videoclips.<\/p>\n<p>Wer darf Aufnahmen von mir, oder meinen B\u00fcror\u00e4umen, dem Geb\u00e4ude in dem ich lebe, von meinen Kindern oder Haustieren verwenden. Wo sind die Grenzen der Nutzung meiner eigenen Fotosammlung. Wie kann ich sicher sein, dass ich berechtigt bin, Fotos der Betriebsfeier auf die Homepage zu stellen \u2013 oder wie wehre ich mich, wenn meine Fotos auf dem Facebook Profil der Ex-Freundin oder des Ex-Freundes landen ? Darf mein Auftraggeber, obwohl er nicht zahlt, meine Fotos verwenden. Muss ich als Urheber genannt werden ?<\/p>\n<p>&nbsp;<\/p>\n<p>[\/et_pb_text][\/et_pb_column][et_pb_column type=&#8221;1_3&#8243; _builder_version=&#8221;4.6.6&#8243; _module_preset=&#8221;default&#8221; background_color=&#8221;#eeeeee&#8221; custom_padding=&#8221;30px|30px|30px|30px|false|false&#8221;][et_pb_image src=&#8221;https:\/\/ra-juedemann.de\/wp-content\/uploads\/2021\/01\/RA_JUEDEMANN_logo-1-2.png&#8221; alt=&#8221;Anwalt Pers\u00f6nlichkeitsrecht Berlin&#8221; title_text=&#8221;Anwalt Pers\u00f6nlichkeitsrecht Berlin&#8221; show_bottom_space=&#8221;off&#8221; force_fullwidth=&#8221;on&#8221; _builder_version=&#8221;4.9.2&#8243; _module_preset=&#8221;default&#8221; custom_margin=&#8221;|-6px||-6px|false|false&#8221; custom_padding=&#8221;||||false|false&#8221;][\/et_pb_image][et_pb_text _builder_version=&#8221;4.6.6&#8243; _module_preset=&#8221;default&#8221;]<\/p>\n<p>Schl\u00fcterstra\u00dfe 37, D-10629 Berlin<br \/>\n(direkt am Kurf\u00fcrstendamm)<br \/>\n<strong>Tel:<\/strong>\u00a0 030 88 70 23 80<br \/>\n<strong>Fax:<\/strong> 030 88 70 23 85<\/p>\n<p><span id=\"et-info-email\"> <a href=\"mailto:kanzlei@ra-juedemann.de\">kanzlei@ra-juedemann.de<\/a><\/span><\/p>\n<p>[\/et_pb_text][et_pb_divider show_divider=&#8221;off&#8221; _builder_version=&#8221;4.6.6&#8243; _module_preset=&#8221;default&#8221;][\/et_pb_divider][et_pb_image src=&#8221;https:\/\/ra-juedemann.de\/wp-content\/uploads\/2020\/11\/provenexpert-logo.png&#8221; alt=&#8221;Anwalt Pers\u00f6nlichkeitsrecht Berlin&#8221; title_text=&#8221;Anwalt Pers\u00f6nlichkeitsrecht Berlin&#8221; show_bottom_space=&#8221;off&#8221; align=&#8221;center&#8221; _builder_version=&#8221;4.9.2&#8243; _module_preset=&#8221;default&#8221; width=&#8221;75%&#8221; custom_margin=&#8221;|||20px|false|false&#8221;][\/et_pb_image][et_pb_code _builder_version=&#8221;4.6.6&#8243; _module_preset=&#8221;default&#8221; module_alignment=&#8221;center&#8221;]<!-- ProvenExpert Bewertungssiegel --><!-- [et_pb_line_break_holder] --><\/p>\n<div class=\"pe-richsnippets\"><!-- 3600\/3600 --><a id=\"pe_rating\" class=\"pe_g pe_b\" title=\"Kundenbewertungen &amp; Erfahrungen zu J\u00fcdemann Rechtsanw\u00e4lte. Mehr Infos anzeigen.\" href=\"https:\/\/www.provenexpert.com\/juedemann-rechtsanwaelte\/\" target=\"_blank\" rel=\"noopener noreferrer\"> <span id=\"pe_name\"> J\u00fcdemann Rechtsanw\u00e4lte Fachanwalt Urheberrecht Medienrecht Markenrecht Wettbewerbsrecht <\/span> <span id=\"pe_stars\"> <span style=\"width: 100%;\"> hat 4,92 von 5 Sternen <\/span> <\/span> <span class=\"pe_u\"> 369 Bewertungen auf ProvenExpert.com <\/span> <\/a><\/div>\n<p><!-- [et_pb_line_break_holder] --><script type=\"text\/javascript\" src=\"https:\/\/www.provenexpert.com\/widget\/richsnippet.js?u=18zpjRQBlVwplWUA3pGpmRQA48TA1LQB&#038;v=2\" async=\"\"><\/script>[\/et_pb_code][\/et_pb_column][\/et_pb_row][et_pb_row _builder_version=&#8221;4.6.6&#8243; _module_preset=&#8221;default&#8221; custom_padding=&#8221;||1px|||&#8221;][et_pb_column type=&#8221;4_4&#8243; _builder_version=&#8221;4.6.6&#8243; _module_preset=&#8221;default&#8221;][et_pb_text ul_type=&#8221;square&#8221; ol_position=&#8221;outside&#8221; ol_item_indent=&#8221;16px&#8221; _builder_version=&#8221;4.9.2&#8243; _module_preset=&#8221;default&#8221; ul_font_size=&#8221;16px&#8221; ul_line_height=&#8221;1.7em&#8221; ol_font=&#8221;|600|||||||&#8221; ol_font_size=&#8221;16px&#8221; ol_line_height=&#8221;1.7em&#8221; header_2_text_color=&#8221;#80bc02 &#8221; header_3_text_color=&#8221;#80bc02 &#8220;]<\/p>\n<p>Wir beraten zu allen Fragen des Rechts am eigenen Bild und zum <a href=\"https:\/\/ra-juedemann.de\/anwalt-urheberrecht-berlin\/\">Urheberrecht<\/a>. Wir helfen bei der Durchsetzung Ihrer Rechte und bei der Abwehr von unberechtigten Anspr\u00fcchen. Wir verhandeln gegebenenfalls mit der Gegenseite eine L\u00f6sung, um Sch\u00e4den zu reduzieren oder helfen bei der Nachlizensierung.<\/p>\n<p>Die unberechtigte Verwertung von Fotos erfolgt permanent \u2013 selbst gro\u00dfe Unternehmen verwenden Werke, deren Ursprung unbekannt ist oder von denen sie glauben, ausreichend Rechte zu verwenden. So hat aktuelle ein gro\u00dfes Modeunternehmen Fotos einer Mandantin verwendet, ohne dass diese hiervon Kenntnis hatte -die Folge war, dass wir eine Lizenzvertrag aushandelte und die Fotografin angemessen verg\u00fctet wurde. Wir mahnen daher nicht nur Rechtsverletzungen ab, wir versuchen eine wirtschaftliche L\u00f6sung f\u00fcr alle Beteiligen zu suchen. Daher ist der Abschluss von Vertr\u00e4gen, die den Urheber angemessen an der Verwertung beteiligen, eine Hauptaufgabe der Kanzlei.<\/p>\n<p>Wir helfen Ihnen aber auch, die rechtlichen Rahmenbedingungen f\u00fcr Sie zu schaffen -so dass Sie sich Ihr kreatives Schaffen konzentrieren k\u00f6nnen. Wir erstellen f\u00fcr Sie Allgemeine Gesch\u00e4ftsbedingungen und Rahmen- sowie Projektvertr\u00e4ge f\u00fcr Ihren beruflichen Auftritt und helfen Ihnen dabei, Verhandlungen mit Gesch\u00e4ftspartner zu f\u00fchren.<\/p>\n<p>[\/et_pb_text][\/et_pb_column][\/et_pb_row][et_pb_row column_structure=&#8221;1_2,1_2&#8243; disabled_on=&#8221;on|on|on&#8221; _builder_version=&#8221;4.9.2&#8243; _module_preset=&#8221;default&#8221; custom_padding=&#8221;30px||||false|false&#8221; disabled=&#8221;on&#8221;][et_pb_column type=&#8221;1_2&#8243; _builder_version=&#8221;4.9.2&#8243; _module_preset=&#8221;default&#8221; background_color=&#8221;#eeeeee&#8221; box_shadow_style=&#8221;preset3&#8243;][et_pb_image src=&#8221;https:\/\/ra-juedemann.de\/wp-content\/uploads\/2021\/03\/HEADER_ra_juedemann_revenge_porn_2.jpg&#8221; alt=&#8221;RachePorno: Online Pranger &#8211; Nacktfotos im Internet und Rachepornos (REVENGE-PORN)&#8221; title_text=&#8221;HEADER_ra_juedemann_revenge_porn_2&#8243; url=&#8221;https:\/\/ra-juedemann.de\/revenge-porn-rache-porno\/&#8221; force_fullwidth=&#8221;on&#8221; _builder_version=&#8221;4.9.2&#8243; _module_preset=&#8221;default&#8221; custom_margin=&#8221;||25px|||&#8221;][\/et_pb_image][et_pb_text _builder_version=&#8221;4.9.2&#8243; _module_preset=&#8221;default&#8221; header_3_font=&#8221;|600||on|||||&#8221; header_3_text_color=&#8221;#333333&#8243; header_3_font_size=&#8221;20px&#8221; header_3_line_height=&#8221;1.3em&#8221; custom_margin=&#8221;|||0px|false|false&#8221; custom_padding=&#8221;|0px||0px|false|false&#8221;]<\/p>\n<h3 class=\"entry-title main_title\" style=\"text-align: center;\"><a title=\"Rache-Pornos\" href=\"https:\/\/ra-juedemann.de\/revenge-porn-rache-porno\/\">Rache-Pornos \/ Revenge Porn<\/a><\/h3>\n<p>[\/et_pb_text][\/et_pb_column][et_pb_column type=&#8221;1_2&#8243; _builder_version=&#8221;4.9.2&#8243; _module_preset=&#8221;default&#8221;][\/et_pb_column][\/et_pb_row][et_pb_row _builder_version=&#8221;4.9.2&#8243; _module_preset=&#8221;default&#8221; custom_padding=&#8221;||0px||false|false&#8221; hover_enabled=&#8221;0&#8243; locked=&#8221;off&#8221; disabled_on=&#8221;on|on|on&#8221; disabled=&#8221;on&#8221; sticky_enabled=&#8221;0&#8243;][et_pb_column type=&#8221;4_4&#8243; _builder_version=&#8221;4.7.7&#8243; _module_preset=&#8221;default&#8221;][et_pb_text ul_type=&#8221;square&#8221; admin_label=&#8221;Infofeld&#8221; _builder_version=&#8221;4.9.2&#8243; _module_preset=&#8221;default&#8221; ul_font_size=&#8221;16px&#8221; ul_line_height=&#8221;1.7em&#8221; header_2_font=&#8221;|||on|||||&#8221; header_2_text_color=&#8221;#80bc02 &#8221; header_3_font=&#8221;||||||||&#8221; header_3_text_color=&#8221;#80bc02&#8243; background_color=&#8221;#eeeeee&#8221; custom_margin=&#8221;||||false|false&#8221; custom_padding=&#8221;30px|30px|30px|30px|false|false&#8221;]<\/p>\n<h3>Unsere Leistungen<\/h3>\n<p>Wir beraten und vertreten Sie in s\u00e4mtlichen pers\u00f6nlichkeitsrechtlich relevanten Sachverhalten. Als Tr\u00e4ger von Pers\u00f6nlichkeitsrechten k\u00f6nnen Ihnen bei Rechtsverletzungen <strong>Unterlassungs-, Auskunfts-, Schadens- und Aufwendungsersatzanspr\u00fcche<\/strong> zustehen. Diese setzen wir f\u00fcr Sie effektiv au\u00dfergerichtlich als auch gerichtlich durch. Zur schnellen gerichtlichen Durchsetzung f\u00fchren wir f\u00fcr Sie insbesondere auch einstweilige Verf\u00fcgungsverfahren. Aufgrund unserer langj\u00e4hrigen Erfahrung von \u00fcber 20 Jahren k\u00f6nnen wir f\u00fcr Sie auch im Rahmen von Verhandlungen effektive, interessengerechte und langfristige L\u00f6sungen erm\u00f6glichen.<\/p>\n<p>[\/et_pb_text][\/et_pb_column][\/et_pb_row][et_pb_row column_structure=&#8221;1_3,1_3,1_3&#8243; use_custom_gutter=&#8221;on&#8221; gutter_width=&#8221;2&#8243; make_equal=&#8221;on&#8221; disabled_on=&#8221;on|on|on&#8221; _builder_version=&#8221;4.9.2&#8243; _module_preset=&#8221;default&#8221; disabled=&#8221;on&#8221; locked=&#8221;off&#8221;][et_pb_column type=&#8221;1_3&#8243; _builder_version=&#8221;4.9.0&#8243; _module_preset=&#8221;default&#8221;][et_pb_blurb url=&#8221;\/art-5-gg-meinungs-und-pressefreiheit&#8221; _builder_version=&#8221;4.9.2&#8243; _module_preset=&#8221;default&#8221; header_level=&#8221;h3&#8243; header_font=&#8221;|600||on|||||&#8221; body_font=&#8221;|600||on|||||&#8221; body_font_size=&#8221;20px&#8221; background_color=&#8221;#eeeeee&#8221; min_height=&#8221;90px&#8221; height=&#8221;90px&#8221; max_height=&#8221;90px&#8221; custom_padding=&#8221;20px|8px|20px|7px|false|false&#8221; link_option_url=&#8221;\/art-5-gg-meinungs-und-pressefreiheit&#8221; box_shadow_style=&#8221;preset3&#8243; background_color__hover=&#8221;#666666&#8243; background_enable_color__hover=&#8221;on&#8221; background_layout__hover_enabled=&#8221;on|hover&#8221; body_text_color__hover_enabled=&#8221;on|hover&#8221; body_text_color__hover=&#8221;#ffffff&#8221; background__hover_enabled=&#8221;on|hover&#8221;]<\/p>\n<p style=\"text-align: center;\"><a href=\"https:\/\/dejure.org\/gesetze\/GG\/5.html\" title=\"Art. 5 GG\">Artikel 5<\/a> im Grundgesetz<br \/>\nMeinungs- und Pressefreiheit<\/p>\n<p>[\/et_pb_blurb][\/et_pb_column][et_pb_column type=&#8221;1_3&#8243; _builder_version=&#8221;4.9.0&#8243; _module_preset=&#8221;default&#8221;][et_pb_blurb url=&#8221;\/berliner-pressegesetz&#8221; _builder_version=&#8221;4.9.2&#8243; _module_preset=&#8221;default&#8221; header_level=&#8221;h3&#8243; header_font=&#8221;|600||on|||||&#8221; body_font=&#8221;|600||on|||||&#8221; body_font_size=&#8221;20px&#8221; background_color=&#8221;#eeeeee&#8221; min_height=&#8221;90px&#8221; height=&#8221;90px&#8221; max_height=&#8221;90px&#8221; custom_padding=&#8221;20px|20px|20px|20px|false|false&#8221; link_option_url=&#8221;\/berliner-pressegesetz&#8221; box_shadow_style=&#8221;preset3&#8243; background_color__hover=&#8221;#666666&#8243; background_enable_color__hover=&#8221;on&#8221; background_layout__hover_enabled=&#8221;on|hover&#8221; body_text_color__hover_enabled=&#8221;on|hover&#8221; body_text_color__hover=&#8221;#ffffff&#8221; background__hover_enabled=&#8221;on|hover&#8221;]<\/p>\n<p style=\"text-align: center;\">Berliner<br \/>\nPressegesetz<\/p>\n<p>[\/et_pb_blurb][\/et_pb_column][et_pb_column type=&#8221;1_3&#8243; _builder_version=&#8221;4.9.0&#8243; _module_preset=&#8221;default&#8221;][et_pb_blurb url=&#8221;\/\u201eder-glaserne-staat-oder-\u201edas-auskunftsrecht-eines-journalisten-gegenuber-staatlichen-stellen&#8221; _builder_version=&#8221;4.9.2&#8243; _module_preset=&#8221;default&#8221; header_level=&#8221;h3&#8243; header_font=&#8221;|600||on|||||&#8221; body_font=&#8221;|600||on|||||&#8221; body_font_size=&#8221;20px&#8221; background_color=&#8221;#eeeeee&#8221; min_height=&#8221;90px&#8221; height=&#8221;90px&#8221; max_height=&#8221;90px&#8221; custom_padding=&#8221;20px|20px|20px|20px|false|false&#8221; link_option_url=&#8221;\/\u201eder-glaserne-staat-oder-\u201edas-auskunftsrecht-eines-journalisten-gegenuber-staatlichen-stellen&#8221; box_shadow_style=&#8221;preset3&#8243; background__hover_enabled=&#8221;on|hover&#8221; background_color__hover=&#8221;#666666&#8243; background_enable_color__hover=&#8221;on&#8221; background_layout__hover_enabled=&#8221;on|hover&#8221; body_text_color__hover_enabled=&#8221;on|hover&#8221; body_text_color__hover=&#8221;#ffffff&#8221;]<\/p>\n<p style=\"text-align: center;\">Informationsrecht<br \/>\nder Journalisten<\/p>\n<p>[\/et_pb_blurb][\/et_pb_column][\/et_pb_row][et_pb_row disabled_on=&#8221;off|off|off&#8221; _builder_version=&#8221;4.9.2&#8243; _module_preset=&#8221;default&#8221; background_color=&#8221;rgba(0,0,0,0)&#8221; custom_margin=&#8221;||||false|false&#8221; custom_padding=&#8221;30px|0px|30px|0px|false|false&#8221;][et_pb_column type=&#8221;4_4&#8243; _builder_version=&#8221;4.6.6&#8243; _module_preset=&#8221;default&#8221;][et_pb_blurb image=&#8221;https:\/\/ra-juedemann.de\/wp-content\/uploads\/2021\/01\/MEDIENRECHT.png&#8221; icon_placement=&#8221;left&#8221; content_max_width=&#8221;80%&#8221; disabled_on=&#8221;on|off|off&#8221; _builder_version=&#8221;4.9.2&#8243; _module_preset=&#8221;default&#8221; header_level=&#8221;h1&#8243; header_font=&#8221;|600||on|||||&#8221; header_font_size=&#8221;20px&#8221; header_line_height=&#8221;1.3em&#8221; body_font=&#8221;|600||on|||||&#8221; body_font_size=&#8221;20px&#8221; background_color=&#8221;#80bc02 &#8221; background_layout=&#8221;dark&#8221; custom_margin=&#8221;|0px||0px|false|false&#8221; custom_padding=&#8221;20px||30px||false|false&#8221; box_shadow_style=&#8221;preset3&#8243; locked=&#8221;off&#8221;]<\/p>\n<p>Holen Sie sich von uns eine kostenlose, anwaltliche Erstberatung. Auf dieser Seite finden Sie zudem detaillierte Informationen rund um das Thema <a title=\"Anwalt Urheberrecht Berlin\" href=\"https:\/\/ra-juedemann.de\/anwalt-urheberrecht-berlin\/\"><strong><span style=\"color: #ffffff;\">Urheberrecht<\/span><\/strong><\/a> und <span style=\"color: #ffffff;\"><a style=\"color: #ffffff;\" title=\"Anwalt Pers\u00f6nlichkeitsrecht Berlin\" href=\"https:\/\/ra-juedemann.de\/anwalt-persoenlichkeitsrecht-berlin\/\"><strong>Pers\u00f6nlichkeitsrecht<\/strong><\/a><\/span>.<\/p>\n<p>Rufen Sie uns an: <strong>030 88 70 23 80<\/strong><\/p>\n<p>[\/et_pb_blurb][et_pb_blurb image=&#8221;https:\/\/ra-juedemann.de\/wp-content\/uploads\/2021\/01\/MEDIENRECHT.png&#8221; disabled_on=&#8221;off|on|on&#8221; module_class=&#8221;abmahnung&#8221; _builder_version=&#8221;4.9.2&#8243; _module_preset=&#8221;default&#8221; header_level=&#8221;h1&#8243; header_font=&#8221;|600||on|||||&#8221; header_font_size=&#8221;20px&#8221; header_line_height=&#8221;1.3em&#8221; body_font=&#8221;|600||on|||||&#8221; body_font_size=&#8221;18px&#8221; body_link_text_color=&#8221;#000000&#8243; background_color=&#8221;#80bc02 &#8221; background_layout=&#8221;dark&#8221; width=&#8221;100%&#8221; custom_margin=&#8221;|0px||0px|false|false&#8221; custom_padding=&#8221;20px||30px||false|false&#8221; box_shadow_style=&#8221;preset3&#8243; locked=&#8221;off&#8221;]<\/p>\n<p style=\"text-align: center;\">Holen Sie sich von uns eine kostenlose, anwaltliche Erstberatung. Auf dieser Seite finden Sie zudem detaillierte Informationen rund um das Thema <a title=\"Anwalt Urheberrecht Berlin\" href=\"https:\/\/ra-juedemann.de\/anwalt-urheberrecht-berlin\/\"><strong><span style=\"color: #ffffff;\">Urheberrecht<\/span><\/strong><\/a> und <span style=\"color: #ffffff;\"><a style=\"color: #ffffff;\" title=\"Anwalt Pers\u00f6nlichkeitsrecht Berlin\" href=\"https:\/\/ra-juedemann.de\/anwalt-persoenlichkeitsrecht-berlin\/\"><strong>Pers\u00f6nlichkeitsrecht<\/strong><\/a><\/span>.<\/p>\n<p style=\"text-align: center;\">Rufen Sie uns an:<br \/>\n<span style=\"color: #ffffff;\"><strong>030 88 70 23 80<\/strong><\/span><\/p>\n<p>[\/et_pb_blurb][\/et_pb_column][\/et_pb_row][et_pb_row _builder_version=&#8221;4.8.1&#8243; _module_preset=&#8221;default&#8221;][et_pb_column type=&#8221;4_4&#8243; _builder_version=&#8221;4.8.1&#8243; _module_preset=&#8221;default&#8221;][et_pb_text _builder_version=&#8221;4.9.2&#8243; _module_preset=&#8221;default&#8221; header_2_text_color=&#8221;#80bc02 &#8221; header_3_text_color=&#8221;#80bc02 &#8220;]<\/p>\n<h2>Wer sind J\u00fcdemann Rechtsanw\u00e4lte?<\/h2>\n<p>Wir helfen Ihnen aber auch, die rechtlichen Rahmenbedingungen f\u00fcr Sie zu schaffen -so dass Sie sich Ihr kreatives Schaffen konzentrieren k\u00f6nnen. Wir erstellen f\u00fcr Sie Allgemeine Gesch\u00e4ftsbedingungen und Rahmen- sowie Projektvertr\u00e4ge f\u00fcr Ihren beruflichen Auftritt und helfen Ihnen dabei, Verhandlungen mit Gesch\u00e4ftspartner zu f\u00fchren.<\/p>\n<p>Wir haben sowohl die medienrechtliche als auch die strafrechliche Kompetenz Sie fundiert zu beraten und in Streitf\u00e4llen zu vertreten. Ich bin nicht nur Fachanwalt f\u00fcr Urheber- und Medienrecht, ich bin auch Fachanwalt f\u00fcr Strafrecht.<\/p>\n<p>Wir vertreten Fotografen, Agenturen, Filmgesellschaften und Produzenten, aber auch Privatpersonen, deren Rechte ber\u00fchrt werden.<\/p>\n<p>&nbsp;<\/p>\n<p>[\/et_pb_text][\/et_pb_column][\/et_pb_row][\/et_pb_section][et_pb_section fb_built=&#8221;1&#8243; _builder_version=&#8221;4.6.6&#8243; _module_preset=&#8221;default&#8221; custom_margin=&#8221;30px||||false|false&#8221; custom_padding=&#8221;30px||||false|false&#8221; locked=&#8221;off&#8221;][et_pb_row _builder_version=&#8221;4.6.6&#8243; _module_preset=&#8221;default&#8221; custom_padding=&#8221;0px||||false|false&#8221;][et_pb_column type=&#8221;4_4&#8243; _builder_version=&#8221;4.6.6&#8243; _module_preset=&#8221;default&#8221;][et_pb_text admin_label=&#8221;H2&#8243; _builder_version=&#8221;4.9.2&#8243; _module_preset=&#8221;default&#8221; header_2_text_color=&#8221;#80bc02 &#8221; custom_margin=&#8221;||0px||false|false&#8221; custom_padding=&#8221;||0px||false|false&#8221;]<\/p>\n<h2>Aktuelle Beitr\u00e4ge zum Fotorecht<\/h2>\n<p>[\/et_pb_text][et_pb_blog posts_number=&#8221;12&#8243; include_categories=&#8221;223&#8243; show_more=&#8221;on&#8221; show_author=&#8221;off&#8221; module_class=&#8221;dt-blog&#8221; _builder_version=&#8221;4.9.2&#8243; _module_preset=&#8221;default&#8221; header_text_color=&#8221;#80bc02 &#8220;][\/et_pb_blog][\/et_pb_column][\/et_pb_row][\/et_pb_section][et_pb_section fb_built=&#8221;1&#8243; fullwidth=&#8221;on&#8221; _builder_version=&#8221;4.6.6&#8243; _module_preset=&#8221;default&#8221;][et_pb_fullwidth_map address=&#8221;Schl\u00fcterstra\u00dfe 37, 10629 Berlin, Deutschland&#8221; address_lat=&#8221;52.5022408&#8243; address_lng=&#8221;13.3165718&#8243; mouse_wheel=&#8221;off&#8221; _builder_version=&#8221;4.6.6&#8243; _module_preset=&#8221;default&#8221; child_filter_saturate=&#8221;0%&#8221;][et_pb_map_pin title=&#8221;J\u00fcdemann Rechtsanw\u00e4lte&#8221; pin_address=&#8221;Schl\u00fcterstra\u00dfe 37, 10629 Berlin, Deutschland&#8221; zoom_level=&#8221;14&#8243; pin_address_lat=&#8221;52.5022408&#8243; pin_address_lng=&#8221;13.3165718&#8243; _builder_version=&#8221;4.6.6&#8243; _module_preset=&#8221;default&#8221;][\/et_pb_map_pin][\/et_pb_fullwidth_map][\/et_pb_section]<\/p>\n","protected":false},"excerpt":{"rendered":"<p>[et_pb_section fb_built=&#8221;1&#8243; fullwidth=&#8221;on&#8221; _builder_version=&#8221;4.6.6&#8243; _module_preset=&#8221;default&#8221;][et_pb_fullwidth_header subhead=&#8221;Kanzlei Fotorecht Berlin&#8221; button_one_text=&#8221;KONTAKT&#8221; button_one_url=&#8221;\/kontakt&#8221; button_two_text=&#8221;TEAM&#8221; button_two_url=&#8221;\/team&#8221; background_overlay_color=&#8221;rgba(0,0,0,0.37)&#8221; logo_image_url=&#8221;https:\/\/ra-juedemann.de\/wp-content\/uploads\/2021\/01\/RA_JUEDEMANN_logo-white.png&#8221; logo_alt_text=&#8221;Anwalt Pers\u00f6nlichkeitsrecht Berlin&#8221; logo_title=&#8221;Anwalt Pers\u00f6nlichkeitsrecht Berlin&#8221; _builder_version=&#8221;4.9.2&#8243; _module_preset=&#8221;default&#8221; title_font_size=&#8221;40px&#8221; title_letter_spacing=&#8221;2px&#8221; subhead_font_size=&#8221;22px&#8221; subhead_letter_spacing=&#8221;1px&#8221; background_enable_color=&#8221;off&#8221; background_image=&#8221;https:\/\/ra-juedemann.de\/wp-content\/uploads\/2021\/03\/HEADER_ra_juedemann_fotorecht.jpg&#8221; background_position=&#8221;top_center&#8221; custom_button_one=&#8221;on&#8221; button_one_text_color=&#8221;#80bc02 &#8221; button_one_bg_color=&#8221;#ffffff&#8221; button_one_custom_margin=&#8221;50px||||false|false&#8221; custom_padding=&#8221;12%||10%||false|false&#8221; box_shadow_style_button_one=&#8221;preset3&#8243;][\/et_pb_fullwidth_header][\/et_pb_section][et_pb_section fb_built=&#8221;1&#8243; _builder_version=&#8221;4.6.6&#8243; _module_preset=&#8221;default&#8221; custom_padding=&#8221;1px||18px|||&#8221;][et_pb_row column_structure=&#8221;2_3,1_3&#8243; _builder_version=&#8221;4.6.6&#8243; _module_preset=&#8221;default&#8221; custom_margin=&#8221;30px||||false|false&#8221; custom_padding=&#8221;||0px||false|false&#8221; locked=&#8221;off&#8221;][et_pb_column type=&#8221;2_3&#8243; _builder_version=&#8221;4.6.6&#8243; _module_preset=&#8221;default&#8221;][et_pb_text _builder_version=&#8221;4.9.2&#8243; _module_preset=&#8221;default&#8221; header_text_color=&#8221;#80BC02&#8243; header_2_text_color=&#8221;#80bc02 &#8220;] Kanzlei [&hellip;]<\/p>\n","protected":false},"author":3,"featured_media":13913,"parent":0,"menu_order":0,"comment_status":"closed","ping_status":"closed","template":"","meta":{"_et_pb_use_builder":"off","_et_pb_old_content":"Kanzlei Fotorecht Berlin\r\n<p style=\"text-align: justify;\"><span style=\"font-size: 12pt; font-family: arial, helvetica, sans-serif;\">Bildrechte\u00a0 und Fotorechte - in Zeiten medialer Beschleunigung aller Lebensbereiche und zunehmender Transparenz aller Lebens- und Gesch\u00e4ftsbereiche stellt sich st\u00e4ndig die Frage nach der Zul\u00e4ssigkeit fremder und auch der eigenen Nutzung von Fotografien oder Videoclips. Wer darf Aufnahmen von mir, oder meinen B\u00fcror\u00e4umen, dem Geb\u00e4ude in dem ich lebe, von meinen Kindern oder Haustieren verwenden. Wo sind die Grenzen der Nutzung meiner eigenen Fotosammlung. Wie kann ich sicher sein, dass ich berechtigt bin, Fotos der Betriebsfeier auf die Homepage zu stellen - oder wie wehre ich mich, wenn meine Fotos auf dem Facebook Profil der Ex-Freundin oder des Ex-Freundes landen ? Darf mein Auftraggeber, obwohl er nicht zahlt, meine Fotos verwenden. Muss ich als Urheber genannt werden ?<\/span><\/p>\r\n<p style=\"text-align: justify;\"><span style=\"font-family: arial, helvetica, sans-serif; font-size: 12pt;\">Wir beraten zu allen Fragen des Rechts am eigenen Bild und zum Urheberrecht. Wir helfen bei der Durchsetzung Ihrer Rechte und bei der Abwehr von unberechtigten Anspr\u00fcchen. Wir verhandeln gegebenenfalls mit der Gegenseite eine L\u00f6sung, um Sch\u00e4den zu reduzieren oder helfen bei der Nachlizensierung. <\/span><\/p>\r\n<p style=\"text-align: justify;\"><span style=\"font-family: arial, helvetica, sans-serif; font-size: 12pt;\">Die unberechtigte Verwertung von Fotos erfolgt permanent - selbst gro\u00dfe Unternehmen verwenden Werke, deren Ursprung unbekannt ist oder von denen sie glauben, ausreichend Rechte zu verwenden. So hat aktuelle ein gro\u00dfes Modeunternehmen Fotos einer Mandantin verwendet, ohne dass diese hiervon Kenntnis hatte -die Folge war, dass wir eine Lizenzvertrag aushandelte und die Fotografin angemessen verg\u00fctet wurde. Wir mahnen daher nicht nur Rechtsverletzungen ab, wir versuchen eine wirtschaftliche L\u00f6sung f\u00fcr alle Beteiligen zu suchen. Daher ist der Abschluss von Vertr\u00e4gen, die den Urheber angemessen an der Verwertung beteiligen, eine Hauptaufgabe der Kanzlei.<\/span><\/p>\r\n<p style=\"text-align: justify;\"><span style=\"font-family: arial, helvetica, sans-serif; font-size: 12pt;\">Wir helfen Ihnen aber auch, die rechtlichen Rahmenbedingungen f\u00fcr Sie zu schaffen -so dass Sie sich Ihr kreatives Schaffen konzentrieren k\u00f6nnen. Wir erstellen f\u00fcr Sie Allgemeine Gesch\u00e4ftsbedingungen und Rahmen- sowie Projektvertr\u00e4ge f\u00fcr Ihren beruflichen Auftritt und helfen Ihnen dabei, Verhandlungen\u00a0 mit Gesch\u00e4ftspartner zu f\u00fchren.<\/span><\/p>\r\n<p style=\"text-align: justify;\"><span style=\"font-family: arial, helvetica, sans-serif; font-size: 12pt;\">Wir haben sowohl die medienrechtliche als auch die strafrechliche Kompetenz Sie fundiert zu beraten und in Streitf\u00e4llen zu vertreten. Ich bin nicht nur Fachanwalt f\u00fcr Urheber- und Medienrecht, ich bin auch Fachanwalt f\u00fcr Strafrecht.\u00a0<\/span><\/p>\r\n<span style=\"font-size: 12pt; font-family: arial, helvetica, sans-serif;\">Wir vertreten Fotografen, Agenturen, Filmgesellschaften und Produzenten, aber auch Privatpersonen, deren Rechte ber\u00fchrt werden.\u00a0<\/span>\r\n\r\n\u00a0\r\n\r\n\u00a0\r\n\r\n\u00a0\r\n\r\n\u00a0\r\n\r\n<a href=\"https:\/\/www.ra-juedemann.de\">J\u00fcdemann Rechtsanw\u00e4lte<\/a>\r\n\r\n<a href=\"https:\/\/www.gesetze-im-internet.de\/kunsturhg\/\">Kunsturhebergesetz<\/a>\r\n\r\n<a href=\"https:\/\/www.gesetze-im-internet.de\/urhg\/\">Urhebergesetz<\/a>\r\n<div class=\"pe-richsnippets\"><\/div>\r\n<script type=\"text\/javascript\" src=\"https:\/\/www.provenexpert.com\/widget\/richsnippet.js?u=18zpjRQBlVwplWUA3pGpmRQA48TA1LQB&v=2\" async><\/script>","_et_gb_content_width":"","footnotes":""},"class_list":["post-13911","page","type-page","status-publish","has-post-thumbnail","hentry"],"yoast_head":"<!-- This site is optimized with the Yoast SEO plugin v27.5 - https:\/\/yoast.com\/product\/yoast-seo-wordpress\/ -->\n<title>Kanzlei Fotorecht Berlin<\/title>\n<meta name=\"description\" content=\"Anwalt Fotorecht Berlin Rechtsanwalt J\u00fcdemann - Anwalt Medienrecht Berlin, Fachanwalt f\u00fcr Strafrecht und zertifizierter Datenschutzbeauftragter.\" \/>\n<meta name=\"robots\" content=\"index, follow, max-snippet:-1, max-image-preview:large, max-video-preview:-1\" \/>\n<link rel=\"canonical\" href=\"https:\/\/ra-juedemann.de\/en\/kanzlei-fotorecht-berlin\/\" \/>\n<meta property=\"og:locale\" content=\"en_US\" \/>\n<meta property=\"og:type\" content=\"article\" \/>\n<meta property=\"og:title\" content=\"Kanzlei Fotorecht Berlin\" \/>\n<meta property=\"og:description\" content=\"Anwalt Fotorecht Berlin Rechtsanwalt J\u00fcdemann - Anwalt Medienrecht Berlin, Fachanwalt f\u00fcr Strafrecht und zertifizierter Datenschutzbeauftragter.\" \/>\n<meta property=\"og:url\" content=\"https:\/\/ra-juedemann.de\/en\/kanzlei-fotorecht-berlin\/\" \/>\n<meta property=\"og:site_name\" content=\"J\u00fcdemann Rechtsanw\u00e4lte\" \/>\n<meta property=\"article:modified_time\" content=\"2021-08-27T09:41:16+00:00\" \/>\n<meta property=\"og:image\" content=\"https:\/\/ra-juedemann.de\/wp-content\/uploads\/2021\/03\/HEADER_ra_juedemann_fotorecht.jpg\" \/>\n\t<meta property=\"og:image:width\" content=\"1500\" \/>\n\t<meta property=\"og:image:height\" content=\"649\" \/>\n\t<meta property=\"og:image:type\" content=\"image\/jpeg\" \/>\n<meta name=\"twitter:label1\" content=\"Est. reading time\" \/>\n\t<meta name=\"twitter:data1\" content=\"10 minutes\" \/>\n<script type=\"application\/ld+json\" class=\"yoast-schema-graph\">{\"@context\":\"https:\\\/\\\/schema.org\",\"@graph\":[{\"@type\":\"WebPage\",\"@id\":\"https:\\\/\\\/ra-juedemann.de\\\/en\\\/kanzlei-fotorecht-berlin\\\/\",\"url\":\"https:\\\/\\\/ra-juedemann.de\\\/en\\\/kanzlei-fotorecht-berlin\\\/\",\"name\":\"Kanzlei Fotorecht Berlin\",\"isPartOf\":{\"@id\":\"https:\\\/\\\/ra-juedemann.de\\\/#website\"},\"primaryImageOfPage\":{\"@id\":\"https:\\\/\\\/ra-juedemann.de\\\/en\\\/kanzlei-fotorecht-berlin\\\/#primaryimage\"},\"image\":{\"@id\":\"https:\\\/\\\/ra-juedemann.de\\\/en\\\/kanzlei-fotorecht-berlin\\\/#primaryimage\"},\"thumbnailUrl\":\"https:\\\/\\\/ra-juedemann.de\\\/wp-content\\\/uploads\\\/2021\\\/03\\\/HEADER_ra_juedemann_fotorecht.jpg\",\"datePublished\":\"2019-07-17T09:10:20+00:00\",\"dateModified\":\"2021-08-27T09:41:16+00:00\",\"description\":\"Anwalt Fotorecht Berlin Rechtsanwalt J\u00fcdemann - Anwalt Medienrecht Berlin, Fachanwalt f\u00fcr Strafrecht und zertifizierter Datenschutzbeauftragter.\",\"breadcrumb\":{\"@id\":\"https:\\\/\\\/ra-juedemann.de\\\/en\\\/kanzlei-fotorecht-berlin\\\/#breadcrumb\"},\"inLanguage\":\"en-US\",\"potentialAction\":[{\"@type\":\"ReadAction\",\"target\":[\"https:\\\/\\\/ra-juedemann.de\\\/en\\\/kanzlei-fotorecht-berlin\\\/\"]}]},{\"@type\":\"ImageObject\",\"inLanguage\":\"en-US\",\"@id\":\"https:\\\/\\\/ra-juedemann.de\\\/en\\\/kanzlei-fotorecht-berlin\\\/#primaryimage\",\"url\":\"https:\\\/\\\/ra-juedemann.de\\\/wp-content\\\/uploads\\\/2021\\\/03\\\/HEADER_ra_juedemann_fotorecht.jpg\",\"contentUrl\":\"https:\\\/\\\/ra-juedemann.de\\\/wp-content\\\/uploads\\\/2021\\\/03\\\/HEADER_ra_juedemann_fotorecht.jpg\",\"width\":1500,\"height\":649},{\"@type\":\"BreadcrumbList\",\"@id\":\"https:\\\/\\\/ra-juedemann.de\\\/en\\\/kanzlei-fotorecht-berlin\\\/#breadcrumb\",\"itemListElement\":[{\"@type\":\"ListItem\",\"position\":1,\"name\":\"Home\",\"item\":\"https:\\\/\\\/ra-juedemann.de\\\/en\\\/\"},{\"@type\":\"ListItem\",\"position\":2,\"name\":\"Kanzlei Fotorecht Berlin\"}]},{\"@type\":\"WebSite\",\"@id\":\"https:\\\/\\\/ra-juedemann.de\\\/#website\",\"url\":\"https:\\\/\\\/ra-juedemann.de\\\/\",\"name\":\"J\u00fcdemann Rechtsanw\u00e4lte\",\"description\":\"Anwalt f\u00fcr Medien- und Urheberrecht in Berlin\",\"publisher\":{\"@id\":\"https:\\\/\\\/ra-juedemann.de\\\/#organization\"},\"potentialAction\":[{\"@type\":\"SearchAction\",\"target\":{\"@type\":\"EntryPoint\",\"urlTemplate\":\"https:\\\/\\\/ra-juedemann.de\\\/?s={search_term_string}\"},\"query-input\":{\"@type\":\"PropertyValueSpecification\",\"valueRequired\":true,\"valueName\":\"search_term_string\"}}],\"inLanguage\":\"en-US\"},{\"@type\":\"Organization\",\"@id\":\"https:\\\/\\\/ra-juedemann.de\\\/#organization\",\"name\":\"J\u00dcDEMANN RECHTSANW\u00c4LTE\",\"url\":\"https:\\\/\\\/ra-juedemann.de\\\/\",\"logo\":{\"@type\":\"ImageObject\",\"inLanguage\":\"en-US\",\"@id\":\"https:\\\/\\\/ra-juedemann.de\\\/#\\\/schema\\\/logo\\\/image\\\/\",\"url\":\"https:\\\/\\\/ra-juedemann.de\\\/wp-content\\\/uploads\\\/2019\\\/05\\\/IMG_7727.jpg\",\"contentUrl\":\"https:\\\/\\\/ra-juedemann.de\\\/wp-content\\\/uploads\\\/2019\\\/05\\\/IMG_7727.jpg\",\"width\":992,\"height\":768,\"caption\":\"J\u00dcDEMANN RECHTSANW\u00c4LTE\"},\"image\":{\"@id\":\"https:\\\/\\\/ra-juedemann.de\\\/#\\\/schema\\\/logo\\\/image\\\/\"}}]}<\/script>\n<!-- \/ Yoast SEO plugin. -->","yoast_head_json":{"title":"Kanzlei Fotorecht Berlin","description":"Anwalt Fotorecht Berlin Rechtsanwalt J\u00fcdemann - Anwalt Medienrecht Berlin, Fachanwalt f\u00fcr Strafrecht und zertifizierter Datenschutzbeauftragter.","robots":{"index":"index","follow":"follow","max-snippet":"max-snippet:-1","max-image-preview":"max-image-preview:large","max-video-preview":"max-video-preview:-1"},"canonical":"https:\/\/ra-juedemann.de\/en\/kanzlei-fotorecht-berlin\/","og_locale":"en_US","og_type":"article","og_title":"Kanzlei Fotorecht Berlin","og_description":"Anwalt Fotorecht Berlin Rechtsanwalt J\u00fcdemann - Anwalt Medienrecht Berlin, Fachanwalt f\u00fcr Strafrecht und zertifizierter Datenschutzbeauftragter.","og_url":"https:\/\/ra-juedemann.de\/en\/kanzlei-fotorecht-berlin\/","og_site_name":"J\u00fcdemann Rechtsanw\u00e4lte","article_modified_time":"2021-08-27T09:41:16+00:00","og_image":[{"width":1500,"height":649,"url":"https:\/\/ra-juedemann.de\/wp-content\/uploads\/2021\/03\/HEADER_ra_juedemann_fotorecht.jpg","type":"image\/jpeg"}],"twitter_misc":{"Est. reading time":"10 minutes"},"schema":{"@context":"https:\/\/schema.org","@graph":[{"@type":"WebPage","@id":"https:\/\/ra-juedemann.de\/en\/kanzlei-fotorecht-berlin\/","url":"https:\/\/ra-juedemann.de\/en\/kanzlei-fotorecht-berlin\/","name":"Kanzlei Fotorecht Berlin","isPartOf":{"@id":"https:\/\/ra-juedemann.de\/#website"},"primaryImageOfPage":{"@id":"https:\/\/ra-juedemann.de\/en\/kanzlei-fotorecht-berlin\/#primaryimage"},"image":{"@id":"https:\/\/ra-juedemann.de\/en\/kanzlei-fotorecht-berlin\/#primaryimage"},"thumbnailUrl":"https:\/\/ra-juedemann.de\/wp-content\/uploads\/2021\/03\/HEADER_ra_juedemann_fotorecht.jpg","datePublished":"2019-07-17T09:10:20+00:00","dateModified":"2021-08-27T09:41:16+00:00","description":"Anwalt Fotorecht Berlin Rechtsanwalt J\u00fcdemann - Anwalt Medienrecht Berlin, Fachanwalt f\u00fcr Strafrecht und zertifizierter Datenschutzbeauftragter.","breadcrumb":{"@id":"https:\/\/ra-juedemann.de\/en\/kanzlei-fotorecht-berlin\/#breadcrumb"},"inLanguage":"en-US","potentialAction":[{"@type":"ReadAction","target":["https:\/\/ra-juedemann.de\/en\/kanzlei-fotorecht-berlin\/"]}]},{"@type":"ImageObject","inLanguage":"en-US","@id":"https:\/\/ra-juedemann.de\/en\/kanzlei-fotorecht-berlin\/#primaryimage","url":"https:\/\/ra-juedemann.de\/wp-content\/uploads\/2021\/03\/HEADER_ra_juedemann_fotorecht.jpg","contentUrl":"https:\/\/ra-juedemann.de\/wp-content\/uploads\/2021\/03\/HEADER_ra_juedemann_fotorecht.jpg","width":1500,"height":649},{"@type":"BreadcrumbList","@id":"https:\/\/ra-juedemann.de\/en\/kanzlei-fotorecht-berlin\/#breadcrumb","itemListElement":[{"@type":"ListItem","position":1,"name":"Home","item":"https:\/\/ra-juedemann.de\/en\/"},{"@type":"ListItem","position":2,"name":"Kanzlei Fotorecht Berlin"}]},{"@type":"WebSite","@id":"https:\/\/ra-juedemann.de\/#website","url":"https:\/\/ra-juedemann.de\/","name":"J\u00fcdemann Rechtsanw\u00e4lte","description":"Anwalt f\u00fcr Medien- und Urheberrecht in Berlin","publisher":{"@id":"https:\/\/ra-juedemann.de\/#organization"},"potentialAction":[{"@type":"SearchAction","target":{"@type":"EntryPoint","urlTemplate":"https:\/\/ra-juedemann.de\/?s={search_term_string}"},"query-input":{"@type":"PropertyValueSpecification","valueRequired":true,"valueName":"search_term_string"}}],"inLanguage":"en-US"},{"@type":"Organization","@id":"https:\/\/ra-juedemann.de\/#organization","name":"J\u00dcDEMANN RECHTSANW\u00c4LTE","url":"https:\/\/ra-juedemann.de\/","logo":{"@type":"ImageObject","inLanguage":"en-US","@id":"https:\/\/ra-juedemann.de\/#\/schema\/logo\/image\/","url":"https:\/\/ra-juedemann.de\/wp-content\/uploads\/2019\/05\/IMG_7727.jpg","contentUrl":"https:\/\/ra-juedemann.de\/wp-content\/uploads\/2019\/05\/IMG_7727.jpg","width":992,"height":768,"caption":"J\u00dcDEMANN RECHTSANW\u00c4LTE"},"image":{"@id":"https:\/\/ra-juedemann.de\/#\/schema\/logo\/image\/"}}]}},"_links":{"self":[{"href":"https:\/\/ra-juedemann.de\/en\/wp-json\/wp\/v2\/pages\/13911","targetHints":{"allow":["GET"]}}],"collection":[{"href":"https:\/\/ra-juedemann.de\/en\/wp-json\/wp\/v2\/pages"}],"about":[{"href":"https:\/\/ra-juedemann.de\/en\/wp-json\/wp\/v2\/types\/page"}],"author":[{"embeddable":true,"href":"https:\/\/ra-juedemann.de\/en\/wp-json\/wp\/v2\/users\/3"}],"replies":[{"embeddable":true,"href":"https:\/\/ra-juedemann.de\/en\/wp-json\/wp\/v2\/comments?post=13911"}],"version-history":[{"count":0,"href":"https:\/\/ra-juedemann.de\/en\/wp-json\/wp\/v2\/pages\/13911\/revisions"}],"wp:featuredmedia":[{"embeddable":true,"href":"https:\/\/ra-juedemann.de\/en\/wp-json\/wp\/v2\/media\/13913"}],"wp:attachment":[{"href":"https:\/\/ra-juedemann.de\/en\/wp-json\/wp\/v2\/media?parent=13911"}],"curies":[{"name":"wp","href":"https:\/\/api.w.org\/{rel}","templated":true}]}}