{"id":13900,"date":"2013-10-30T12:15:40","date_gmt":"2013-10-30T10:15:40","guid":{"rendered":"https:\/\/ra-juedemann.de\/anwalt-veranstaltungsrecht-berlin\/"},"modified":"2021-08-27T11:38:41","modified_gmt":"2021-08-27T09:38:41","slug":"anwalt-veranstaltungsrecht-berlin","status":"publish","type":"page","link":"https:\/\/ra-juedemann.de\/en\/anwalt-veranstaltungsrecht-berlin\/","title":{"rendered":"Anwalt f\u00fcr Veranstaltungsrecht"},"content":{"rendered":"<p>[et_pb_section fb_built=&#8221;1&#8243; fullwidth=&#8221;on&#8221; _builder_version=&#8221;4.6.6&#8243; _module_preset=&#8221;default&#8221;][et_pb_fullwidth_header subhead=&#8221;Anwalt Veranstaltungsrecht Berlin&#8221; button_one_text=&#8221;KONTAKT&#8221; button_one_url=&#8221;\/kontakt&#8221; button_two_text=&#8221;TEAM&#8221; button_two_url=&#8221;\/team&#8221; background_overlay_color=&#8221;rgba(0,0,0,0.48)&#8221; logo_image_url=&#8221;https:\/\/ra-juedemann.de\/wp-content\/uploads\/2021\/01\/RA_JUEDEMANN_logo-white.png&#8221; logo_alt_text=&#8221;Veranstaltungsrecht &#8211; Wir beraten Sie in allen Fragen des Veranstaltungsrechts und vertreten Ihre Interessen vor Gericht.&#8221; logo_title=&#8221;Veranstaltungsrecht &#8211; Wir beraten Sie in allen Fragen des Veranstaltungsrechts und vertreten Ihre Interessen vor Gericht.&#8221; _builder_version=&#8221;4.8.2&#8243; _module_preset=&#8221;default&#8221; title_font=&#8221;||||||||&#8221; title_font_size=&#8221;40px&#8221; title_letter_spacing=&#8221;2px&#8221; subhead_font=&#8221;||||||||&#8221; subhead_font_size=&#8221;22px&#8221; subhead_letter_spacing=&#8221;1px&#8221; background_enable_color=&#8221;off&#8221; background_image=&#8221;https:\/\/ra-juedemann.de\/wp-content\/uploads\/2021\/01\/HEADER_ra_juedemann_veranstaltungsrecht.jpg&#8221; background_position=&#8221;top_center&#8221; custom_button_one=&#8221;on&#8221; button_one_text_color=&#8221;#80bc02 &#8221; button_one_bg_color=&#8221;#ffffff&#8221; button_one_custom_margin=&#8221;50px||||false|false&#8221; custom_padding=&#8221;12%||10%||false|false&#8221; box_shadow_style_button_one=&#8221;preset3&#8243;][\/et_pb_fullwidth_header][\/et_pb_section][et_pb_section fb_built=&#8221;1&#8243; _builder_version=&#8221;4.6.6&#8243; _module_preset=&#8221;default&#8221; custom_padding=&#8221;1px||2px|||&#8221;][et_pb_row column_structure=&#8221;2_3,1_3&#8243; _builder_version=&#8221;4.7.7&#8243; _module_preset=&#8221;default&#8221; custom_margin=&#8221;-4px|auto||auto|false|false&#8221; custom_padding=&#8221;29px||||false|false&#8221;][et_pb_column type=&#8221;2_3&#8243; _builder_version=&#8221;4.6.6&#8243; _module_preset=&#8221;default&#8221;][et_pb_text _builder_version=&#8221;4.8.2&#8243; _module_preset=&#8221;default&#8221; header_2_text_color=&#8221;#80bc02 &#8220;]<\/p>\n<p>Wir beraten Sie in allen Fragen des Veranstaltungsrechts und vertreten Ihre Interessen vor Gericht. Unsere Leistungen richten sich an die vielf\u00e4ltigen Personengruppen, die an Veranstaltungen beteiligt sind, wie z.B. <strong>Konzert- und Tourneeveranstalter<\/strong>, <strong>Eventagenturen<\/strong>, <strong>K\u00fcnstler<\/strong>, <strong>Veranstaltungsst\u00e4tten<\/strong>, <strong>Sicherheitsunternehmen<\/strong>, <strong>Einzelpersonen<\/strong> und <strong>Medienunternehmen<\/strong>.<\/p>\n<p>Unser Leistungsspektrum umfasst sowohl die Beratung bei der Planung von Veranstaltungen, die Gestaltung ihrer vielf\u00e4ltigen Rechtsbeziehungen, als auch die au\u00dfergerichtliche sowie gerichtliche Durchsetzung und Abwehr von Anspr\u00fcchen im Zusammenhang mit Veranstaltungen.<\/p>\n<p>[\/et_pb_text][\/et_pb_column][et_pb_column type=&#8221;1_3&#8243; _builder_version=&#8221;4.7.7&#8243; _module_preset=&#8221;default&#8221; background_color=&#8221;#ffffff&#8221;][et_pb_image src=&#8221;https:\/\/ra-juedemann.de\/wp-content\/uploads\/2019\/05\/portrait-sw.jpg&#8221; alt=&#8221;Anwalt Veranstaltungsrecht &#8211; Wir beraten Sie in allen Fragen des Veranstaltungsrechts und vertreten Ihre Interessen vor Gericht.&#8221; title_text=&#8221;Anwalt Veranstaltungsrecht &#8211; Wir beraten Sie in allen Fragen des Veranstaltungsrechts und vertreten Ihre Interessen vor Gericht.&#8221; align=&#8221;right&#8221; _builder_version=&#8221;4.8.2&#8243; _module_preset=&#8221;default&#8221; custom_margin=&#8221;|||-18px||&#8221;][\/et_pb_image][\/et_pb_column][\/et_pb_row][et_pb_row column_structure=&#8221;3_5,2_5&#8243; _builder_version=&#8221;4.7.7&#8243; _module_preset=&#8221;default&#8221; background_color=&#8221;#eeeeee&#8221; custom_padding=&#8221;30px|30px|30px|30px|false|false&#8221;][et_pb_column type=&#8221;3_5&#8243; _builder_version=&#8221;4.7.7&#8243; _module_preset=&#8221;default&#8221;][et_pb_image src=&#8221;https:\/\/ra-juedemann.de\/wp-content\/uploads\/2021\/01\/RA_JUEDEMANN_logo-1-2.png&#8221; alt=&#8221;Anwalt Veranstaltungsrecht &#8211; Wir beraten Sie in allen Fragen des Veranstaltungsrechts und vertreten Ihre Interessen vor Gericht.&#8221; title_text=&#8221;Anwalt Veranstaltungsrecht &#8211; Wir beraten Sie in allen Fragen des Veranstaltungsrechts und vertreten Ihre Interessen vor Gericht.&#8221; show_bottom_space=&#8221;off&#8221; _builder_version=&#8221;4.8.2&#8243; _module_preset=&#8221;default&#8221; max_width=&#8221;71%&#8221; custom_margin=&#8221;|-6px||-11px|false|false&#8221; custom_padding=&#8221;||||false|false&#8221;][\/et_pb_image][et_pb_text admin_label=&#8221;Text&#8221; _builder_version=&#8221;4.6.6&#8243; _module_preset=&#8221;default&#8221;]<\/p>\n<p>Schl\u00fcterstra\u00dfe 37, D-10629 Berlin, (direkt am Kurf\u00fcrstendamm)<br \/><strong>Tel:<\/strong>\u00a0 030 88 70 23 80 | <strong>Fax:<\/strong> 030 88 70 23 85<\/p>\n<p><span id=\"et-info-email\"> <a href=\"mailto:kanzlei@ra-juedemann.de\">kanzlei@ra-juedemann.de<\/a><\/span><\/p>\n<p>[\/et_pb_text][\/et_pb_column][et_pb_column type=&#8221;2_5&#8243; _builder_version=&#8221;4.7.7&#8243; _module_preset=&#8221;default&#8221;][et_pb_image src=&#8221;https:\/\/ra-juedemann.de\/wp-content\/uploads\/2020\/11\/provenexpert-logo.png&#8221; alt=&#8221;Proven Expert RA J\u00fcdemann &#8211; Anwalt f\u00fcr Medienrecht in Berlin&#8221; title_text=&#8221;provenexpert-logo&#8221; show_bottom_space=&#8221;off&#8221; align=&#8221;center&#8221; _builder_version=&#8221;4.7.7&#8243; _module_preset=&#8221;default&#8221; width=&#8221;75%&#8221; custom_margin=&#8221;|||20px|false|false&#8221; custom_padding=&#8221;30px||||false|false&#8221;][\/et_pb_image][et_pb_code _builder_version=&#8221;4.7.7&#8243; _module_preset=&#8221;default&#8221; text_orientation=&#8221;center&#8221; module_alignment=&#8221;center&#8221;]<!-- ProvenExpert Bewertungssiegel --><!-- [et_pb_line_break_holder] --><\/p>\n<div class=\"pe-richsnippets\"><!-- 3600\/3600 --><a id=\"pe_rating\" class=\"pe_g pe_b\" title=\"Kundenbewertungen &#038; Erfahrungen zu J\u00fcdemann Rechtsanw\u00e4lte. Mehr Infos anzeigen.\" href=\"https:\/\/www.provenexpert.com\/juedemann-rechtsanwaelte\/\" target=\"_blank\" rel=\"noopener noreferrer\"> <span id=\"pe_name\"> J\u00fcdemann Rechtsanw\u00e4lte Fachanwalt Urheberrecht Medienrecht Markenrecht Wettbewerbsrecht <\/span> <span id=\"pe_stars\"> <span style=\"width: 100%;\"> hat 4,92 von 5 Sternen <\/span> <\/span> <span class=\"pe_u\"> 369 Bewertungen auf ProvenExpert.com <\/span> <\/a><\/div>\n<p><!-- [et_pb_line_break_holder] --><script type=\"text\/javascript\" src=\"https:\/\/www.provenexpert.com\/widget\/richsnippet.js?u=18zpjRQBlVwplWUA3pGpmRQA48TA1LQB&#038;v=2\" async=\"\"><\/script>[\/et_pb_code][\/et_pb_column][\/et_pb_row][et_pb_row _builder_version=&#8221;4.7.7&#8243; _module_preset=&#8221;default&#8221; custom_padding=&#8221;||0px||false|false&#8221;][et_pb_column type=&#8221;4_4&#8243; _builder_version=&#8221;4.7.7&#8243; _module_preset=&#8221;default&#8221;][et_pb_text _builder_version=&#8221;4.8.1&#8243; _module_preset=&#8221;default&#8221; header_2_font=&#8221;|||on|||||&#8221; header_2_text_color=&#8221;#80bc02 &#8221; header_3_font=&#8221;||||||||&#8221; header_3_text_color=&#8221;#80bc02&#8243; custom_margin=&#8221;||1px|||&#8221;]<\/p>\n<h2>Rechtsfragen bei Veranstaltungen<\/h2>\n<p>Das Veranstaltungsrecht ist eine umfangreiche Querschnittsmaterie. Im Zusammenhang mit Veranstaltungen sind u.a. Fragen des Vertrags-, Haftungs-, Arbeits-, Steuer- und Verwaltungsrechts von Bedeutung. Auch rechtliche Fragestellung des Urheber-, Marken- und Wettbewerbsrechts k\u00f6nnen im Hinblick auf Veranstaltungen relevant werden. In Extremf\u00e4llen k\u00f6nnen sogar strafrechtliche Fallgestaltungen entstehen (bspw. Loveparade).<\/p>\n<p>Die Komplexit\u00e4t der rechtlichen Probleme von Veranstaltungen ist das Ergebnis des Zusammenwirkens der vielf\u00e4ltigen unmittelbar- und mittelbar an Veranstaltungen Beteiligten. Rechtliche Beziehungen bestehen regelm\u00e4\u00dfig u.a. wechselseitig zwischen Veranstaltern, deren Mitarbeitern (Arbeits-, Dienstleistungs- und Werkvertr\u00e4ge), Veranstaltungsst\u00e4tten (Mietvertr\u00e4ge), K\u00fcnstlern\/Agenturen (Engagementvertr\u00e4ge), Beh\u00f6rden (Erlaubnisse, Steuern, Umwelt), Publikum (Werkvertr\u00e4ge, Haftungsfragen) und Dritten, wie z.B. Anwohnern (ggf. Unterlassungsanspr\u00fcche).<\/p>\n<p>Gerade bei gr\u00f6\u00dferen Veranstaltungen steigt die Wahrscheinlichkeit, dass rechtliche Konflikte entstehen. Hier bedarf es schon bei der Planung einer fachlich qualifizierten rechtlichen Beratung insbesondere bei der Vertragsgestaltung, Bewertung von Risiken und weiteren Aspekten der Durchf\u00fchrung und Vermarktung von Veranstaltungen.<\/p>\n<p>[\/et_pb_text][\/et_pb_column][\/et_pb_row][et_pb_row _builder_version=&#8221;4.8.1&#8243; _module_preset=&#8221;default&#8221; custom_padding=&#8221;35px||0px||false|false&#8221;][et_pb_column type=&#8221;4_4&#8243; _builder_version=&#8221;4.7.7&#8243; _module_preset=&#8221;default&#8221;][et_pb_text ul_type=&#8221;square&#8221; _builder_version=&#8221;4.9.2&#8243; _module_preset=&#8221;default&#8221; ul_font_size=&#8221;16px&#8221; ul_line_height=&#8221;1.7em&#8221; header_2_font=&#8221;|||on|||||&#8221; header_2_text_color=&#8221;#80bc02 &#8221; header_3_font=&#8221;||||||||&#8221; header_3_text_color=&#8221;#80bc02&#8243; background_color=&#8221;#eeeeee&#8221; custom_margin=&#8221;||||false|false&#8221; custom_padding=&#8221;30px|30px|30px|30px|false|false&#8221;]<\/p>\n<h2><strong>Unsere Leistungen<\/strong><\/h2>\n<p><strong>Wir beraten und vertreten Sie umfangreich im Zusammenhang mit Veranstaltungen u.a.:<\/strong><\/p>\n<ul>\n<li>durch Gestaltung von Vertr\u00e4gen f\u00fcr Veranstalter und andere Beteiligte (z.B. Mietvertr\u00e4ge, AGB, Konzert- und Veranstaltungsvertr\u00e4ge)<\/li>\n<li>bei urheber-, marken- und wettbewerbsrechtlichen Konflikten<\/li>\n<li>bei Geb\u00fchrenkonflikten mit Verwertungsgesellschaften (GEMA, GVL)<\/li>\n<li>in Haftungsf\u00e4llen sowie in strafrechtlichen Angelegenheiten<\/li>\n<li>in arbeitsrechtlichen Fragen<\/li>\n<li>bei Fragen rund um die K\u00fcnstlersozialkasse (KSK)<\/li>\n<\/ul>\n<p>[\/et_pb_text][\/et_pb_column][\/et_pb_row][et_pb_row _builder_version=&#8221;4.6.6&#8243; _module_preset=&#8221;default&#8221; background_color=&#8221;rgba(0,0,0,0)&#8221; custom_margin=&#8221;||||false|false&#8221; custom_padding=&#8221;30px|0px|30px|0px|false|false&#8221;][et_pb_column type=&#8221;4_4&#8243; _builder_version=&#8221;4.6.6&#8243; _module_preset=&#8221;default&#8221;][et_pb_blurb image=&#8221;https:\/\/ra-juedemann.de\/wp-content\/uploads\/2021\/01\/VERANSTALTUNGSRECHT.png&#8221; icon_placement=&#8221;left&#8221; content_max_width=&#8221;80%&#8221; disabled_on=&#8221;on|off|off&#8221; admin_label=&#8221;Informationstext&#8221; module_class=&#8221;abmahnung&#8221; _builder_version=&#8221;4.9.0&#8243; _module_preset=&#8221;default&#8221; header_level=&#8221;h1&#8243; header_font=&#8221;|600||on|||||&#8221; header_font_size=&#8221;20px&#8221; header_line_height=&#8221;1.3em&#8221; body_font=&#8221;|600||on|||||&#8221; body_font_size=&#8221;20px&#8221; background_color=&#8221;#80bc02 &#8221; background_layout=&#8221;dark&#8221; custom_margin=&#8221;|0px||0px|false|false&#8221; custom_padding=&#8221;20px||30px||false|false&#8221; box_shadow_style=&#8221;preset3&#8243;]<\/p>\n<p style=\"margin-top: 16px;\">Sollten Sie rechtliche Beratung zum Veranstaltungsrecht ben\u00f6tigen, bieten wir eine erste kostenlose telefonische Einsch\u00e4tzung an.<\/p>\n<p>Rufen Sie uns an: <strong>030 88 70 23 80<\/strong><\/p>\n<p>[\/et_pb_blurb][et_pb_blurb image=&#8221;https:\/\/ra-juedemann.de\/wp-content\/uploads\/2021\/01\/VERANSTALTUNGSRECHT.png&#8221; content_max_width=&#8221;94%&#8221; disabled_on=&#8221;off|on|on&#8221; admin_label=&#8221;Informationstext&#8221; module_class=&#8221;abmahnung&#8221; _builder_version=&#8221;4.9.0&#8243; _module_preset=&#8221;default&#8221; header_level=&#8221;h1&#8243; header_font=&#8221;|600||on|||||&#8221; header_font_size=&#8221;20px&#8221; header_line_height=&#8221;1.3em&#8221; body_font=&#8221;|600||on|||||&#8221; body_font_size=&#8221;18px&#8221; body_link_text_color=&#8221;#000000&#8243; background_color=&#8221;#80bc02 &#8221; background_layout=&#8221;dark&#8221; custom_margin=&#8221;|0px||0px|false|false&#8221; custom_padding=&#8221;20px||30px||false|false&#8221; box_shadow_style=&#8221;preset3&#8243;]<\/p>\n<p style=\"margin-top: 16px; text-align: center;\">Sollten Sie rechtliche Beratung <br \/>zum Veranstaltungsrecht ben\u00f6tigen, <br \/>bieten wir eine erste kostenlose <br \/>telefonische Einsch\u00e4tzung an.<\/p>\n<p style=\"text-align: center;\">Rufen Sie uns an: <br \/><span style=\"color: #000000;\"><strong>030 88 70 23 80<\/strong><\/span><\/p>\n<p>[\/et_pb_blurb][\/et_pb_column][\/et_pb_row][et_pb_row _builder_version=&#8221;4.7.7&#8243; _module_preset=&#8221;default&#8221; custom_padding=&#8221;||0px||false|false&#8221;][et_pb_column type=&#8221;4_4&#8243; _builder_version=&#8221;4.7.7&#8243; _module_preset=&#8221;default&#8221;][et_pb_text _builder_version=&#8221;4.8.1&#8243; _module_preset=&#8221;default&#8221; header_2_font=&#8221;|||on|||||&#8221; header_2_text_color=&#8221;#80bc02 &#8221; header_3_font=&#8221;||||||||&#8221; header_3_text_color=&#8221;#80bc02&#8243; custom_margin=&#8221;||1px|||&#8221;]<\/p>\n<div class=\"et_pb_column et_pb_column_4_4 et_pb_column_6  et_pb_css_mix_blend_mode_passthrough et-last-child\">\n<div class=\"et_pb_module et_pb_text et_pb_text_4  et_pb_text_align_left et_pb_bg_layout_light\">\n<div class=\"et_pb_text_inner\">\n<p>F\u00fcr K\u00fcnstler*innen, kleine Start-Ups, Organisationen und Privatpersonen ohne ausreichende Mittel bieten wir bis zur Wiederer\u00f6ffnung des Holzmarkts unsere kostenlose Rechtsberatung \u00fcbergangsweise <strong>jeden Freitag von 14 bis 17 Uhr<\/strong> in unseren Kanzleir\u00e4umen an.<\/p>\n<p>Bitte per <a href=\"mailto: kanzlei@ra-juedemann\">E-Mail<\/a> oder telefonisch bei uns anmelden.<\/p>\n<\/div>\n<\/div>\n<\/div>\n<p>[\/et_pb_text][\/et_pb_column][\/et_pb_row][\/et_pb_section][et_pb_section fb_built=&#8221;1&#8243; _builder_version=&#8221;4.6.6&#8243; _module_preset=&#8221;default&#8221; custom_margin=&#8221;30px||||false|false&#8221; custom_padding=&#8221;30px||||false|false&#8221;][et_pb_row _builder_version=&#8221;4.6.6&#8243; _module_preset=&#8221;default&#8221; custom_padding=&#8221;0px||||false|false&#8221;][et_pb_column type=&#8221;4_4&#8243; _builder_version=&#8221;4.6.6&#8243; _module_preset=&#8221;default&#8221;][et_pb_text admin_label=&#8221;H2&#8243; _builder_version=&#8221;4.8.1&#8243; _module_preset=&#8221;default&#8221; header_2_text_color=&#8221;#80bc02 &#8221; custom_margin=&#8221;||0px||false|false&#8221; custom_padding=&#8221;||0px||false|false&#8221;]<\/p>\n<h2>Aktuelle Beitr\u00e4ge zum Veranstaltungsrecht<\/h2>\n<p>[\/et_pb_text][et_pb_blog posts_number=&#8221;12&#8243; include_categories=&#8221;1602&#8243; show_more=&#8221;on&#8221; show_author=&#8221;off&#8221; module_class=&#8221;dt-blog&#8221; _builder_version=&#8221;4.8.1&#8243; _module_preset=&#8221;default&#8221; header_text_color=&#8221;#80bc02 &#8220;][\/et_pb_blog][\/et_pb_column][\/et_pb_row][\/et_pb_section][et_pb_section fb_built=&#8221;1&#8243; fullwidth=&#8221;on&#8221; _builder_version=&#8221;4.6.6&#8243; _module_preset=&#8221;default&#8221;][et_pb_fullwidth_map address=&#8221;Schl\u00fcterstra\u00dfe 37, 10629 Berlin, Deutschland&#8221; address_lat=&#8221;52.5022408&#8243; address_lng=&#8221;13.3165718&#8243; mouse_wheel=&#8221;off&#8221; _builder_version=&#8221;4.6.6&#8243; _module_preset=&#8221;default&#8221; child_filter_saturate=&#8221;0%&#8221;][et_pb_map_pin title=&#8221;J\u00fcdemann Rechtsanw\u00e4lte&#8221; pin_address=&#8221;Schl\u00fcterstra\u00dfe 37, 10629 Berlin, Deutschland&#8221; zoom_level=&#8221;14&#8243; pin_address_lat=&#8221;52.5022408&#8243; pin_address_lng=&#8221;13.3165718&#8243; _builder_version=&#8221;4.6.6&#8243; _module_preset=&#8221;default&#8221;][\/et_pb_map_pin][\/et_pb_fullwidth_map][\/et_pb_section]<\/p>\n","protected":false},"excerpt":{"rendered":"<p>Wir beraten Sie in allen Fragen des Veranstaltungsrechts und vertreten Ihre Interessen vor Gericht. Unsere Leistungen richten sich an die vielf\u00e4ltigen Personengruppen, die an Veranstaltungen beteiligt sind, wie z.B. Konzert- und Tourneeveranstalter, Eventagenturen, K\u00fcnstler, Veranstaltungsst\u00e4tten, Sicherheitsunternehmen, Einzelpersonen und Medienunternehmen. Unser Leistungsspektrum umfasst sowohl die Beratung bei der Planung von Veranstaltungen, die Gestaltung ihrer vielf\u00e4ltigen Rechtsbeziehungen, [&hellip;]<\/p>\n","protected":false},"author":3,"featured_media":13853,"parent":0,"menu_order":0,"comment_status":"closed","ping_status":"closed","template":"","meta":{"_et_pb_use_builder":"on","_et_pb_old_content":"<p><span style=\"font-size: medium;\">Die rechtlichen Beziehungen zwischen Veranstalter und DJ<\/span><\/p><p><a title=\"Veranstaltungsrecht : Die rechtlichen Beziehungen zwischen Veranstalter und DJ Teil 1: Die erfolglose Veranstaltung\" href=\"https:\/\/ra-juedemann.de\/veranstaltungsrecht-rechtlichen-beziehungen-zwischen-veranstalter-und-dj-teil-1-erfolglose-veranstaltung\/\"><span style=\"font-size: 12pt; font-family: arial, helvetica, sans-serif;\">Teil 1 - Die erfolglose Veranstaltung<\/span><\/a><\/p><p><a title=\"Veranstaltungsrecht : Die rechtlichen Beziehungen zwischen Veranstalter und DJ Teil 2: Der abwesende DJ\" href=\"https:\/\/ra-juedemann.de\/veranstaltungsrecht\/veranstaltungsrecht-die-rechtlichen-beziehungen-zwischen-veranstalter-und-dj-teil-2-der-abwesende-dj\/\"><span style=\"font-family: arial, helvetica, sans-serif; font-size: 12pt;\">Teil 2 - \u00a0Der abwesende DJ<\/span><\/a><\/p><p>\u00a0<\/p><p>\u00a0<\/p><p>\u00a0<\/p><p>\u00a0<\/p>","_et_gb_content_width":"","footnotes":""},"class_list":["post-13900","page","type-page","status-publish","has-post-thumbnail","hentry"],"yoast_head":"<!-- This site is optimized with the Yoast SEO plugin v27.5 - https:\/\/yoast.com\/product\/yoast-seo-wordpress\/ -->\n<title>anwalt veranstaltungsrecht berlin<\/title>\n<meta name=\"description\" content=\"Anwalt Veranstaltungsrecht - Wir beraten Sie in allen Fragen des Veranstaltungsrechts und vertreten Ihre Interessen vor Gericht.\" \/>\n<meta name=\"robots\" content=\"index, follow, max-snippet:-1, max-image-preview:large, max-video-preview:-1\" \/>\n<link rel=\"canonical\" href=\"https:\/\/ra-juedemann.de\/en\/anwalt-veranstaltungsrecht-berlin\/\" \/>\n<meta property=\"og:locale\" content=\"en_US\" \/>\n<meta property=\"og:type\" content=\"article\" \/>\n<meta property=\"og:title\" content=\"anwalt veranstaltungsrecht berlin\" \/>\n<meta property=\"og:description\" content=\"Anwalt Veranstaltungsrecht - Wir beraten Sie in allen Fragen des Veranstaltungsrechts und vertreten Ihre Interessen vor Gericht.\" \/>\n<meta property=\"og:url\" content=\"https:\/\/ra-juedemann.de\/en\/anwalt-veranstaltungsrecht-berlin\/\" \/>\n<meta property=\"og:site_name\" content=\"J\u00fcdemann Rechtsanw\u00e4lte\" \/>\n<meta property=\"article:modified_time\" content=\"2021-08-27T09:38:41+00:00\" \/>\n<meta property=\"og:image\" content=\"https:\/\/ra-juedemann.de\/wp-content\/uploads\/2019\/05\/IMG_7727.jpg\" \/>\n\t<meta property=\"og:image:width\" content=\"992\" \/>\n\t<meta property=\"og:image:height\" content=\"768\" \/>\n\t<meta property=\"og:image:type\" content=\"image\/jpeg\" \/>\n<meta name=\"twitter:label1\" content=\"Est. reading time\" \/>\n\t<meta name=\"twitter:data1\" content=\"8 minutes\" \/>\n<script type=\"application\/ld+json\" class=\"yoast-schema-graph\">{\"@context\":\"https:\\\/\\\/schema.org\",\"@graph\":[{\"@type\":\"WebPage\",\"@id\":\"https:\\\/\\\/ra-juedemann.de\\\/en\\\/anwalt-veranstaltungsrecht-berlin\\\/\",\"url\":\"https:\\\/\\\/ra-juedemann.de\\\/en\\\/anwalt-veranstaltungsrecht-berlin\\\/\",\"name\":\"anwalt veranstaltungsrecht berlin\",\"isPartOf\":{\"@id\":\"https:\\\/\\\/ra-juedemann.de\\\/#website\"},\"primaryImageOfPage\":{\"@id\":\"https:\\\/\\\/ra-juedemann.de\\\/en\\\/anwalt-veranstaltungsrecht-berlin\\\/#primaryimage\"},\"image\":{\"@id\":\"https:\\\/\\\/ra-juedemann.de\\\/en\\\/anwalt-veranstaltungsrecht-berlin\\\/#primaryimage\"},\"thumbnailUrl\":\"https:\\\/\\\/ra-juedemann.de\\\/wp-content\\\/uploads\\\/2019\\\/05\\\/IMG_7727.jpg\",\"datePublished\":\"2013-10-30T10:15:40+00:00\",\"dateModified\":\"2021-08-27T09:38:41+00:00\",\"description\":\"Anwalt Veranstaltungsrecht - Wir beraten Sie in allen Fragen des Veranstaltungsrechts und vertreten Ihre Interessen vor Gericht.\",\"breadcrumb\":{\"@id\":\"https:\\\/\\\/ra-juedemann.de\\\/en\\\/anwalt-veranstaltungsrecht-berlin\\\/#breadcrumb\"},\"inLanguage\":\"en-US\",\"potentialAction\":[{\"@type\":\"ReadAction\",\"target\":[\"https:\\\/\\\/ra-juedemann.de\\\/en\\\/anwalt-veranstaltungsrecht-berlin\\\/\"]}]},{\"@type\":\"ImageObject\",\"inLanguage\":\"en-US\",\"@id\":\"https:\\\/\\\/ra-juedemann.de\\\/en\\\/anwalt-veranstaltungsrecht-berlin\\\/#primaryimage\",\"url\":\"https:\\\/\\\/ra-juedemann.de\\\/wp-content\\\/uploads\\\/2019\\\/05\\\/IMG_7727.jpg\",\"contentUrl\":\"https:\\\/\\\/ra-juedemann.de\\\/wp-content\\\/uploads\\\/2019\\\/05\\\/IMG_7727.jpg\",\"width\":992,\"height\":768},{\"@type\":\"BreadcrumbList\",\"@id\":\"https:\\\/\\\/ra-juedemann.de\\\/en\\\/anwalt-veranstaltungsrecht-berlin\\\/#breadcrumb\",\"itemListElement\":[{\"@type\":\"ListItem\",\"position\":1,\"name\":\"Home\",\"item\":\"https:\\\/\\\/ra-juedemann.de\\\/en\\\/\"},{\"@type\":\"ListItem\",\"position\":2,\"name\":\"Anwalt f\u00fcr Veranstaltungsrecht\"}]},{\"@type\":\"WebSite\",\"@id\":\"https:\\\/\\\/ra-juedemann.de\\\/#website\",\"url\":\"https:\\\/\\\/ra-juedemann.de\\\/\",\"name\":\"J\u00fcdemann Rechtsanw\u00e4lte\",\"description\":\"Anwalt f\u00fcr Medien- und Urheberrecht in Berlin\",\"publisher\":{\"@id\":\"https:\\\/\\\/ra-juedemann.de\\\/#organization\"},\"potentialAction\":[{\"@type\":\"SearchAction\",\"target\":{\"@type\":\"EntryPoint\",\"urlTemplate\":\"https:\\\/\\\/ra-juedemann.de\\\/?s={search_term_string}\"},\"query-input\":{\"@type\":\"PropertyValueSpecification\",\"valueRequired\":true,\"valueName\":\"search_term_string\"}}],\"inLanguage\":\"en-US\"},{\"@type\":\"Organization\",\"@id\":\"https:\\\/\\\/ra-juedemann.de\\\/#organization\",\"name\":\"J\u00dcDEMANN RECHTSANW\u00c4LTE\",\"url\":\"https:\\\/\\\/ra-juedemann.de\\\/\",\"logo\":{\"@type\":\"ImageObject\",\"inLanguage\":\"en-US\",\"@id\":\"https:\\\/\\\/ra-juedemann.de\\\/#\\\/schema\\\/logo\\\/image\\\/\",\"url\":\"https:\\\/\\\/ra-juedemann.de\\\/wp-content\\\/uploads\\\/2019\\\/05\\\/IMG_7727.jpg\",\"contentUrl\":\"https:\\\/\\\/ra-juedemann.de\\\/wp-content\\\/uploads\\\/2019\\\/05\\\/IMG_7727.jpg\",\"width\":992,\"height\":768,\"caption\":\"J\u00dcDEMANN RECHTSANW\u00c4LTE\"},\"image\":{\"@id\":\"https:\\\/\\\/ra-juedemann.de\\\/#\\\/schema\\\/logo\\\/image\\\/\"}}]}<\/script>\n<!-- \/ Yoast SEO plugin. -->","yoast_head_json":{"title":"anwalt veranstaltungsrecht berlin","description":"Anwalt Veranstaltungsrecht - Wir beraten Sie in allen Fragen des Veranstaltungsrechts und vertreten Ihre Interessen vor Gericht.","robots":{"index":"index","follow":"follow","max-snippet":"max-snippet:-1","max-image-preview":"max-image-preview:large","max-video-preview":"max-video-preview:-1"},"canonical":"https:\/\/ra-juedemann.de\/en\/anwalt-veranstaltungsrecht-berlin\/","og_locale":"en_US","og_type":"article","og_title":"anwalt veranstaltungsrecht berlin","og_description":"Anwalt Veranstaltungsrecht - Wir beraten Sie in allen Fragen des Veranstaltungsrechts und vertreten Ihre Interessen vor Gericht.","og_url":"https:\/\/ra-juedemann.de\/en\/anwalt-veranstaltungsrecht-berlin\/","og_site_name":"J\u00fcdemann Rechtsanw\u00e4lte","article_modified_time":"2021-08-27T09:38:41+00:00","og_image":[{"width":992,"height":768,"url":"https:\/\/ra-juedemann.de\/wp-content\/uploads\/2019\/05\/IMG_7727.jpg","type":"image\/jpeg"}],"twitter_misc":{"Est. reading time":"8 minutes"},"schema":{"@context":"https:\/\/schema.org","@graph":[{"@type":"WebPage","@id":"https:\/\/ra-juedemann.de\/en\/anwalt-veranstaltungsrecht-berlin\/","url":"https:\/\/ra-juedemann.de\/en\/anwalt-veranstaltungsrecht-berlin\/","name":"anwalt veranstaltungsrecht berlin","isPartOf":{"@id":"https:\/\/ra-juedemann.de\/#website"},"primaryImageOfPage":{"@id":"https:\/\/ra-juedemann.de\/en\/anwalt-veranstaltungsrecht-berlin\/#primaryimage"},"image":{"@id":"https:\/\/ra-juedemann.de\/en\/anwalt-veranstaltungsrecht-berlin\/#primaryimage"},"thumbnailUrl":"https:\/\/ra-juedemann.de\/wp-content\/uploads\/2019\/05\/IMG_7727.jpg","datePublished":"2013-10-30T10:15:40+00:00","dateModified":"2021-08-27T09:38:41+00:00","description":"Anwalt Veranstaltungsrecht - Wir beraten Sie in allen Fragen des Veranstaltungsrechts und vertreten Ihre Interessen vor Gericht.","breadcrumb":{"@id":"https:\/\/ra-juedemann.de\/en\/anwalt-veranstaltungsrecht-berlin\/#breadcrumb"},"inLanguage":"en-US","potentialAction":[{"@type":"ReadAction","target":["https:\/\/ra-juedemann.de\/en\/anwalt-veranstaltungsrecht-berlin\/"]}]},{"@type":"ImageObject","inLanguage":"en-US","@id":"https:\/\/ra-juedemann.de\/en\/anwalt-veranstaltungsrecht-berlin\/#primaryimage","url":"https:\/\/ra-juedemann.de\/wp-content\/uploads\/2019\/05\/IMG_7727.jpg","contentUrl":"https:\/\/ra-juedemann.de\/wp-content\/uploads\/2019\/05\/IMG_7727.jpg","width":992,"height":768},{"@type":"BreadcrumbList","@id":"https:\/\/ra-juedemann.de\/en\/anwalt-veranstaltungsrecht-berlin\/#breadcrumb","itemListElement":[{"@type":"ListItem","position":1,"name":"Home","item":"https:\/\/ra-juedemann.de\/en\/"},{"@type":"ListItem","position":2,"name":"Anwalt f\u00fcr Veranstaltungsrecht"}]},{"@type":"WebSite","@id":"https:\/\/ra-juedemann.de\/#website","url":"https:\/\/ra-juedemann.de\/","name":"J\u00fcdemann Rechtsanw\u00e4lte","description":"Anwalt f\u00fcr Medien- und Urheberrecht in Berlin","publisher":{"@id":"https:\/\/ra-juedemann.de\/#organization"},"potentialAction":[{"@type":"SearchAction","target":{"@type":"EntryPoint","urlTemplate":"https:\/\/ra-juedemann.de\/?s={search_term_string}"},"query-input":{"@type":"PropertyValueSpecification","valueRequired":true,"valueName":"search_term_string"}}],"inLanguage":"en-US"},{"@type":"Organization","@id":"https:\/\/ra-juedemann.de\/#organization","name":"J\u00dcDEMANN RECHTSANW\u00c4LTE","url":"https:\/\/ra-juedemann.de\/","logo":{"@type":"ImageObject","inLanguage":"en-US","@id":"https:\/\/ra-juedemann.de\/#\/schema\/logo\/image\/","url":"https:\/\/ra-juedemann.de\/wp-content\/uploads\/2019\/05\/IMG_7727.jpg","contentUrl":"https:\/\/ra-juedemann.de\/wp-content\/uploads\/2019\/05\/IMG_7727.jpg","width":992,"height":768,"caption":"J\u00dcDEMANN RECHTSANW\u00c4LTE"},"image":{"@id":"https:\/\/ra-juedemann.de\/#\/schema\/logo\/image\/"}}]}},"_links":{"self":[{"href":"https:\/\/ra-juedemann.de\/en\/wp-json\/wp\/v2\/pages\/13900","targetHints":{"allow":["GET"]}}],"collection":[{"href":"https:\/\/ra-juedemann.de\/en\/wp-json\/wp\/v2\/pages"}],"about":[{"href":"https:\/\/ra-juedemann.de\/en\/wp-json\/wp\/v2\/types\/page"}],"author":[{"embeddable":true,"href":"https:\/\/ra-juedemann.de\/en\/wp-json\/wp\/v2\/users\/3"}],"replies":[{"embeddable":true,"href":"https:\/\/ra-juedemann.de\/en\/wp-json\/wp\/v2\/comments?post=13900"}],"version-history":[{"count":0,"href":"https:\/\/ra-juedemann.de\/en\/wp-json\/wp\/v2\/pages\/13900\/revisions"}],"wp:featuredmedia":[{"embeddable":true,"href":"https:\/\/ra-juedemann.de\/en\/wp-json\/wp\/v2\/media\/13853"}],"wp:attachment":[{"href":"https:\/\/ra-juedemann.de\/en\/wp-json\/wp\/v2\/media?parent=13900"}],"curies":[{"name":"wp","href":"https:\/\/api.w.org\/{rel}","templated":true}]}}